	{"id":34983,"date":"2025-09-01T15:58:00","date_gmt":"2025-09-01T13:58:00","guid":{"rendered":"https:\/\/lavostrallar.com\/noticias\/?page_id=34983"},"modified":"2026-04-20T16:19:25","modified_gmt":"2026-04-20T14:19:25","slug":"alzheimer","status":"publish","type":"page","link":"https:\/\/lavostrallar.com\/noticias\/ca\/alzheimer\/","title":{"rendered":"Alzheimer"},"content":{"rendered":"<div data-elementor-type=\"wp-page\" data-elementor-id=\"34983\" class=\"elementor elementor-34983\" data-elementor-post-type=\"page\">\n\t\t\t\t\t\t<section class=\"elementor-section elementor-top-section elementor-element elementor-element-274b838a elementor-section-full_width elementor-section-height-default elementor-section-height-default\" data-id=\"274b838a\" data-element_type=\"section\" data-e-type=\"section\" data-settings=\"{&quot;background_background&quot;:&quot;classic&quot;}\">\n\t\t\t\t\t\t<div class=\"elementor-container elementor-column-gap-default\">\n\t\t\t\t\t<div class=\"elementor-column elementor-col-100 elementor-top-column elementor-element elementor-element-7ab4f294\" data-id=\"7ab4f294\" data-element_type=\"column\" data-e-type=\"column\">\n\t\t\t<div class=\"elementor-widget-wrap elementor-element-populated\">\n\t\t\t\t\t\t<div class=\"elementor-element elementor-element-1598ae59 elementor-widget elementor-widget-heading\" data-id=\"1598ae59\" data-element_type=\"widget\" data-e-type=\"widget\" data-widget_type=\"heading.default\">\n\t\t\t\t<div class=\"elementor-widget-container\">\n\t\t\t\t\t<h1 class=\"elementor-heading-title elementor-size-default\">Alzheimer<\/h1>\t\t\t\t<\/div>\n\t\t\t\t<\/div>\n\t\t\t\t\t<\/div>\n\t\t<\/div>\n\t\t\t\t\t<\/div>\n\t\t<\/section>\n\t\t\t\t<section class=\"elementor-section elementor-top-section elementor-element elementor-element-96caa9c elementor-section-boxed elementor-section-height-default elementor-section-height-default\" data-id=\"96caa9c\" data-element_type=\"section\" data-e-type=\"section\">\n\t\t\t\t\t\t<div class=\"elementor-container elementor-column-gap-default\">\n\t\t\t\t\t<div class=\"elementor-column elementor-col-66 elementor-top-column elementor-element elementor-element-7294dcf2\" data-id=\"7294dcf2\" data-element_type=\"column\" data-e-type=\"column\">\n\t\t\t<div class=\"elementor-widget-wrap elementor-element-populated\">\n\t\t\t\t\t\t<div class=\"elementor-element elementor-element-2f21dac1 elementor-hidden-desktop elementor-search-form--skin-classic elementor-search-form--button-type-icon elementor-search-form--icon-search elementor-widget elementor-widget-search-form\" data-id=\"2f21dac1\" data-element_type=\"widget\" data-e-type=\"widget\" data-settings=\"{&quot;skin&quot;:&quot;classic&quot;}\" data-widget_type=\"search-form.default\">\n\t\t\t\t<div class=\"elementor-widget-container\">\n\t\t\t\t\t\t\t<search role=\"search\">\n\t\t\t<form class=\"elementor-search-form\" action=\"https:\/\/lavostrallar.com\/noticias\/ca\/\" method=\"get\" data-trp-original-action=\"https:\/\/lavostrallar.com\/noticias\/ca\">\n\t\t\t\t\t\t\t\t\t\t\t\t<div class=\"elementor-search-form__container\">\n\t\t\t\t\t<label class=\"elementor-screen-only\" for=\"elementor-search-form-2f21dac1\">Search<\/label>\n\n\t\t\t\t\t\n\t\t\t\t\t<input id=\"elementor-search-form-2f21dac1\" placeholder=\"Cerca\" class=\"elementor-search-form__input\" type=\"search\" name=\"s\" value=\"\">\n\t\t\t\t\t\n\t\t\t\t\t\t\t\t\t\t\t<button class=\"elementor-search-form__submit\" type=\"submit\" aria-label=\"Search\">\n\t\t\t\t\t\t\t\t\t\t\t\t\t\t\t<i aria-hidden=\"true\" class=\"fas fa-search\"><\/i>\t\t\t\t\t\t\t\t\t\t\t\t\t<\/button>\n\t\t\t\t\t\n\t\t\t\t\t\t\t\t\t<\/div>\n\t\t\t<input type=\"hidden\" name=\"trp-form-language\" value=\"ca\"\/><\/form>\n\t\t<\/search>\n\t\t\t\t\t\t<\/div>\n\t\t\t\t<\/div>\n\t\t\t\t<div class=\"elementor-element elementor-element-6511338b elementor-posts--align-left elementor-grid-3 elementor-grid-tablet-2 elementor-grid-mobile-1 elementor-posts--thumbnail-top elementor-widget elementor-widget-posts\" data-id=\"6511338b\" data-element_type=\"widget\" data-e-type=\"widget\" id=\"noticiasCat\" data-settings=\"{&quot;classic_columns&quot;:&quot;3&quot;,&quot;classic_columns_tablet&quot;:&quot;2&quot;,&quot;classic_columns_mobile&quot;:&quot;1&quot;,&quot;classic_row_gap&quot;:{&quot;unit&quot;:&quot;px&quot;,&quot;size&quot;:35,&quot;sizes&quot;:[]},&quot;classic_row_gap_tablet&quot;:{&quot;unit&quot;:&quot;px&quot;,&quot;size&quot;:&quot;&quot;,&quot;sizes&quot;:[]},&quot;classic_row_gap_mobile&quot;:{&quot;unit&quot;:&quot;px&quot;,&quot;size&quot;:&quot;&quot;,&quot;sizes&quot;:[]}}\" data-widget_type=\"posts.classic\">\n\t\t\t\t<div class=\"elementor-widget-container\">\n\t\t\t\t\t\t\t<div class=\"elementor-posts-container elementor-posts elementor-posts--skin-classic elementor-grid\" role=\"list\">\n\t\t\t\t<article class=\"elementor-post elementor-grid-item post-35448 post type-post status-publish format-standard has-post-thumbnail hentry category-alzheimer category-financiacion category-ictus category-noticias-blanes category-noticias-clot category-noticias-esplugues category-noticias-gracia category-noticias-la-marina category-noticias-la-rambla category-noticias-les-dalies category-noticias-les-oliveres category-noticias-mataro category-noticias-guell category-noticias-reig category-noticias-terrassa category-residencia-ancianos\" role=\"listitem\">\n\t\t\t\t<a class=\"elementor-post__thumbnail__link\" href=\"https:\/\/lavostrallar.com\/noticias\/ca\/precio-de-un-centro-de-dia-para-mayores-en-barcelona\/\" tabindex=\"-1\" >\n\t\t\t<div class=\"elementor-post__thumbnail\"><img fetchpriority=\"high\" decoding=\"async\" width=\"300\" height=\"227\" src=\"https:\/\/lavostrallar.com\/noticias\/wp-content\/uploads\/2025\/01\/torrent-1-300x227.jpg\" class=\"attachment-medium size-medium wp-image-34192\" alt=\"Resid\u00e8ncies per a gent gran\" srcset=\"https:\/\/lavostrallar.com\/noticias\/wp-content\/uploads\/2025\/01\/torrent-1-300x227.jpg 300w, https:\/\/lavostrallar.com\/noticias\/wp-content\/uploads\/2025\/01\/torrent-1-1024x776.jpg 1024w, https:\/\/lavostrallar.com\/noticias\/wp-content\/uploads\/2025\/01\/torrent-1-768x582.jpg 768w, https:\/\/lavostrallar.com\/noticias\/wp-content\/uploads\/2025\/01\/torrent-1-1536x1164.jpg 1536w, https:\/\/lavostrallar.com\/noticias\/wp-content\/uploads\/2025\/01\/torrent-1-scaled.jpg 2048w, https:\/\/lavostrallar.com\/noticias\/wp-content\/uploads\/2025\/01\/torrent-1-16x12.jpg 16w\" sizes=\"(max-width: 300px) 100vw, 300px\" \/><\/div>\n\t\t<\/a>\n\t\t\t\t<div class=\"elementor-post__text\">\n\t\t\t\t<h3 class=\"elementor-post__title\">\n\t\t\t<a href=\"https:\/\/lavostrallar.com\/noticias\/ca\/precio-de-un-centro-de-dia-para-mayores-en-barcelona\/\" >\n\t\t\t\tPreu d'un Centre de Dia per a Majors a Barcelona \u00b7 La Vostra Llar\t\t\t<\/a>\n\t\t<\/h3>\n\t\t\t\t<div class=\"elementor-post__excerpt\">\n\t\t\t<p>Conocer el precio de un centro de d\u00eda para mayores es uno de los pasos m\u00e1s importantes para las familias que buscan compaginar el cuidado especializado de un familiar con su vida laboral y personal. En Barcelona, contar con un espacio diurno profesional no solo aporta tranquilidad al entorno familiar, sino que garantiza que la persona mayor reciba una atenci\u00f3n integral sin tener que abandonar su hogar.<\/p>\n\t\t<\/div>\n\t\t\n\t\t<a class=\"elementor-post__read-more\" href=\"https:\/\/lavostrallar.com\/noticias\/ca\/precio-de-un-centro-de-dia-para-mayores-en-barcelona\/\" aria-label=\"Read more about Precio de un Centro de D\u00eda para Mayores en Barcelona \u00b7 La Vostra Llar\" tabindex=\"-1\" >\n\t\t\tllegir m\u00e9s\t\t<\/a>\n\n\t\t\t\t<\/div>\n\t\t\t\t<\/article>\n\t\t\t\t<article class=\"elementor-post elementor-grid-item post-35444 post type-post status-publish format-standard has-post-thumbnail hentry category-alzheimer category-financiacion category-noticias-blanes category-noticias-clot category-noticias-esplugues category-noticias-gracia category-noticias-la-marina category-noticias-la-rambla category-noticias-les-dalies category-noticias-les-oliveres category-noticias-mataro category-noticias-guell category-noticias-reig category-noticias-terrassa category-residencia-ancianos category-terapia-animales category-terapia-perros category-terapias-con-perros tag-residencias-de-ancianos tag-salud-y-envejecimiento-activo\" role=\"listitem\">\n\t\t\t\t<a class=\"elementor-post__thumbnail__link\" href=\"https:\/\/lavostrallar.com\/noticias\/ca\/lista-de-espera-en-residencias-publicas-de-catalunya-que-hacer-mientras-esperas\/\" tabindex=\"-1\" >\n\t\t\t<div class=\"elementor-post__thumbnail\"><img decoding=\"async\" width=\"300\" height=\"169\" src=\"https:\/\/lavostrallar.com\/noticias\/wp-content\/uploads\/2025\/05\/DSC09558-300x169.jpg\" class=\"attachment-medium size-medium wp-image-34710\" alt=\"Resid\u00e8ncies per a gent gran\" srcset=\"https:\/\/lavostrallar.com\/noticias\/wp-content\/uploads\/2025\/05\/DSC09558-300x169.jpg 300w, https:\/\/lavostrallar.com\/noticias\/wp-content\/uploads\/2025\/05\/DSC09558-1024x576.jpg 1024w, https:\/\/lavostrallar.com\/noticias\/wp-content\/uploads\/2025\/05\/DSC09558-768x432.jpg 768w, https:\/\/lavostrallar.com\/noticias\/wp-content\/uploads\/2025\/05\/DSC09558-1536x864.jpg 1536w, https:\/\/lavostrallar.com\/noticias\/wp-content\/uploads\/2025\/05\/DSC09558-scaled.jpg 2048w, https:\/\/lavostrallar.com\/noticias\/wp-content\/uploads\/2025\/05\/DSC09558-18x10.jpg 18w\" sizes=\"(max-width: 300px) 100vw, 300px\" \/><\/div>\n\t\t<\/a>\n\t\t\t\t<div class=\"elementor-post__text\">\n\t\t\t\t<h3 class=\"elementor-post__title\">\n\t\t\t<a href=\"https:\/\/lavostrallar.com\/noticias\/ca\/lista-de-espera-en-residencias-publicas-de-catalunya-que-hacer-mientras-esperas\/\" >\n\t\t\t\tLlista d'espera en resid\u00e8ncies p\u00fabliques de Catalunya: qu\u00e8 fer mentre esperes\t\t\t<\/a>\n\t\t<\/h3>\n\t\t\t\t<div class=\"elementor-post__excerpt\">\n\t\t\t<p>Entrar en la lista de espera residencia p\u00fablica Catalu\u00f1a es una situaci\u00f3n habitual para miles de familias que buscan una plaza de atenci\u00f3n a la dependencia garantizada por la Generalitat. Sin embargo, los tiempos de gesti\u00f3n y la urgencia de los cuidados obligan a conocer a fondo el funcionamiento del sistema y a valorar alternativas habitacionales mientras se resuelve el expediente.<\/p>\n\t\t<\/div>\n\t\t\n\t\t<a class=\"elementor-post__read-more\" href=\"https:\/\/lavostrallar.com\/noticias\/ca\/lista-de-espera-en-residencias-publicas-de-catalunya-que-hacer-mientras-esperas\/\" aria-label=\"Read more about Lista de espera en residencias p\u00fablicas de Catalunya: qu\u00e9 hacer mientras esperas\" tabindex=\"-1\" >\n\t\t\tllegir m\u00e9s\t\t<\/a>\n\n\t\t\t\t<\/div>\n\t\t\t\t<\/article>\n\t\t\t\t<article class=\"elementor-post elementor-grid-item post-35414 post type-post status-publish format-standard has-post-thumbnail hentry category-alzheimer category-destacado category-financiacion category-noticias-blanes category-noticias-clot category-noticias-esplugues category-noticias-gracia category-noticias-la-marina category-noticias-la-rambla category-noticias-les-dalies category-noticias-les-oliveres category-noticias-mataro category-noticias-guell category-noticias-reig category-noticias-terrassa category-residencia-ancianos tag-actividades-para-mayores tag-atencion-centrada-en-la-persona tag-residencias-de-ancianos tag-salud-y-envejecimiento-activo\" role=\"listitem\">\n\t\t\t\t<a class=\"elementor-post__thumbnail__link\" href=\"https:\/\/lavostrallar.com\/noticias\/ca\/ayudas-para-residencias-de-ancianos-y-pension-la-vostra-llar\/\" tabindex=\"-1\" >\n\t\t\t<div class=\"elementor-post__thumbnail\"><img decoding=\"async\" width=\"300\" height=\"225\" src=\"https:\/\/lavostrallar.com\/noticias\/wp-content\/uploads\/2025\/02\/foto-article-300x225.jpg\" class=\"attachment-medium size-medium wp-image-34468\" alt=\"Resid\u00e8ncies per a gent gran\" srcset=\"https:\/\/lavostrallar.com\/noticias\/wp-content\/uploads\/2025\/02\/foto-article-300x225.jpg 300w, https:\/\/lavostrallar.com\/noticias\/wp-content\/uploads\/2025\/02\/foto-article-1024x768.jpg 1024w, https:\/\/lavostrallar.com\/noticias\/wp-content\/uploads\/2025\/02\/foto-article-768x576.jpg 768w, https:\/\/lavostrallar.com\/noticias\/wp-content\/uploads\/2025\/02\/foto-article-1536x1152.jpg 1536w, https:\/\/lavostrallar.com\/noticias\/wp-content\/uploads\/2025\/02\/foto-article-16x12.jpg 16w, https:\/\/lavostrallar.com\/noticias\/wp-content\/uploads\/2025\/02\/foto-article.jpg 1600w\" sizes=\"(max-width: 300px) 100vw, 300px\" \/><\/div>\n\t\t<\/a>\n\t\t\t\t<div class=\"elementor-post__text\">\n\t\t\t\t<h3 class=\"elementor-post__title\">\n\t\t\t<a href=\"https:\/\/lavostrallar.com\/noticias\/ca\/ayudas-para-residencias-de-ancianos-y-pension-la-vostra-llar\/\" >\n\t\t\t\tAjudes per a Resid\u00e8ncies d'Ancians i Pensi\u00f3 | La Vostra Llar\t\t\t<\/a>\n\t\t<\/h3>\n\t\t\t\t<div class=\"elementor-post__excerpt\">\n\t\t\t<p>Qu\u00e8 passa amb la pensi\u00f3 quan el teu familiar ingressa en una resid\u00e8ncia? Quan una fam\u00edlia planteja l'ingr\u00e9s d'un \u00e9sser estimat en una resid\u00e8ncia<\/p>\n\t\t<\/div>\n\t\t\n\t\t<a class=\"elementor-post__read-more\" href=\"https:\/\/lavostrallar.com\/noticias\/ca\/ayudas-para-residencias-de-ancianos-y-pension-la-vostra-llar\/\" aria-label=\"Read more about Ayudas para Residencias de Ancianos y Pensi\u00f3n | La Vostra Llar\" tabindex=\"-1\" >\n\t\t\tllegir m\u00e9s\t\t<\/a>\n\n\t\t\t\t<\/div>\n\t\t\t\t<\/article>\n\t\t\t\t<article class=\"elementor-post elementor-grid-item post-35405 post type-post status-publish format-standard has-post-thumbnail hentry category-alzheimer category-destacado category-financiacion category-noticias-gracia category-residencia-ancianos tag-actividades-para-mayores tag-atencion-centrada-en-la-persona tag-catalan tag-educacion-artistica tag-residencias-de-ancianos tag-salud-y-envejecimiento-activo tag-terapia\" role=\"listitem\">\n\t\t\t\t<a class=\"elementor-post__thumbnail__link\" href=\"https:\/\/lavostrallar.com\/noticias\/ca\/centro-de-dia-para-personas-con-alzheimer-en-gracia-barcelona\/\" tabindex=\"-1\" >\n\t\t\t<div class=\"elementor-post__thumbnail\"><img loading=\"lazy\" decoding=\"async\" width=\"300\" height=\"225\" src=\"https:\/\/lavostrallar.com\/noticias\/wp-content\/uploads\/2025\/02\/Hort-3-300x225.jpeg\" class=\"attachment-medium size-medium wp-image-34420\" alt=\"\" srcset=\"https:\/\/lavostrallar.com\/noticias\/wp-content\/uploads\/2025\/02\/Hort-3-300x225.jpeg 300w, https:\/\/lavostrallar.com\/noticias\/wp-content\/uploads\/2025\/02\/Hort-3-1024x768.jpeg 1024w, https:\/\/lavostrallar.com\/noticias\/wp-content\/uploads\/2025\/02\/Hort-3-768x576.jpeg 768w, https:\/\/lavostrallar.com\/noticias\/wp-content\/uploads\/2025\/02\/Hort-3-1536x1152.jpeg 1536w, https:\/\/lavostrallar.com\/noticias\/wp-content\/uploads\/2025\/02\/Hort-3-16x12.jpeg 16w, https:\/\/lavostrallar.com\/noticias\/wp-content\/uploads\/2025\/02\/Hort-3.jpeg 2048w\" sizes=\"(max-width: 300px) 100vw, 300px\" \/><\/div>\n\t\t<\/a>\n\t\t\t\t<div class=\"elementor-post__text\">\n\t\t\t\t<h3 class=\"elementor-post__title\">\n\t\t\t<a href=\"https:\/\/lavostrallar.com\/noticias\/ca\/centro-de-dia-para-personas-con-alzheimer-en-gracia-barcelona\/\" >\n\t\t\t\tCentre de dia per a persones amb Alzheimer a Gr\u00e0cia Barcelona\t\t\t<\/a>\n\t\t<\/h3>\n\t\t\t\t<div class=\"elementor-post__excerpt\">\n\t\t\t<p>Centre de dia per a persones amb Alzheimer a Gr\u00e0cia Barcelona \u2013 La Vostra Llar<\/p>\n\t\t<\/div>\n\t\t\n\t\t<a class=\"elementor-post__read-more\" href=\"https:\/\/lavostrallar.com\/noticias\/ca\/centro-de-dia-para-personas-con-alzheimer-en-gracia-barcelona\/\" aria-label=\"Read more about Centro de d\u00eda para personas con Alzheimer en Gr\u00e0cia Barcelona\" tabindex=\"-1\" >\n\t\t\tllegir m\u00e9s\t\t<\/a>\n\n\t\t\t\t<\/div>\n\t\t\t\t<\/article>\n\t\t\t\t<article class=\"elementor-post elementor-grid-item post-35400 post type-post status-publish format-standard has-post-thumbnail hentry category-alzheimer category-destacado category-financiacion category-noticias-blanes category-noticias-clot category-noticias-esplugues category-noticias-gracia category-noticias-la-marina category-noticias-la-rambla category-noticias-les-dalies category-noticias-les-oliveres category-noticias-mataro category-noticias-guell category-noticias-reig category-noticias-terrassa category-residencia-ancianos tag-actividades-para-mayores tag-atencion-centrada-en-la-persona tag-educacion-artistica tag-residencias-de-ancianos tag-salud-y-envejecimiento-activo\" role=\"listitem\">\n\t\t\t\t<a class=\"elementor-post__thumbnail__link\" href=\"https:\/\/lavostrallar.com\/noticias\/ca\/la-vostra-llar-residencias-especializadas-en-alzheimer\/\" tabindex=\"-1\" >\n\t\t\t<div class=\"elementor-post__thumbnail\"><img loading=\"lazy\" decoding=\"async\" width=\"225\" height=\"300\" src=\"https:\/\/lavostrallar.com\/noticias\/wp-content\/uploads\/2025\/08\/514899012_122176675424333201_3115155792619148381_n-225x300.jpg\" class=\"attachment-medium size-medium wp-image-34923\" alt=\"Resid\u00e8ncies per a gent gran\" srcset=\"https:\/\/lavostrallar.com\/noticias\/wp-content\/uploads\/2025\/08\/514899012_122176675424333201_3115155792619148381_n-225x300.jpg 225w, https:\/\/lavostrallar.com\/noticias\/wp-content\/uploads\/2025\/08\/514899012_122176675424333201_3115155792619148381_n-768x1024.jpg 768w, https:\/\/lavostrallar.com\/noticias\/wp-content\/uploads\/2025\/08\/514899012_122176675424333201_3115155792619148381_n-1152x1536.jpg 1152w, https:\/\/lavostrallar.com\/noticias\/wp-content\/uploads\/2025\/08\/514899012_122176675424333201_3115155792619148381_n-9x12.jpg 9w, https:\/\/lavostrallar.com\/noticias\/wp-content\/uploads\/2025\/08\/514899012_122176675424333201_3115155792619148381_n.jpg 1536w\" sizes=\"(max-width: 225px) 100vw, 225px\" \/><\/div>\n\t\t<\/a>\n\t\t\t\t<div class=\"elementor-post__text\">\n\t\t\t\t<h3 class=\"elementor-post__title\">\n\t\t\t<a href=\"https:\/\/lavostrallar.com\/noticias\/ca\/la-vostra-llar-residencias-especializadas-en-alzheimer\/\" >\n\t\t\t\tCuidar a un Familiar amb Alzheimer a casa | La Vostra Llar\t\t\t<\/a>\n\t\t<\/h3>\n\t\t\t\t<div class=\"elementor-post__excerpt\">\n\t\t\t<p>El desgast invisible del cuidador d'Alzheimer\nQuan la cura a la llar es torna insostenible, la cerca de resid\u00e8ncies especialitzades en Alzheimer es converteix...<\/p>\n\t\t<\/div>\n\t\t\n\t\t<a class=\"elementor-post__read-more\" href=\"https:\/\/lavostrallar.com\/noticias\/ca\/la-vostra-llar-residencias-especializadas-en-alzheimer\/\" aria-label=\"Read more about Cuidar a un Familiar con Alzheimer en Casa | La Vostra Llar\" tabindex=\"-1\" >\n\t\t\tllegir m\u00e9s\t\t<\/a>\n\n\t\t\t\t<\/div>\n\t\t\t\t<\/article>\n\t\t\t\t<article class=\"elementor-post elementor-grid-item post-35367 post type-post status-publish format-standard has-post-thumbnail hentry category-alzheimer category-noticias-blanes category-noticias-clot category-noticias-esplugues category-noticias-gracia category-noticias-la-marina category-noticias-la-rambla category-noticias-les-dalies category-noticias-les-oliveres category-noticias-mataro category-noticias-guell category-noticias-reig category-noticias-terrassa category-residencia-ancianos category-uncategorized tag-actividades-para-mayores tag-atencion-centrada-en-la-persona tag-catalan tag-compromiso-social tag-educacion-artistica tag-residencias-de-ancianos\" role=\"listitem\">\n\t\t\t\t<a class=\"elementor-post__thumbnail__link\" href=\"https:\/\/lavostrallar.com\/noticias\/ca\/residencias-especializadas-en-alzheimer-como-elegirla\/\" tabindex=\"-1\" >\n\t\t\t<div class=\"elementor-post__thumbnail\"><img loading=\"lazy\" decoding=\"async\" width=\"300\" height=\"127\" src=\"https:\/\/lavostrallar.com\/noticias\/wp-content\/uploads\/2025\/04\/Cumple_Terrassa-300x127.jpg\" class=\"attachment-medium size-medium wp-image-34578\" alt=\"Resid\u00e8ncies especialitzades en Alzheimer\" srcset=\"https:\/\/lavostrallar.com\/noticias\/wp-content\/uploads\/2025\/04\/Cumple_Terrassa-300x127.jpg 300w, https:\/\/lavostrallar.com\/noticias\/wp-content\/uploads\/2025\/04\/Cumple_Terrassa-1024x433.jpg 1024w, https:\/\/lavostrallar.com\/noticias\/wp-content\/uploads\/2025\/04\/Cumple_Terrassa-768x324.jpg 768w, https:\/\/lavostrallar.com\/noticias\/wp-content\/uploads\/2025\/04\/Cumple_Terrassa-1536x649.jpg 1536w, https:\/\/lavostrallar.com\/noticias\/wp-content\/uploads\/2025\/04\/Cumple_Terrassa-18x8.jpg 18w, https:\/\/lavostrallar.com\/noticias\/wp-content\/uploads\/2025\/04\/Cumple_Terrassa.jpg 1600w\" sizes=\"(max-width: 300px) 100vw, 300px\" \/><\/div>\n\t\t<\/a>\n\t\t\t\t<div class=\"elementor-post__text\">\n\t\t\t\t<h3 class=\"elementor-post__title\">\n\t\t\t<a href=\"https:\/\/lavostrallar.com\/noticias\/ca\/residencias-especializadas-en-alzheimer-como-elegirla\/\" >\n\t\t\t\tResid\u00e8ncies especialitzades en Alzheimer: com triar-la\t\t\t<\/a>\n\t\t<\/h3>\n\t\t\t\t<div class=\"elementor-post__excerpt\">\n\t\t\t<p>El diagn\u00f2stic d'Alzheimer canvia la vida de tota la fam\u00edlia. Quan la cura a domicili esdev\u00e9 complexa, buscar resid\u00e8ncies especialitzades en Alzheimer<\/p>\n\t\t<\/div>\n\t\t\n\t\t<a class=\"elementor-post__read-more\" href=\"https:\/\/lavostrallar.com\/noticias\/ca\/residencias-especializadas-en-alzheimer-como-elegirla\/\" aria-label=\"Read more about Residencias especializadas en Alzheimer: c\u00f3mo elegirla\" tabindex=\"-1\" >\n\t\t\tllegir m\u00e9s\t\t<\/a>\n\n\t\t\t\t<\/div>\n\t\t\t\t<\/article>\n\t\t\t\t<article class=\"elementor-post elementor-grid-item post-35230 post type-post status-publish format-standard has-post-thumbnail hentry category-alzheimer category-noticias-blanes category-noticias-clot category-noticias-esplugues category-noticias-gracia category-noticias-la-marina category-noticias-la-rambla category-noticias-les-dalies category-noticias-les-oliveres category-noticias-mataro category-noticias-guell category-noticias-reig category-noticias-terrassa category-residencia-ancianos tag-actividades-para-mayores tag-atencion-centrada-en-la-persona tag-catalan tag-compromiso-social tag-residencias-de-ancianos tag-salud-y-envejecimiento-activo tag-talleres\" role=\"listitem\">\n\t\t\t\t<a class=\"elementor-post__thumbnail__link\" href=\"https:\/\/lavostrallar.com\/noticias\/ca\/que-es-el-alzheimer-causas-fases-y-cuidados\/\" tabindex=\"-1\" >\n\t\t\t<div class=\"elementor-post__thumbnail\"><img loading=\"lazy\" decoding=\"async\" width=\"300\" height=\"200\" src=\"https:\/\/lavostrallar.com\/noticias\/wp-content\/uploads\/2025\/01\/17-300x200.jpg\" class=\"attachment-medium size-medium wp-image-34179\" alt=\"Atenci\u00f3 especialitzada per a persones grans amb Parkinson en resid\u00e8ncies i centres de dia de La Vostra Llar\" srcset=\"https:\/\/lavostrallar.com\/noticias\/wp-content\/uploads\/2025\/01\/17-300x200.jpg 300w, https:\/\/lavostrallar.com\/noticias\/wp-content\/uploads\/2025\/01\/17-1024x683.jpg 1024w, https:\/\/lavostrallar.com\/noticias\/wp-content\/uploads\/2025\/01\/17-768x512.jpg 768w, https:\/\/lavostrallar.com\/noticias\/wp-content\/uploads\/2025\/01\/17-18x12.jpg 18w, https:\/\/lavostrallar.com\/noticias\/wp-content\/uploads\/2025\/01\/17.jpg 1134w\" sizes=\"(max-width: 300px) 100vw, 300px\" \/><\/div>\n\t\t<\/a>\n\t\t\t\t<div class=\"elementor-post__text\">\n\t\t\t\t<h3 class=\"elementor-post__title\">\n\t\t\t<a href=\"https:\/\/lavostrallar.com\/noticias\/ca\/que-es-el-alzheimer-causas-fases-y-cuidados\/\" >\n\t\t\t\tQu\u00e8 \u00e9s l'Alzheimer i per qu\u00e8 es produeix\t\t\t<\/a>\n\t\t<\/h3>\n\t\t\t\t<div class=\"elementor-post__excerpt\">\n\t\t\t<p>La malaltia d'Alzheimer \u00e9s una malaltia neurodegenerativa progressiva que afecta principalment persones grans, causant deteriorament de la mem\u00f2ria, el pensament i la conducta. \u00c9s la<\/p>\n\t\t<\/div>\n\t\t\n\t\t<a class=\"elementor-post__read-more\" href=\"https:\/\/lavostrallar.com\/noticias\/ca\/que-es-el-alzheimer-causas-fases-y-cuidados\/\" aria-label=\"Read more about Qu\u00e9 es el Alzheimer y por qu\u00e9 se produce\" tabindex=\"-1\" >\n\t\t\tllegir m\u00e9s\t\t<\/a>\n\n\t\t\t\t<\/div>\n\t\t\t\t<\/article>\n\t\t\t\t<article class=\"elementor-post elementor-grid-item post-35185 post type-post status-publish format-standard has-post-thumbnail hentry category-alzheimer tag-atencion-centrada-en-la-persona tag-residencias-de-ancianos tag-salud-y-envejecimiento-activo tag-terapia\" role=\"listitem\">\n\t\t\t\t<a class=\"elementor-post__thumbnail__link\" href=\"https:\/\/lavostrallar.com\/noticias\/ca\/alzheimer-vs-demencia-en-que-se-diferencian\/\" tabindex=\"-1\" >\n\t\t\t<div class=\"elementor-post__thumbnail\"><img loading=\"lazy\" decoding=\"async\" width=\"300\" height=\"241\" src=\"https:\/\/lavostrallar.com\/noticias\/wp-content\/uploads\/2024\/12\/sagrada-familia-1-300x241.jpg\" class=\"attachment-medium size-medium wp-image-34044\" alt=\"Alzheimer vs dem\u00e8ncia\" srcset=\"https:\/\/lavostrallar.com\/noticias\/wp-content\/uploads\/2024\/12\/sagrada-familia-1-300x241.jpg 300w, https:\/\/lavostrallar.com\/noticias\/wp-content\/uploads\/2024\/12\/sagrada-familia-1-1024x822.jpg 1024w, https:\/\/lavostrallar.com\/noticias\/wp-content\/uploads\/2024\/12\/sagrada-familia-1-768x617.jpg 768w, https:\/\/lavostrallar.com\/noticias\/wp-content\/uploads\/2024\/12\/sagrada-familia-1-1536x1233.jpg 1536w, https:\/\/lavostrallar.com\/noticias\/wp-content\/uploads\/2024\/12\/sagrada-familia-1-scaled.jpg 2048w, https:\/\/lavostrallar.com\/noticias\/wp-content\/uploads\/2024\/12\/sagrada-familia-1-15x12.jpg 15w\" sizes=\"(max-width: 300px) 100vw, 300px\" \/><\/div>\n\t\t<\/a>\n\t\t\t\t<div class=\"elementor-post__text\">\n\t\t\t\t<h3 class=\"elementor-post__title\">\n\t\t\t<a href=\"https:\/\/lavostrallar.com\/noticias\/ca\/alzheimer-vs-demencia-en-que-se-diferencian\/\" >\n\t\t\t\tAlzheimer vs dem\u00e8ncia: en qu\u00e8 es diferencien realment\t\t\t<\/a>\n\t\t<\/h3>\n\t\t\t\t<div class=\"elementor-post__excerpt\">\n\t\t\t<p>Cuando hablamos de p\u00e9rdida de memoria o deterioro cognitivo, es habitual que los t\u00e9rminos Alzheimer y demencia se utilicen como sin\u00f3nimos. Sin embargo, aunque est\u00e1n<\/p>\n\t\t<\/div>\n\t\t\n\t\t<a class=\"elementor-post__read-more\" href=\"https:\/\/lavostrallar.com\/noticias\/ca\/alzheimer-vs-demencia-en-que-se-diferencian\/\" aria-label=\"Read more about Alzheimer vs demencia: en qu\u00e9 se diferencian realmente\" tabindex=\"-1\" >\n\t\t\tllegir m\u00e9s\t\t<\/a>\n\n\t\t\t\t<\/div>\n\t\t\t\t<\/article>\n\t\t\t\t<article class=\"elementor-post elementor-grid-item post-35108 post type-post status-publish format-standard has-post-thumbnail hentry category-alzheimer category-destacado category-noticias-blanes category-noticias-clot category-noticias-esplugues category-noticias-gracia category-noticias-la-marina category-noticias-la-rambla category-noticias-les-dalies category-noticias-les-oliveres category-noticias-mataro category-noticias-guell category-noticias-reig category-noticias-terrassa category-uncategorized tag-actividades-para-mayores tag-atencion-centrada-en-la-persona tag-educacion-artistica tag-residencias-de-ancianos tag-salud-y-envejecimiento-activo\" role=\"listitem\">\n\t\t\t\t<a class=\"elementor-post__thumbnail__link\" href=\"https:\/\/lavostrallar.com\/noticias\/ca\/es-bueno-cambiar-de-casa-persona-con-alzheimer\/\" tabindex=\"-1\" >\n\t\t\t<div class=\"elementor-post__thumbnail\"><img loading=\"lazy\" decoding=\"async\" width=\"300\" height=\"200\" src=\"https:\/\/lavostrallar.com\/noticias\/wp-content\/uploads\/2025\/06\/como-elegir-la-mejor-residencia-para-una-persona-mayor-300x200.webp\" class=\"attachment-medium size-medium wp-image-34825\" alt=\"Dona gran fent activitats musicals a la resid\u00e8ncia d&#039;avis La Vostra Llar\" srcset=\"https:\/\/lavostrallar.com\/noticias\/wp-content\/uploads\/2025\/06\/como-elegir-la-mejor-residencia-para-una-persona-mayor-300x200.webp 300w, https:\/\/lavostrallar.com\/noticias\/wp-content\/uploads\/2025\/06\/como-elegir-la-mejor-residencia-para-una-persona-mayor-768x512.webp 768w, https:\/\/lavostrallar.com\/noticias\/wp-content\/uploads\/2025\/06\/como-elegir-la-mejor-residencia-para-una-persona-mayor-18x12.webp 18w, https:\/\/lavostrallar.com\/noticias\/wp-content\/uploads\/2025\/06\/como-elegir-la-mejor-residencia-para-una-persona-mayor.webp 1024w\" sizes=\"(max-width: 300px) 100vw, 300px\" \/><\/div>\n\t\t<\/a>\n\t\t\t\t<div class=\"elementor-post__text\">\n\t\t\t\t<h3 class=\"elementor-post__title\">\n\t\t\t<a href=\"https:\/\/lavostrallar.com\/noticias\/ca\/es-bueno-cambiar-de-casa-persona-con-alzheimer\/\" >\n\t\t\t\tDescobreix si \u00e9s bo canviar de casa a una persona amb Alzheimer\t\t\t<\/a>\n\t\t<\/h3>\n\t\t\t\t<div class=\"elementor-post__excerpt\">\n\t\t\t<p>Descobreix si \u00e9s bo canviar de casa a una persona amb Alzheimer Com afecten les rutines i l'entorn a una persona amb Alzheimer \u00c9s<\/p>\n\t\t<\/div>\n\t\t\n\t\t<a class=\"elementor-post__read-more\" href=\"https:\/\/lavostrallar.com\/noticias\/ca\/es-bueno-cambiar-de-casa-persona-con-alzheimer\/\" aria-label=\"Read more about Descubre si es bueno cambiar de casa a una persona con Alzheimer\" tabindex=\"-1\" >\n\t\t\tllegir m\u00e9s\t\t<\/a>\n\n\t\t\t\t<\/div>\n\t\t\t\t<\/article>\n\t\t\t\t<article class=\"elementor-post elementor-grid-item post-35077 post type-post status-publish format-standard has-post-thumbnail hentry category-alzheimer category-noticias-blanes category-noticias-clot category-noticias-esplugues category-noticias-gracia category-noticias-la-marina category-noticias-la-rambla category-noticias-les-dalies category-noticias-les-oliveres category-noticias-mataro category-noticias-guell category-noticias-reig category-noticias-terrassa category-residencia-ancianos tag-actividades-para-mayores tag-atencion-centrada-en-la-persona tag-compromiso-social tag-residencias-de-ancianos tag-salud-y-envejecimiento-activo\" role=\"listitem\">\n\t\t\t\t<a class=\"elementor-post__thumbnail__link\" href=\"https:\/\/lavostrallar.com\/noticias\/ca\/actividades-fisicas-en-residencias-la-vostra-llar\/\" tabindex=\"-1\" >\n\t\t\t<div class=\"elementor-post__thumbnail\"><img loading=\"lazy\" decoding=\"async\" width=\"300\" height=\"168\" src=\"https:\/\/lavostrallar.com\/noticias\/wp-content\/uploads\/2025\/01\/yoga-2-300x168.jpg\" class=\"attachment-medium size-medium wp-image-34231\" alt=\"Resid\u00e8ncies per a gent gran\" srcset=\"https:\/\/lavostrallar.com\/noticias\/wp-content\/uploads\/2025\/01\/yoga-2-300x168.jpg 300w, https:\/\/lavostrallar.com\/noticias\/wp-content\/uploads\/2025\/01\/yoga-2-1024x574.jpg 1024w, https:\/\/lavostrallar.com\/noticias\/wp-content\/uploads\/2025\/01\/yoga-2-768x431.jpg 768w, https:\/\/lavostrallar.com\/noticias\/wp-content\/uploads\/2025\/01\/yoga-2-1536x861.jpg 1536w, https:\/\/lavostrallar.com\/noticias\/wp-content\/uploads\/2025\/01\/yoga-2-scaled.jpg 2048w, https:\/\/lavostrallar.com\/noticias\/wp-content\/uploads\/2025\/01\/yoga-2-18x10.jpg 18w\" sizes=\"(max-width: 300px) 100vw, 300px\" \/><\/div>\n\t\t<\/a>\n\t\t\t\t<div class=\"elementor-post__text\">\n\t\t\t\t<h3 class=\"elementor-post__title\">\n\t\t\t<a href=\"https:\/\/lavostrallar.com\/noticias\/ca\/actividades-fisicas-en-residencias-la-vostra-llar\/\" >\n\t\t\t\tActivitats F\u00edsiques a Resid\u00e8ncies Geri\u00e0triques: Benestar i Qualitat de Vida | La Vostra Llar\t\t\t<\/a>\n\t\t<\/h3>\n\t\t\t\t<div class=\"elementor-post__excerpt\">\n\t\t\t<p>Les activitats f\u00edsiques en resid\u00e8ncies geri\u00e0triques milloren la salut, l'autonomia i la qualitat de vida de les persones grans. A La Vostra Llar fomentem<\/p>\n\t\t<\/div>\n\t\t\n\t\t<a class=\"elementor-post__read-more\" href=\"https:\/\/lavostrallar.com\/noticias\/ca\/actividades-fisicas-en-residencias-la-vostra-llar\/\" aria-label=\"Read more about Actividades F\u00edsicas en Residencias geri\u00e1tricas: bienestar y calidad de vida | La Vostra Llar\" tabindex=\"-1\" >\n\t\t\tllegir m\u00e9s\t\t<\/a>\n\n\t\t\t\t<\/div>\n\t\t\t\t<\/article>\n\t\t\t\t<article class=\"elementor-post elementor-grid-item post-34663 post type-post status-publish format-standard has-post-thumbnail hentry category-alzheimer category-noticias-blanes category-noticias-clot category-noticias-esplugues category-noticias-gracia category-noticias-la-marina category-noticias-la-rambla category-noticias-les-dalies category-noticias-les-oliveres category-noticias-mataro category-noticias-guell category-noticias-reig category-noticias-terrassa tag-alzheimer tag-alzheimer-residencia tag-atencion-centrada-en-la-persona tag-cuidados-alzheimer tag-cuidados-residencias tag-evolucion-alzheimer tag-fases-de-alzheimer tag-hablar-con-una-persona-con-alzheimer tag-principio-de-alzheimer tag-residencias-de-ancianos tag-sintomas-alzheimer\" role=\"listitem\">\n\t\t\t\t<a class=\"elementor-post__thumbnail__link\" href=\"https:\/\/lavostrallar.com\/noticias\/ca\/fases-del-alzheimer-como-evoluciona-la-enfermedad-y-que-cuidados-requiere-cada-etapa\/\" tabindex=\"-1\" >\n\t\t\t<div class=\"elementor-post__thumbnail\"><img loading=\"lazy\" decoding=\"async\" width=\"300\" height=\"200\" src=\"https:\/\/lavostrallar.com\/noticias\/wp-content\/uploads\/2025\/05\/Olivera-16-300x200.jpg\" class=\"attachment-medium size-medium wp-image-34670\" alt=\"Fases de l&#039;Alzheimer: s\u00edmptomes inicials, evoluci\u00f3 i cures segons cada etapa\" srcset=\"https:\/\/lavostrallar.com\/noticias\/wp-content\/uploads\/2025\/05\/Olivera-16-300x200.jpg 300w, https:\/\/lavostrallar.com\/noticias\/wp-content\/uploads\/2025\/05\/Olivera-16-1024x683.jpg 1024w, https:\/\/lavostrallar.com\/noticias\/wp-content\/uploads\/2025\/05\/Olivera-16-768x512.jpg 768w, https:\/\/lavostrallar.com\/noticias\/wp-content\/uploads\/2025\/05\/Olivera-16-1536x1024.jpg 1536w, https:\/\/lavostrallar.com\/noticias\/wp-content\/uploads\/2025\/05\/Olivera-16-scaled.jpg 2048w, https:\/\/lavostrallar.com\/noticias\/wp-content\/uploads\/2025\/05\/Olivera-16-18x12.jpg 18w\" sizes=\"(max-width: 300px) 100vw, 300px\" \/><\/div>\n\t\t<\/a>\n\t\t\t\t<div class=\"elementor-post__text\">\n\t\t\t\t<h3 class=\"elementor-post__title\">\n\t\t\t<a href=\"https:\/\/lavostrallar.com\/noticias\/ca\/fases-del-alzheimer-como-evoluciona-la-enfermedad-y-que-cuidados-requiere-cada-etapa\/\" >\n\t\t\t\tFases de l'Alzheimer: primers s\u00edmptomes i com evoluciona la malaltia\t\t\t<\/a>\n\t\t<\/h3>\n\t\t\t\t<div class=\"elementor-post__excerpt\">\n\t\t\t<p>La malaltia d'Alzheimer \u00e9s una afecci\u00f3 neurodegenerativa progressiva que afecta en les seves diferents fases la mem\u00f2ria, el pensament i el comportament. Recon\u00e8ixer els<\/p>\n\t\t<\/div>\n\t\t\n\t\t<a class=\"elementor-post__read-more\" href=\"https:\/\/lavostrallar.com\/noticias\/ca\/fases-del-alzheimer-como-evoluciona-la-enfermedad-y-que-cuidados-requiere-cada-etapa\/\" aria-label=\"Read more about Fases del Alzheimer: Primeros s\u00edntomas y c\u00f3mo evoluciona la enfermedad\" tabindex=\"-1\" >\n\t\t\tllegir m\u00e9s\t\t<\/a>\n\n\t\t\t\t<\/div>\n\t\t\t\t<\/article>\n\t\t\t\t<article class=\"elementor-post elementor-grid-item post-34950 post type-post status-publish format-standard has-post-thumbnail hentry category-alzheimer category-noticias-blanes category-noticias-clot category-noticias-esplugues category-noticias-gracia category-noticias-la-marina category-noticias-la-rambla category-noticias-les-dalies category-noticias-les-oliveres category-noticias-mataro category-noticias-guell category-noticias-reig category-noticias-terrassa category-residencia-ancianos tag-atencion-centrada-en-la-persona tag-dia-mundial-del-alzheimer tag-residencias-de-ancianos\" role=\"listitem\">\n\t\t\t\t<a class=\"elementor-post__thumbnail__link\" href=\"https:\/\/lavostrallar.com\/noticias\/ca\/dia-mundial-alzheimer-cuidados-prevencion\/\" tabindex=\"-1\" >\n\t\t\t<div class=\"elementor-post__thumbnail\"><img loading=\"lazy\" decoding=\"async\" width=\"169\" height=\"300\" src=\"https:\/\/lavostrallar.com\/noticias\/wp-content\/uploads\/2023\/11\/5-1-169x300.jpg\" class=\"attachment-medium size-medium wp-image-29463\" alt=\"Persona gran rebent suport d&#039;un cuidador en una resid\u00e8ncia, simbolitzant la cura i la conscienciaci\u00f3 sobre l&#039;Alzheimer.\" srcset=\"https:\/\/lavostrallar.com\/noticias\/wp-content\/uploads\/2023\/11\/5-1-169x300.jpg 169w, https:\/\/lavostrallar.com\/noticias\/wp-content\/uploads\/2023\/11\/5-1-576x1024.jpg 576w, https:\/\/lavostrallar.com\/noticias\/wp-content\/uploads\/2023\/11\/5-1-768x1365.jpg 768w, https:\/\/lavostrallar.com\/noticias\/wp-content\/uploads\/2023\/11\/5-1-864x1536.jpg 864w, https:\/\/lavostrallar.com\/noticias\/wp-content\/uploads\/2023\/11\/5-1-7x12.jpg 7w, https:\/\/lavostrallar.com\/noticias\/wp-content\/uploads\/2023\/11\/5-1.jpg 1080w\" sizes=\"(max-width: 169px) 100vw, 169px\" \/><\/div>\n\t\t<\/a>\n\t\t\t\t<div class=\"elementor-post__text\">\n\t\t\t\t<h3 class=\"elementor-post__title\">\n\t\t\t<a href=\"https:\/\/lavostrallar.com\/noticias\/ca\/dia-mundial-alzheimer-cuidados-prevencion\/\" >\n\t\t\t\tDia Mundial de l\u2019Alzheimer: conscienciaci\u00f3, prevenci\u00f3 i cura\t\t\t<\/a>\n\t\t<\/h3>\n\t\t\t\t<div class=\"elementor-post__excerpt\">\n\t\t\t<p>Cada 21 de setembre se celebra el Dia Mundial de l'Alzheimer, una data dedicada a augmentar la conscienciaci\u00f3 sobre aquesta malaltia, promoure la investigaci\u00f3 i<\/p>\n\t\t<\/div>\n\t\t\n\t\t<a class=\"elementor-post__read-more\" href=\"https:\/\/lavostrallar.com\/noticias\/ca\/dia-mundial-alzheimer-cuidados-prevencion\/\" aria-label=\"Read more about D\u00eda Mundial del Alzheimer: concienciaci\u00f3n, prevenci\u00f3n y cuidado\" tabindex=\"-1\" >\n\t\t\tllegir m\u00e9s\t\t<\/a>\n\n\t\t\t\t<\/div>\n\t\t\t\t<\/article>\n\t\t\t\t<article class=\"elementor-post elementor-grid-item post-34822 post type-post status-publish format-standard has-post-thumbnail hentry category-alzheimer category-noticias-blanes category-noticias-clot category-noticias-esplugues category-noticias-gracia category-noticias-la-marina category-noticias-la-rambla category-noticias-les-dalies category-noticias-les-oliveres category-noticias-mataro category-noticias-guell category-noticias-reig category-noticias-terrassa category-residencia-ancianos tag-actividades-para-mayores tag-atencion-centrada-en-la-persona tag-compromiso-social tag-residencias-barcelona tag-residencias-de-ancianos tag-salud-y-envejecimiento-activo tag-talleres tag-terapia\" role=\"listitem\">\n\t\t\t\t<a class=\"elementor-post__thumbnail__link\" href=\"https:\/\/lavostrallar.com\/noticias\/ca\/actividades-personas-con-alzheimer\/\" tabindex=\"-1\" >\n\t\t\t<div class=\"elementor-post__thumbnail\"><img loading=\"lazy\" decoding=\"async\" width=\"300\" height=\"225\" src=\"https:\/\/lavostrallar.com\/noticias\/wp-content\/uploads\/2025\/01\/carnaval-2-300x225.jpg\" class=\"attachment-medium size-medium wp-image-34217\" alt=\"Activitat per a persones amb Alzheimer\" srcset=\"https:\/\/lavostrallar.com\/noticias\/wp-content\/uploads\/2025\/01\/carnaval-2-300x225.jpg 300w, https:\/\/lavostrallar.com\/noticias\/wp-content\/uploads\/2025\/01\/carnaval-2-1024x768.jpg 1024w, https:\/\/lavostrallar.com\/noticias\/wp-content\/uploads\/2025\/01\/carnaval-2-768x576.jpg 768w, https:\/\/lavostrallar.com\/noticias\/wp-content\/uploads\/2025\/01\/carnaval-2-1536x1152.jpg 1536w, https:\/\/lavostrallar.com\/noticias\/wp-content\/uploads\/2025\/01\/carnaval-2-16x12.jpg 16w, https:\/\/lavostrallar.com\/noticias\/wp-content\/uploads\/2025\/01\/carnaval-2.jpg 1600w\" sizes=\"(max-width: 300px) 100vw, 300px\" \/><\/div>\n\t\t<\/a>\n\t\t\t\t<div class=\"elementor-post__text\">\n\t\t\t\t<h3 class=\"elementor-post__title\">\n\t\t\t<a href=\"https:\/\/lavostrallar.com\/noticias\/ca\/actividades-personas-con-alzheimer\/\" >\n\t\t\t\tActivitats per a persones amb Alzheimer: Ter\u00e0pies i tallers a les resid\u00e8ncies La Vostra Llar\t\t\t<\/a>\n\t\t<\/h3>\n\t\t\t\t<div class=\"elementor-post__excerpt\">\n\t\t\t<p>Activitats per a persones amb Alzheimer: benestar i estimulaci\u00f3 A les resid\u00e8ncies per a persones grans, especialment aquelles especialitzades en Alzheimer, es desenvolupen programes diaris d'<\/p>\n\t\t<\/div>\n\t\t\n\t\t<a class=\"elementor-post__read-more\" href=\"https:\/\/lavostrallar.com\/noticias\/ca\/actividades-personas-con-alzheimer\/\" aria-label=\"Read more about Actividades para personas con Alzheimer: Terapias y talleres en residencias La Vostra Llar\" tabindex=\"-1\" >\n\t\t\tllegir m\u00e9s\t\t<\/a>\n\n\t\t\t\t<\/div>\n\t\t\t\t<\/article>\n\t\t\t\t<article class=\"elementor-post elementor-grid-item post-34882 post type-post status-publish format-standard has-post-thumbnail hentry category-alzheimer category-destacado category-noticias-blanes category-noticias-clot category-noticias-esplugues category-noticias-gracia category-noticias-la-marina category-noticias-la-rambla category-noticias-les-dalies category-noticias-les-oliveres category-noticias-mataro category-noticias-guell category-noticias-reig category-noticias-terrassa category-residencia-ancianos tag-actividades-para-mayores tag-atencion-centrada-en-la-persona tag-residencias-de-ancianos tag-salud-y-envejecimiento-activo\" role=\"listitem\">\n\t\t\t\t<a class=\"elementor-post__thumbnail__link\" href=\"https:\/\/lavostrallar.com\/noticias\/ca\/tipos-residencias-mayores-catalunya\/\" tabindex=\"-1\" >\n\t\t\t<div class=\"elementor-post__thumbnail\"><img loading=\"lazy\" decoding=\"async\" width=\"300\" height=\"225\" src=\"https:\/\/lavostrallar.com\/noticias\/wp-content\/uploads\/2024\/12\/FOTO-WEB-300x225.jpg\" class=\"attachment-medium size-medium wp-image-34080\" alt=\"Gent gran en una resid\u00e8ncia a Catalunya rebent atenci\u00f3 i cures personalitzades\" srcset=\"https:\/\/lavostrallar.com\/noticias\/wp-content\/uploads\/2024\/12\/FOTO-WEB-300x225.jpg 300w, https:\/\/lavostrallar.com\/noticias\/wp-content\/uploads\/2024\/12\/FOTO-WEB-1024x768.jpg 1024w, https:\/\/lavostrallar.com\/noticias\/wp-content\/uploads\/2024\/12\/FOTO-WEB-768x576.jpg 768w, https:\/\/lavostrallar.com\/noticias\/wp-content\/uploads\/2024\/12\/FOTO-WEB-1536x1152.jpg 1536w, https:\/\/lavostrallar.com\/noticias\/wp-content\/uploads\/2024\/12\/FOTO-WEB-16x12.jpg 16w, https:\/\/lavostrallar.com\/noticias\/wp-content\/uploads\/2024\/12\/FOTO-WEB.jpg 1600w\" sizes=\"(max-width: 300px) 100vw, 300px\" \/><\/div>\n\t\t<\/a>\n\t\t\t\t<div class=\"elementor-post__text\">\n\t\t\t\t<h3 class=\"elementor-post__title\">\n\t\t\t<a href=\"https:\/\/lavostrallar.com\/noticias\/ca\/tipos-residencias-mayores-catalunya\/\" >\n\t\t\t\tTipus de resid\u00e8ncies per a gent gran a Catalunya: Quina \u00e9s la m\u00e9s adequada per a cada persona?\t\t\t<\/a>\n\t\t<\/h3>\n\t\t\t\t<div class=\"elementor-post__excerpt\">\n\t\t\t<p>A mesura que envellim, les necessitats de cura i atenci\u00f3 poden canviar significativament. A Catalunya hi ha una \u00e0mplia varietat de resid\u00e8ncies per a gent gran, dissenyades<\/p>\n\t\t<\/div>\n\t\t\n\t\t<a class=\"elementor-post__read-more\" href=\"https:\/\/lavostrallar.com\/noticias\/ca\/tipos-residencias-mayores-catalunya\/\" aria-label=\"Read more about Tipos de residencias para personas mayores en Catalunya: \u00bfCu\u00e1l es la m\u00e1s adecuada para cada persona?\" tabindex=\"-1\" >\n\t\t\tllegir m\u00e9s\t\t<\/a>\n\n\t\t\t\t<\/div>\n\t\t\t\t<\/article>\n\t\t\t\t<article class=\"elementor-post elementor-grid-item post-34891 post type-post status-publish format-standard has-post-thumbnail hentry category-alzheimer category-menus-de-las-residencias tag-alimentacion tag-alimentacion-saludable tag-atencion-centrada-en-la-persona tag-menus tag-residencias-de-ancianos tag-salud-y-envejecimiento-activo\" role=\"listitem\">\n\t\t\t\t<a class=\"elementor-post__thumbnail__link\" href=\"https:\/\/lavostrallar.com\/noticias\/ca\/los-menus-de-verano-de-las-residencias-la-vostra-llar-2\/\" tabindex=\"-1\" >\n\t\t\t<div class=\"elementor-post__thumbnail\"><img loading=\"lazy\" decoding=\"async\" width=\"225\" height=\"300\" src=\"https:\/\/lavostrallar.com\/noticias\/wp-content\/uploads\/2025\/08\/514899012_122176675424333201_3115155792619148381_n-225x300.jpg\" class=\"attachment-medium size-medium wp-image-34923\" alt=\"Resid\u00e8ncies per a gent gran\" srcset=\"https:\/\/lavostrallar.com\/noticias\/wp-content\/uploads\/2025\/08\/514899012_122176675424333201_3115155792619148381_n-225x300.jpg 225w, https:\/\/lavostrallar.com\/noticias\/wp-content\/uploads\/2025\/08\/514899012_122176675424333201_3115155792619148381_n-768x1024.jpg 768w, https:\/\/lavostrallar.com\/noticias\/wp-content\/uploads\/2025\/08\/514899012_122176675424333201_3115155792619148381_n-1152x1536.jpg 1152w, https:\/\/lavostrallar.com\/noticias\/wp-content\/uploads\/2025\/08\/514899012_122176675424333201_3115155792619148381_n-9x12.jpg 9w, https:\/\/lavostrallar.com\/noticias\/wp-content\/uploads\/2025\/08\/514899012_122176675424333201_3115155792619148381_n.jpg 1536w\" sizes=\"(max-width: 225px) 100vw, 225px\" \/><\/div>\n\t\t<\/a>\n\t\t\t\t<div class=\"elementor-post__text\">\n\t\t\t\t<h3 class=\"elementor-post__title\">\n\t\t\t<a href=\"https:\/\/lavostrallar.com\/noticias\/ca\/los-menus-de-verano-de-las-residencias-la-vostra-llar-2\/\" >\n\t\t\t\tEls men\u00fas d'estiu de les resid\u00e8ncies La Vostra Llar\t\t\t<\/a>\n\t\t<\/h3>\n\t\t\t\t<div class=\"elementor-post__excerpt\">\n\t\t\t<p>En las&nbsp;residencias La Vostra Llar&nbsp;ofrecemos 14 men\u00fas diferentes, saludables y equilibrados que se adaptan a las necesidades nutricionales, al\u00e9rgenas y de degluci\u00f3n de todos los<\/p>\n\t\t<\/div>\n\t\t\n\t\t<a class=\"elementor-post__read-more\" href=\"https:\/\/lavostrallar.com\/noticias\/ca\/los-menus-de-verano-de-las-residencias-la-vostra-llar-2\/\" aria-label=\"Read more about Los men\u00fas de verano de las residencias La Vostra Llar\" tabindex=\"-1\" >\n\t\t\tllegir m\u00e9s\t\t<\/a>\n\n\t\t\t\t<\/div>\n\t\t\t\t<\/article>\n\t\t\t\t<article class=\"elementor-post elementor-grid-item post-34639 post type-post status-publish format-standard has-post-thumbnail hentry category-alzheimer category-noticias-blanes category-noticias-clot category-noticias-esplugues category-noticias-gracia category-noticias-la-marina category-noticias-la-rambla category-noticias-les-dalies category-noticias-les-oliveres category-noticias-mataro category-noticias-guell category-noticias-reig category-noticias-terrassa tag-alzheimer tag-atencion-centrada-en-la-persona tag-demencia tag-hablar-con-una-persona-con-alzheimer tag-residencias-de-ancianos tag-salud-y-envejecimiento-activo\" role=\"listitem\">\n\t\t\t\t<a class=\"elementor-post__thumbnail__link\" href=\"https:\/\/lavostrallar.com\/noticias\/ca\/educacion-social-y-alzheimer-desde-la-sensibilidad-del-vinculo\/\" tabindex=\"-1\" >\n\t\t\t<div class=\"elementor-post__thumbnail\"><img loading=\"lazy\" decoding=\"async\" width=\"300\" height=\"225\" src=\"https:\/\/lavostrallar.com\/noticias\/wp-content\/uploads\/2025\/05\/educacion-social-y-alzheimer-desde-la-sensibilidad-del-vinculo-300x225.webp\" class=\"attachment-medium size-medium wp-image-34826\" alt=\"Gent gran fent activitats a la resid\u00e8ncia d&#039;avis La Vostra Llar\" srcset=\"https:\/\/lavostrallar.com\/noticias\/wp-content\/uploads\/2025\/05\/educacion-social-y-alzheimer-desde-la-sensibilidad-del-vinculo-300x225.webp 300w, https:\/\/lavostrallar.com\/noticias\/wp-content\/uploads\/2025\/05\/educacion-social-y-alzheimer-desde-la-sensibilidad-del-vinculo-16x12.webp 16w, https:\/\/lavostrallar.com\/noticias\/wp-content\/uploads\/2025\/05\/educacion-social-y-alzheimer-desde-la-sensibilidad-del-vinculo.webp 768w\" sizes=\"(max-width: 300px) 100vw, 300px\" \/><\/div>\n\t\t<\/a>\n\t\t\t\t<div class=\"elementor-post__text\">\n\t\t\t\t<h3 class=\"elementor-post__title\">\n\t\t\t<a href=\"https:\/\/lavostrallar.com\/noticias\/ca\/educacion-social-y-alzheimer-desde-la-sensibilidad-del-vinculo\/\" >\n\t\t\t\tEducaci\u00f3 social i Alzheimer des de la sensibilitat del vincle\t\t\t<\/a>\n\t\t<\/h3>\n\t\t\t\t<div class=\"elementor-post__excerpt\">\n\t\t\t<p>Als centres de dia i resid\u00e8ncies especialitzades en la cura de persones amb Alzheimer, l\u2019educaci\u00f3 social juga un paper clau que va m\u00e9s\u2026<\/p>\n\t\t<\/div>\n\t\t\n\t\t<a class=\"elementor-post__read-more\" href=\"https:\/\/lavostrallar.com\/noticias\/ca\/educacion-social-y-alzheimer-desde-la-sensibilidad-del-vinculo\/\" aria-label=\"Read more about Educaci\u00f3n social y Alzheimer desde la sensibilidad del v\u00ednculo\" tabindex=\"-1\" >\n\t\t\tllegir m\u00e9s\t\t<\/a>\n\n\t\t\t\t<\/div>\n\t\t\t\t<\/article>\n\t\t\t\t<article class=\"elementor-post elementor-grid-item post-34591 post type-post status-publish format-standard has-post-thumbnail hentry category-alzheimer category-noticias-blanes category-noticias-clot category-noticias-esplugues category-noticias-gracia category-noticias-la-marina category-noticias-la-rambla category-noticias-les-dalies category-noticias-les-oliveres category-noticias-mataro category-noticias-guell category-noticias-reig category-noticias-terrassa tag-alzheimer tag-atencion-centrada-en-la-persona tag-demencia tag-hablar-con-una-persona-con-alzheimer tag-residencias-de-ancianos tag-salud-y-envejecimiento-activo\" role=\"listitem\">\n\t\t\t\t<a class=\"elementor-post__thumbnail__link\" href=\"https:\/\/lavostrallar.com\/noticias\/ca\/como-hablar-con-una-persona-con-alzheimer\/\" tabindex=\"-1\" >\n\t\t\t<div class=\"elementor-post__thumbnail\"><img loading=\"lazy\" decoding=\"async\" width=\"300\" height=\"225\" src=\"https:\/\/lavostrallar.com\/noticias\/wp-content\/uploads\/2025\/04\/auxiliar_resident_rambla-300x225.png\" class=\"attachment-medium size-medium wp-image-34829\" alt=\"Treballadora de la resid\u00e8ncia d&#039;avis La Vostra Llar ajudant una persona gran\" srcset=\"https:\/\/lavostrallar.com\/noticias\/wp-content\/uploads\/2025\/04\/auxiliar_resident_rambla-300x225.png 300w, https:\/\/lavostrallar.com\/noticias\/wp-content\/uploads\/2025\/04\/auxiliar_resident_rambla-16x12.png 16w, https:\/\/lavostrallar.com\/noticias\/wp-content\/uploads\/2025\/04\/auxiliar_resident_rambla.png 700w\" sizes=\"(max-width: 300px) 100vw, 300px\" \/><\/div>\n\t\t<\/a>\n\t\t\t\t<div class=\"elementor-post__text\">\n\t\t\t\t<h3 class=\"elementor-post__title\">\n\t\t\t<a href=\"https:\/\/lavostrallar.com\/noticias\/ca\/como-hablar-con-una-persona-con-alzheimer\/\" >\n\t\t\t\tCom parlar amb una persona amb Alzheimer\t\t\t<\/a>\n\t\t<\/h3>\n\t\t\t\t<div class=\"elementor-post__excerpt\">\n\t\t\t<p>Quan una persona viu amb Alzheimer, parlar i entendre's pot tornar-se dif\u00edcil. No obstant aix\u00f2, una bona comunicaci\u00f3 ajuda a refor\u00e7ar la confian\u00e7a, reduir l'ansietat<\/p>\n\t\t<\/div>\n\t\t\n\t\t<a class=\"elementor-post__read-more\" href=\"https:\/\/lavostrallar.com\/noticias\/ca\/como-hablar-con-una-persona-con-alzheimer\/\" aria-label=\"Read more about Como hablar con una persona con Alzheimer\" tabindex=\"-1\" >\n\t\t\tllegir m\u00e9s\t\t<\/a>\n\n\t\t\t\t<\/div>\n\t\t\t\t<\/article>\n\t\t\t\t<article class=\"elementor-post elementor-grid-item post-34499 post type-post status-publish format-standard has-post-thumbnail hentry category-alzheimer category-noticias-blanes category-noticias-clot category-noticias-esplugues category-noticias-gracia category-noticias-la-marina category-noticias-la-rambla category-noticias-les-dalies category-noticias-les-oliveres category-noticias-mataro category-noticias-guell category-noticias-reig category-noticias-terrassa tag-actividades-para-mayores tag-alzheimer tag-atencion-centrada-en-la-persona tag-residencia-personas-con-alzheimer tag-residencias-de-ancianos tag-salud-y-envejecimiento-activo tag-talleres tag-terapia\" role=\"listitem\">\n\t\t\t\t<a class=\"elementor-post__thumbnail__link\" href=\"https:\/\/lavostrallar.com\/noticias\/ca\/residencia-y-alzheimer-beneficios-de-un-entorno-especializado\/\" tabindex=\"-1\" >\n\t\t\t<div class=\"elementor-post__thumbnail\"><img loading=\"lazy\" decoding=\"async\" width=\"300\" height=\"131\" src=\"https:\/\/lavostrallar.com\/noticias\/wp-content\/uploads\/2025\/03\/36-300x131.jpg\" class=\"attachment-medium size-medium wp-image-34530\" alt=\"Persona gran rebent ajuda a domicili a casa seva, relacionada amb la reforma de la Llei de Depend\u00e8ncia 2025 a Espanya\" srcset=\"https:\/\/lavostrallar.com\/noticias\/wp-content\/uploads\/2025\/03\/36-300x131.jpg 300w, https:\/\/lavostrallar.com\/noticias\/wp-content\/uploads\/2025\/03\/36-1024x449.jpg 1024w, https:\/\/lavostrallar.com\/noticias\/wp-content\/uploads\/2025\/03\/36-768x337.jpg 768w, https:\/\/lavostrallar.com\/noticias\/wp-content\/uploads\/2025\/03\/36-18x8.jpg 18w, https:\/\/lavostrallar.com\/noticias\/wp-content\/uploads\/2025\/03\/36.jpg 1134w\" sizes=\"(max-width: 300px) 100vw, 300px\" \/><\/div>\n\t\t<\/a>\n\t\t\t\t<div class=\"elementor-post__text\">\n\t\t\t\t<h3 class=\"elementor-post__title\">\n\t\t\t<a href=\"https:\/\/lavostrallar.com\/noticias\/ca\/residencia-y-alzheimer-beneficios-de-un-entorno-especializado\/\" >\n\t\t\t\tResid\u00e8ncia i Alzheimer: Beneficis d'un entorn especialitzat\t\t\t<\/a>\n\t\t<\/h3>\n\t\t\t\t<div class=\"elementor-post__excerpt\">\n\t\t\t<p>Les resid\u00e8ncies i centres de dia La Vostra Llar ofereixen un entorn segur, estimulant i adaptat a les necessitats de les persones amb Alzheimer. Brindem<\/p>\n\t\t<\/div>\n\t\t\n\t\t<a class=\"elementor-post__read-more\" href=\"https:\/\/lavostrallar.com\/noticias\/ca\/residencia-y-alzheimer-beneficios-de-un-entorno-especializado\/\" aria-label=\"Read more about Residencia y Alzheimer: Beneficios de un entorno especializado\" tabindex=\"-1\" >\n\t\t\tllegir m\u00e9s\t\t<\/a>\n\n\t\t\t\t<\/div>\n\t\t\t\t<\/article>\n\t\t\t\t<\/div>\n\t\t\n\t\t\t\t\t\t<\/div>\n\t\t\t\t<\/div>\n\t\t\t\t<div class=\"elementor-element elementor-element-6ad2e0db elementor-posts--align-left elementor-grid-3 elementor-grid-tablet-2 elementor-grid-mobile-1 elementor-posts--thumbnail-top load-more-align-center elementor-widget elementor-widget-posts\" data-id=\"6ad2e0db\" data-element_type=\"widget\" data-e-type=\"widget\" id=\"noticiasEsp\" data-settings=\"{&quot;pagination_type&quot;:&quot;load_more_on_click&quot;,&quot;classic_columns&quot;:&quot;3&quot;,&quot;classic_columns_tablet&quot;:&quot;2&quot;,&quot;classic_columns_mobile&quot;:&quot;1&quot;,&quot;classic_row_gap&quot;:{&quot;unit&quot;:&quot;px&quot;,&quot;size&quot;:35,&quot;sizes&quot;:[]},&quot;classic_row_gap_tablet&quot;:{&quot;unit&quot;:&quot;px&quot;,&quot;size&quot;:&quot;&quot;,&quot;sizes&quot;:[]},&quot;classic_row_gap_mobile&quot;:{&quot;unit&quot;:&quot;px&quot;,&quot;size&quot;:&quot;&quot;,&quot;sizes&quot;:[]},&quot;load_more_spinner&quot;:{&quot;value&quot;:&quot;fas fa-spinner&quot;,&quot;library&quot;:&quot;fa-solid&quot;}}\" data-widget_type=\"posts.classic\">\n\t\t\t\t<div class=\"elementor-widget-container\">\n\t\t\t\t\t\t\t<div class=\"elementor-posts-container elementor-posts elementor-posts--skin-classic elementor-grid\" role=\"list\">\n\t\t\t\t<article class=\"elementor-post elementor-grid-item post-35448 post type-post status-publish format-standard has-post-thumbnail hentry category-alzheimer category-financiacion category-ictus category-noticias-blanes category-noticias-clot category-noticias-esplugues category-noticias-gracia category-noticias-la-marina category-noticias-la-rambla category-noticias-les-dalies category-noticias-les-oliveres category-noticias-mataro category-noticias-guell category-noticias-reig category-noticias-terrassa category-residencia-ancianos\" role=\"listitem\">\n\t\t\t\t<a class=\"elementor-post__thumbnail__link\" href=\"https:\/\/lavostrallar.com\/noticias\/ca\/precio-de-un-centro-de-dia-para-mayores-en-barcelona\/\" tabindex=\"-1\" >\n\t\t\t<div class=\"elementor-post__thumbnail\"><img fetchpriority=\"high\" decoding=\"async\" width=\"300\" height=\"227\" src=\"https:\/\/lavostrallar.com\/noticias\/wp-content\/uploads\/2025\/01\/torrent-1-300x227.jpg\" class=\"attachment-medium size-medium wp-image-34192\" alt=\"Resid\u00e8ncies per a gent gran\" srcset=\"https:\/\/lavostrallar.com\/noticias\/wp-content\/uploads\/2025\/01\/torrent-1-300x227.jpg 300w, https:\/\/lavostrallar.com\/noticias\/wp-content\/uploads\/2025\/01\/torrent-1-1024x776.jpg 1024w, https:\/\/lavostrallar.com\/noticias\/wp-content\/uploads\/2025\/01\/torrent-1-768x582.jpg 768w, https:\/\/lavostrallar.com\/noticias\/wp-content\/uploads\/2025\/01\/torrent-1-1536x1164.jpg 1536w, https:\/\/lavostrallar.com\/noticias\/wp-content\/uploads\/2025\/01\/torrent-1-scaled.jpg 2048w, https:\/\/lavostrallar.com\/noticias\/wp-content\/uploads\/2025\/01\/torrent-1-16x12.jpg 16w\" sizes=\"(max-width: 300px) 100vw, 300px\" \/><\/div>\n\t\t<\/a>\n\t\t\t\t<div class=\"elementor-post__text\">\n\t\t\t\t<h3 class=\"elementor-post__title\">\n\t\t\t<a href=\"https:\/\/lavostrallar.com\/noticias\/ca\/precio-de-un-centro-de-dia-para-mayores-en-barcelona\/\" >\n\t\t\t\tPreu d'un Centre de Dia per a Majors a Barcelona \u00b7 La Vostra Llar\t\t\t<\/a>\n\t\t<\/h3>\n\t\t\t\t<div class=\"elementor-post__excerpt\">\n\t\t\t<p>Conocer el precio de un centro de d\u00eda para mayores es uno de los pasos m\u00e1s importantes para las familias que buscan compaginar el cuidado especializado de un familiar con su vida laboral y personal. En Barcelona, contar con un espacio diurno profesional no solo aporta tranquilidad al entorno familiar, sino que garantiza que la persona mayor reciba una atenci\u00f3n integral sin tener que abandonar su hogar.<\/p>\n\t\t<\/div>\n\t\t\n\t\t<a class=\"elementor-post__read-more\" href=\"https:\/\/lavostrallar.com\/noticias\/ca\/precio-de-un-centro-de-dia-para-mayores-en-barcelona\/\" aria-label=\"Read more about Precio de un Centro de D\u00eda para Mayores en Barcelona \u00b7 La Vostra Llar\" tabindex=\"-1\" >\n\t\t\tllegir m\u00e9s\t\t<\/a>\n\n\t\t\t\t<\/div>\n\t\t\t\t<\/article>\n\t\t\t\t<article class=\"elementor-post elementor-grid-item post-35444 post type-post status-publish format-standard has-post-thumbnail hentry category-alzheimer category-financiacion category-noticias-blanes category-noticias-clot category-noticias-esplugues category-noticias-gracia category-noticias-la-marina category-noticias-la-rambla category-noticias-les-dalies category-noticias-les-oliveres category-noticias-mataro category-noticias-guell category-noticias-reig category-noticias-terrassa category-residencia-ancianos category-terapia-animales category-terapia-perros category-terapias-con-perros tag-residencias-de-ancianos tag-salud-y-envejecimiento-activo\" role=\"listitem\">\n\t\t\t\t<a class=\"elementor-post__thumbnail__link\" href=\"https:\/\/lavostrallar.com\/noticias\/ca\/lista-de-espera-en-residencias-publicas-de-catalunya-que-hacer-mientras-esperas\/\" tabindex=\"-1\" >\n\t\t\t<div class=\"elementor-post__thumbnail\"><img decoding=\"async\" width=\"300\" height=\"169\" src=\"https:\/\/lavostrallar.com\/noticias\/wp-content\/uploads\/2025\/05\/DSC09558-300x169.jpg\" class=\"attachment-medium size-medium wp-image-34710\" alt=\"Resid\u00e8ncies per a gent gran\" srcset=\"https:\/\/lavostrallar.com\/noticias\/wp-content\/uploads\/2025\/05\/DSC09558-300x169.jpg 300w, https:\/\/lavostrallar.com\/noticias\/wp-content\/uploads\/2025\/05\/DSC09558-1024x576.jpg 1024w, https:\/\/lavostrallar.com\/noticias\/wp-content\/uploads\/2025\/05\/DSC09558-768x432.jpg 768w, https:\/\/lavostrallar.com\/noticias\/wp-content\/uploads\/2025\/05\/DSC09558-1536x864.jpg 1536w, https:\/\/lavostrallar.com\/noticias\/wp-content\/uploads\/2025\/05\/DSC09558-scaled.jpg 2048w, https:\/\/lavostrallar.com\/noticias\/wp-content\/uploads\/2025\/05\/DSC09558-18x10.jpg 18w\" sizes=\"(max-width: 300px) 100vw, 300px\" \/><\/div>\n\t\t<\/a>\n\t\t\t\t<div class=\"elementor-post__text\">\n\t\t\t\t<h3 class=\"elementor-post__title\">\n\t\t\t<a href=\"https:\/\/lavostrallar.com\/noticias\/ca\/lista-de-espera-en-residencias-publicas-de-catalunya-que-hacer-mientras-esperas\/\" >\n\t\t\t\tLlista d'espera en resid\u00e8ncies p\u00fabliques de Catalunya: qu\u00e8 fer mentre esperes\t\t\t<\/a>\n\t\t<\/h3>\n\t\t\t\t<div class=\"elementor-post__excerpt\">\n\t\t\t<p>Entrar en la lista de espera residencia p\u00fablica Catalu\u00f1a es una situaci\u00f3n habitual para miles de familias que buscan una plaza de atenci\u00f3n a la dependencia garantizada por la Generalitat. Sin embargo, los tiempos de gesti\u00f3n y la urgencia de los cuidados obligan a conocer a fondo el funcionamiento del sistema y a valorar alternativas habitacionales mientras se resuelve el expediente.<\/p>\n\t\t<\/div>\n\t\t\n\t\t<a class=\"elementor-post__read-more\" href=\"https:\/\/lavostrallar.com\/noticias\/ca\/lista-de-espera-en-residencias-publicas-de-catalunya-que-hacer-mientras-esperas\/\" aria-label=\"Read more about Lista de espera en residencias p\u00fablicas de Catalunya: qu\u00e9 hacer mientras esperas\" tabindex=\"-1\" >\n\t\t\tllegir m\u00e9s\t\t<\/a>\n\n\t\t\t\t<\/div>\n\t\t\t\t<\/article>\n\t\t\t\t<article class=\"elementor-post elementor-grid-item post-35414 post type-post status-publish format-standard has-post-thumbnail hentry category-alzheimer category-destacado category-financiacion category-noticias-blanes category-noticias-clot category-noticias-esplugues category-noticias-gracia category-noticias-la-marina category-noticias-la-rambla category-noticias-les-dalies category-noticias-les-oliveres category-noticias-mataro category-noticias-guell category-noticias-reig category-noticias-terrassa category-residencia-ancianos tag-actividades-para-mayores tag-atencion-centrada-en-la-persona tag-residencias-de-ancianos tag-salud-y-envejecimiento-activo\" role=\"listitem\">\n\t\t\t\t<a class=\"elementor-post__thumbnail__link\" href=\"https:\/\/lavostrallar.com\/noticias\/ca\/ayudas-para-residencias-de-ancianos-y-pension-la-vostra-llar\/\" tabindex=\"-1\" >\n\t\t\t<div class=\"elementor-post__thumbnail\"><img decoding=\"async\" width=\"300\" height=\"225\" src=\"https:\/\/lavostrallar.com\/noticias\/wp-content\/uploads\/2025\/02\/foto-article-300x225.jpg\" class=\"attachment-medium size-medium wp-image-34468\" alt=\"Resid\u00e8ncies per a gent gran\" srcset=\"https:\/\/lavostrallar.com\/noticias\/wp-content\/uploads\/2025\/02\/foto-article-300x225.jpg 300w, https:\/\/lavostrallar.com\/noticias\/wp-content\/uploads\/2025\/02\/foto-article-1024x768.jpg 1024w, https:\/\/lavostrallar.com\/noticias\/wp-content\/uploads\/2025\/02\/foto-article-768x576.jpg 768w, https:\/\/lavostrallar.com\/noticias\/wp-content\/uploads\/2025\/02\/foto-article-1536x1152.jpg 1536w, https:\/\/lavostrallar.com\/noticias\/wp-content\/uploads\/2025\/02\/foto-article-16x12.jpg 16w, https:\/\/lavostrallar.com\/noticias\/wp-content\/uploads\/2025\/02\/foto-article.jpg 1600w\" sizes=\"(max-width: 300px) 100vw, 300px\" \/><\/div>\n\t\t<\/a>\n\t\t\t\t<div class=\"elementor-post__text\">\n\t\t\t\t<h3 class=\"elementor-post__title\">\n\t\t\t<a href=\"https:\/\/lavostrallar.com\/noticias\/ca\/ayudas-para-residencias-de-ancianos-y-pension-la-vostra-llar\/\" >\n\t\t\t\tAjudes per a Resid\u00e8ncies d'Ancians i Pensi\u00f3 | La Vostra Llar\t\t\t<\/a>\n\t\t<\/h3>\n\t\t\t\t<div class=\"elementor-post__excerpt\">\n\t\t\t<p>Qu\u00e8 passa amb la pensi\u00f3 quan el teu familiar ingressa en una resid\u00e8ncia? Quan una fam\u00edlia planteja l'ingr\u00e9s d'un \u00e9sser estimat en una resid\u00e8ncia<\/p>\n\t\t<\/div>\n\t\t\n\t\t<a class=\"elementor-post__read-more\" href=\"https:\/\/lavostrallar.com\/noticias\/ca\/ayudas-para-residencias-de-ancianos-y-pension-la-vostra-llar\/\" aria-label=\"Read more about Ayudas para Residencias de Ancianos y Pensi\u00f3n | La Vostra Llar\" tabindex=\"-1\" >\n\t\t\tllegir m\u00e9s\t\t<\/a>\n\n\t\t\t\t<\/div>\n\t\t\t\t<\/article>\n\t\t\t\t<article class=\"elementor-post elementor-grid-item post-35405 post type-post status-publish format-standard has-post-thumbnail hentry category-alzheimer category-destacado category-financiacion category-noticias-gracia category-residencia-ancianos tag-actividades-para-mayores tag-atencion-centrada-en-la-persona tag-catalan tag-educacion-artistica tag-residencias-de-ancianos tag-salud-y-envejecimiento-activo tag-terapia\" role=\"listitem\">\n\t\t\t\t<a class=\"elementor-post__thumbnail__link\" href=\"https:\/\/lavostrallar.com\/noticias\/ca\/centro-de-dia-para-personas-con-alzheimer-en-gracia-barcelona\/\" tabindex=\"-1\" >\n\t\t\t<div class=\"elementor-post__thumbnail\"><img loading=\"lazy\" decoding=\"async\" width=\"300\" height=\"225\" src=\"https:\/\/lavostrallar.com\/noticias\/wp-content\/uploads\/2025\/02\/Hort-3-300x225.jpeg\" class=\"attachment-medium size-medium wp-image-34420\" alt=\"\" srcset=\"https:\/\/lavostrallar.com\/noticias\/wp-content\/uploads\/2025\/02\/Hort-3-300x225.jpeg 300w, https:\/\/lavostrallar.com\/noticias\/wp-content\/uploads\/2025\/02\/Hort-3-1024x768.jpeg 1024w, https:\/\/lavostrallar.com\/noticias\/wp-content\/uploads\/2025\/02\/Hort-3-768x576.jpeg 768w, https:\/\/lavostrallar.com\/noticias\/wp-content\/uploads\/2025\/02\/Hort-3-1536x1152.jpeg 1536w, https:\/\/lavostrallar.com\/noticias\/wp-content\/uploads\/2025\/02\/Hort-3-16x12.jpeg 16w, https:\/\/lavostrallar.com\/noticias\/wp-content\/uploads\/2025\/02\/Hort-3.jpeg 2048w\" sizes=\"(max-width: 300px) 100vw, 300px\" \/><\/div>\n\t\t<\/a>\n\t\t\t\t<div class=\"elementor-post__text\">\n\t\t\t\t<h3 class=\"elementor-post__title\">\n\t\t\t<a href=\"https:\/\/lavostrallar.com\/noticias\/ca\/centro-de-dia-para-personas-con-alzheimer-en-gracia-barcelona\/\" >\n\t\t\t\tCentre de dia per a persones amb Alzheimer a Gr\u00e0cia Barcelona\t\t\t<\/a>\n\t\t<\/h3>\n\t\t\t\t<div class=\"elementor-post__excerpt\">\n\t\t\t<p>Centre de dia per a persones amb Alzheimer a Gr\u00e0cia Barcelona \u2013 La Vostra Llar<\/p>\n\t\t<\/div>\n\t\t\n\t\t<a class=\"elementor-post__read-more\" href=\"https:\/\/lavostrallar.com\/noticias\/ca\/centro-de-dia-para-personas-con-alzheimer-en-gracia-barcelona\/\" aria-label=\"Read more about Centro de d\u00eda para personas con Alzheimer en Gr\u00e0cia Barcelona\" tabindex=\"-1\" >\n\t\t\tllegir m\u00e9s\t\t<\/a>\n\n\t\t\t\t<\/div>\n\t\t\t\t<\/article>\n\t\t\t\t<article class=\"elementor-post elementor-grid-item post-35400 post type-post status-publish format-standard has-post-thumbnail hentry category-alzheimer category-destacado category-financiacion category-noticias-blanes category-noticias-clot category-noticias-esplugues category-noticias-gracia category-noticias-la-marina category-noticias-la-rambla category-noticias-les-dalies category-noticias-les-oliveres category-noticias-mataro category-noticias-guell category-noticias-reig category-noticias-terrassa category-residencia-ancianos tag-actividades-para-mayores tag-atencion-centrada-en-la-persona tag-educacion-artistica tag-residencias-de-ancianos tag-salud-y-envejecimiento-activo\" role=\"listitem\">\n\t\t\t\t<a class=\"elementor-post__thumbnail__link\" href=\"https:\/\/lavostrallar.com\/noticias\/ca\/la-vostra-llar-residencias-especializadas-en-alzheimer\/\" tabindex=\"-1\" >\n\t\t\t<div class=\"elementor-post__thumbnail\"><img loading=\"lazy\" decoding=\"async\" width=\"225\" height=\"300\" src=\"https:\/\/lavostrallar.com\/noticias\/wp-content\/uploads\/2025\/08\/514899012_122176675424333201_3115155792619148381_n-225x300.jpg\" class=\"attachment-medium size-medium wp-image-34923\" alt=\"Resid\u00e8ncies per a gent gran\" srcset=\"https:\/\/lavostrallar.com\/noticias\/wp-content\/uploads\/2025\/08\/514899012_122176675424333201_3115155792619148381_n-225x300.jpg 225w, https:\/\/lavostrallar.com\/noticias\/wp-content\/uploads\/2025\/08\/514899012_122176675424333201_3115155792619148381_n-768x1024.jpg 768w, https:\/\/lavostrallar.com\/noticias\/wp-content\/uploads\/2025\/08\/514899012_122176675424333201_3115155792619148381_n-1152x1536.jpg 1152w, https:\/\/lavostrallar.com\/noticias\/wp-content\/uploads\/2025\/08\/514899012_122176675424333201_3115155792619148381_n-9x12.jpg 9w, https:\/\/lavostrallar.com\/noticias\/wp-content\/uploads\/2025\/08\/514899012_122176675424333201_3115155792619148381_n.jpg 1536w\" sizes=\"(max-width: 225px) 100vw, 225px\" \/><\/div>\n\t\t<\/a>\n\t\t\t\t<div class=\"elementor-post__text\">\n\t\t\t\t<h3 class=\"elementor-post__title\">\n\t\t\t<a href=\"https:\/\/lavostrallar.com\/noticias\/ca\/la-vostra-llar-residencias-especializadas-en-alzheimer\/\" >\n\t\t\t\tCuidar a un Familiar amb Alzheimer a casa | La Vostra Llar\t\t\t<\/a>\n\t\t<\/h3>\n\t\t\t\t<div class=\"elementor-post__excerpt\">\n\t\t\t<p>El desgast invisible del cuidador d'Alzheimer\nQuan la cura a la llar es torna insostenible, la cerca de resid\u00e8ncies especialitzades en Alzheimer es converteix...<\/p>\n\t\t<\/div>\n\t\t\n\t\t<a class=\"elementor-post__read-more\" href=\"https:\/\/lavostrallar.com\/noticias\/ca\/la-vostra-llar-residencias-especializadas-en-alzheimer\/\" aria-label=\"Read more about Cuidar a un Familiar con Alzheimer en Casa | La Vostra Llar\" tabindex=\"-1\" >\n\t\t\tllegir m\u00e9s\t\t<\/a>\n\n\t\t\t\t<\/div>\n\t\t\t\t<\/article>\n\t\t\t\t<article class=\"elementor-post elementor-grid-item post-35367 post type-post status-publish format-standard has-post-thumbnail hentry category-alzheimer category-noticias-blanes category-noticias-clot category-noticias-esplugues category-noticias-gracia category-noticias-la-marina category-noticias-la-rambla category-noticias-les-dalies category-noticias-les-oliveres category-noticias-mataro category-noticias-guell category-noticias-reig category-noticias-terrassa category-residencia-ancianos category-uncategorized tag-actividades-para-mayores tag-atencion-centrada-en-la-persona tag-catalan tag-compromiso-social tag-educacion-artistica tag-residencias-de-ancianos\" role=\"listitem\">\n\t\t\t\t<a class=\"elementor-post__thumbnail__link\" href=\"https:\/\/lavostrallar.com\/noticias\/ca\/residencias-especializadas-en-alzheimer-como-elegirla\/\" tabindex=\"-1\" >\n\t\t\t<div class=\"elementor-post__thumbnail\"><img loading=\"lazy\" decoding=\"async\" width=\"300\" height=\"127\" src=\"https:\/\/lavostrallar.com\/noticias\/wp-content\/uploads\/2025\/04\/Cumple_Terrassa-300x127.jpg\" class=\"attachment-medium size-medium wp-image-34578\" alt=\"Resid\u00e8ncies especialitzades en Alzheimer\" srcset=\"https:\/\/lavostrallar.com\/noticias\/wp-content\/uploads\/2025\/04\/Cumple_Terrassa-300x127.jpg 300w, https:\/\/lavostrallar.com\/noticias\/wp-content\/uploads\/2025\/04\/Cumple_Terrassa-1024x433.jpg 1024w, https:\/\/lavostrallar.com\/noticias\/wp-content\/uploads\/2025\/04\/Cumple_Terrassa-768x324.jpg 768w, https:\/\/lavostrallar.com\/noticias\/wp-content\/uploads\/2025\/04\/Cumple_Terrassa-1536x649.jpg 1536w, https:\/\/lavostrallar.com\/noticias\/wp-content\/uploads\/2025\/04\/Cumple_Terrassa-18x8.jpg 18w, https:\/\/lavostrallar.com\/noticias\/wp-content\/uploads\/2025\/04\/Cumple_Terrassa.jpg 1600w\" sizes=\"(max-width: 300px) 100vw, 300px\" \/><\/div>\n\t\t<\/a>\n\t\t\t\t<div class=\"elementor-post__text\">\n\t\t\t\t<h3 class=\"elementor-post__title\">\n\t\t\t<a href=\"https:\/\/lavostrallar.com\/noticias\/ca\/residencias-especializadas-en-alzheimer-como-elegirla\/\" >\n\t\t\t\tResid\u00e8ncies especialitzades en Alzheimer: com triar-la\t\t\t<\/a>\n\t\t<\/h3>\n\t\t\t\t<div class=\"elementor-post__excerpt\">\n\t\t\t<p>El diagn\u00f2stic d'Alzheimer canvia la vida de tota la fam\u00edlia. Quan la cura a domicili esdev\u00e9 complexa, buscar resid\u00e8ncies especialitzades en Alzheimer<\/p>\n\t\t<\/div>\n\t\t\n\t\t<a class=\"elementor-post__read-more\" href=\"https:\/\/lavostrallar.com\/noticias\/ca\/residencias-especializadas-en-alzheimer-como-elegirla\/\" aria-label=\"Read more about Residencias especializadas en Alzheimer: c\u00f3mo elegirla\" tabindex=\"-1\" >\n\t\t\tllegir m\u00e9s\t\t<\/a>\n\n\t\t\t\t<\/div>\n\t\t\t\t<\/article>\n\t\t\t\t<article class=\"elementor-post elementor-grid-item post-35230 post type-post status-publish format-standard has-post-thumbnail hentry category-alzheimer category-noticias-blanes category-noticias-clot category-noticias-esplugues category-noticias-gracia category-noticias-la-marina category-noticias-la-rambla category-noticias-les-dalies category-noticias-les-oliveres category-noticias-mataro category-noticias-guell category-noticias-reig category-noticias-terrassa category-residencia-ancianos tag-actividades-para-mayores tag-atencion-centrada-en-la-persona tag-catalan tag-compromiso-social tag-residencias-de-ancianos tag-salud-y-envejecimiento-activo tag-talleres\" role=\"listitem\">\n\t\t\t\t<a class=\"elementor-post__thumbnail__link\" href=\"https:\/\/lavostrallar.com\/noticias\/ca\/que-es-el-alzheimer-causas-fases-y-cuidados\/\" tabindex=\"-1\" >\n\t\t\t<div class=\"elementor-post__thumbnail\"><img loading=\"lazy\" decoding=\"async\" width=\"300\" height=\"200\" src=\"https:\/\/lavostrallar.com\/noticias\/wp-content\/uploads\/2025\/01\/17-300x200.jpg\" class=\"attachment-medium size-medium wp-image-34179\" alt=\"Atenci\u00f3 especialitzada per a persones grans amb Parkinson en resid\u00e8ncies i centres de dia de La Vostra Llar\" srcset=\"https:\/\/lavostrallar.com\/noticias\/wp-content\/uploads\/2025\/01\/17-300x200.jpg 300w, https:\/\/lavostrallar.com\/noticias\/wp-content\/uploads\/2025\/01\/17-1024x683.jpg 1024w, https:\/\/lavostrallar.com\/noticias\/wp-content\/uploads\/2025\/01\/17-768x512.jpg 768w, https:\/\/lavostrallar.com\/noticias\/wp-content\/uploads\/2025\/01\/17-18x12.jpg 18w, https:\/\/lavostrallar.com\/noticias\/wp-content\/uploads\/2025\/01\/17.jpg 1134w\" sizes=\"(max-width: 300px) 100vw, 300px\" \/><\/div>\n\t\t<\/a>\n\t\t\t\t<div class=\"elementor-post__text\">\n\t\t\t\t<h3 class=\"elementor-post__title\">\n\t\t\t<a href=\"https:\/\/lavostrallar.com\/noticias\/ca\/que-es-el-alzheimer-causas-fases-y-cuidados\/\" >\n\t\t\t\tQu\u00e8 \u00e9s l'Alzheimer i per qu\u00e8 es produeix\t\t\t<\/a>\n\t\t<\/h3>\n\t\t\t\t<div class=\"elementor-post__excerpt\">\n\t\t\t<p>La malaltia d'Alzheimer \u00e9s una malaltia neurodegenerativa progressiva que afecta principalment persones grans, causant deteriorament de la mem\u00f2ria, el pensament i la conducta. \u00c9s la<\/p>\n\t\t<\/div>\n\t\t\n\t\t<a class=\"elementor-post__read-more\" href=\"https:\/\/lavostrallar.com\/noticias\/ca\/que-es-el-alzheimer-causas-fases-y-cuidados\/\" aria-label=\"Read more about Qu\u00e9 es el Alzheimer y por qu\u00e9 se produce\" tabindex=\"-1\" >\n\t\t\tllegir m\u00e9s\t\t<\/a>\n\n\t\t\t\t<\/div>\n\t\t\t\t<\/article>\n\t\t\t\t<article class=\"elementor-post elementor-grid-item post-35185 post type-post status-publish format-standard has-post-thumbnail hentry category-alzheimer tag-atencion-centrada-en-la-persona tag-residencias-de-ancianos tag-salud-y-envejecimiento-activo tag-terapia\" role=\"listitem\">\n\t\t\t\t<a class=\"elementor-post__thumbnail__link\" href=\"https:\/\/lavostrallar.com\/noticias\/ca\/alzheimer-vs-demencia-en-que-se-diferencian\/\" tabindex=\"-1\" >\n\t\t\t<div class=\"elementor-post__thumbnail\"><img loading=\"lazy\" decoding=\"async\" width=\"300\" height=\"241\" src=\"https:\/\/lavostrallar.com\/noticias\/wp-content\/uploads\/2024\/12\/sagrada-familia-1-300x241.jpg\" class=\"attachment-medium size-medium wp-image-34044\" alt=\"Alzheimer vs dem\u00e8ncia\" srcset=\"https:\/\/lavostrallar.com\/noticias\/wp-content\/uploads\/2024\/12\/sagrada-familia-1-300x241.jpg 300w, https:\/\/lavostrallar.com\/noticias\/wp-content\/uploads\/2024\/12\/sagrada-familia-1-1024x822.jpg 1024w, https:\/\/lavostrallar.com\/noticias\/wp-content\/uploads\/2024\/12\/sagrada-familia-1-768x617.jpg 768w, https:\/\/lavostrallar.com\/noticias\/wp-content\/uploads\/2024\/12\/sagrada-familia-1-1536x1233.jpg 1536w, https:\/\/lavostrallar.com\/noticias\/wp-content\/uploads\/2024\/12\/sagrada-familia-1-scaled.jpg 2048w, https:\/\/lavostrallar.com\/noticias\/wp-content\/uploads\/2024\/12\/sagrada-familia-1-15x12.jpg 15w\" sizes=\"(max-width: 300px) 100vw, 300px\" \/><\/div>\n\t\t<\/a>\n\t\t\t\t<div class=\"elementor-post__text\">\n\t\t\t\t<h3 class=\"elementor-post__title\">\n\t\t\t<a href=\"https:\/\/lavostrallar.com\/noticias\/ca\/alzheimer-vs-demencia-en-que-se-diferencian\/\" >\n\t\t\t\tAlzheimer vs dem\u00e8ncia: en qu\u00e8 es diferencien realment\t\t\t<\/a>\n\t\t<\/h3>\n\t\t\t\t<div class=\"elementor-post__excerpt\">\n\t\t\t<p>Cuando hablamos de p\u00e9rdida de memoria o deterioro cognitivo, es habitual que los t\u00e9rminos Alzheimer y demencia se utilicen como sin\u00f3nimos. Sin embargo, aunque est\u00e1n<\/p>\n\t\t<\/div>\n\t\t\n\t\t<a class=\"elementor-post__read-more\" href=\"https:\/\/lavostrallar.com\/noticias\/ca\/alzheimer-vs-demencia-en-que-se-diferencian\/\" aria-label=\"Read more about Alzheimer vs demencia: en qu\u00e9 se diferencian realmente\" tabindex=\"-1\" >\n\t\t\tllegir m\u00e9s\t\t<\/a>\n\n\t\t\t\t<\/div>\n\t\t\t\t<\/article>\n\t\t\t\t<article class=\"elementor-post elementor-grid-item post-35108 post type-post status-publish format-standard has-post-thumbnail hentry category-alzheimer category-destacado category-noticias-blanes category-noticias-clot category-noticias-esplugues category-noticias-gracia category-noticias-la-marina category-noticias-la-rambla category-noticias-les-dalies category-noticias-les-oliveres category-noticias-mataro category-noticias-guell category-noticias-reig category-noticias-terrassa category-uncategorized tag-actividades-para-mayores tag-atencion-centrada-en-la-persona tag-educacion-artistica tag-residencias-de-ancianos tag-salud-y-envejecimiento-activo\" role=\"listitem\">\n\t\t\t\t<a class=\"elementor-post__thumbnail__link\" href=\"https:\/\/lavostrallar.com\/noticias\/ca\/es-bueno-cambiar-de-casa-persona-con-alzheimer\/\" tabindex=\"-1\" >\n\t\t\t<div class=\"elementor-post__thumbnail\"><img loading=\"lazy\" decoding=\"async\" width=\"300\" height=\"200\" src=\"https:\/\/lavostrallar.com\/noticias\/wp-content\/uploads\/2025\/06\/como-elegir-la-mejor-residencia-para-una-persona-mayor-300x200.webp\" class=\"attachment-medium size-medium wp-image-34825\" alt=\"Dona gran fent activitats musicals a la resid\u00e8ncia d&#039;avis La Vostra Llar\" srcset=\"https:\/\/lavostrallar.com\/noticias\/wp-content\/uploads\/2025\/06\/como-elegir-la-mejor-residencia-para-una-persona-mayor-300x200.webp 300w, https:\/\/lavostrallar.com\/noticias\/wp-content\/uploads\/2025\/06\/como-elegir-la-mejor-residencia-para-una-persona-mayor-768x512.webp 768w, https:\/\/lavostrallar.com\/noticias\/wp-content\/uploads\/2025\/06\/como-elegir-la-mejor-residencia-para-una-persona-mayor-18x12.webp 18w, https:\/\/lavostrallar.com\/noticias\/wp-content\/uploads\/2025\/06\/como-elegir-la-mejor-residencia-para-una-persona-mayor.webp 1024w\" sizes=\"(max-width: 300px) 100vw, 300px\" \/><\/div>\n\t\t<\/a>\n\t\t\t\t<div class=\"elementor-post__text\">\n\t\t\t\t<h3 class=\"elementor-post__title\">\n\t\t\t<a href=\"https:\/\/lavostrallar.com\/noticias\/ca\/es-bueno-cambiar-de-casa-persona-con-alzheimer\/\" >\n\t\t\t\tDescobreix si \u00e9s bo canviar de casa a una persona amb Alzheimer\t\t\t<\/a>\n\t\t<\/h3>\n\t\t\t\t<div class=\"elementor-post__excerpt\">\n\t\t\t<p>Descobreix si \u00e9s bo canviar de casa a una persona amb Alzheimer Com afecten les rutines i l'entorn a una persona amb Alzheimer \u00c9s<\/p>\n\t\t<\/div>\n\t\t\n\t\t<a class=\"elementor-post__read-more\" href=\"https:\/\/lavostrallar.com\/noticias\/ca\/es-bueno-cambiar-de-casa-persona-con-alzheimer\/\" aria-label=\"Read more about Descubre si es bueno cambiar de casa a una persona con Alzheimer\" tabindex=\"-1\" >\n\t\t\tllegir m\u00e9s\t\t<\/a>\n\n\t\t\t\t<\/div>\n\t\t\t\t<\/article>\n\t\t\t\t<\/div>\n\t\t\t\t\t<span class=\"e-load-more-spinner\">\n\t\t\t\t<i aria-hidden=\"true\" class=\"fas fa-spinner\"><\/i>\t\t\t<\/span>\n\t\t\n\t\t\t\t<div class=\"e-load-more-anchor\" data-page=\"1\" data-max-page=\"2\" data-next-page=\"https:\/\/lavostrallar.com\/noticias\/ca\/wp-json\/wp\/v2\/pages\/34983\/page\/2\/\"><\/div>\n\t\t\t\t<div class=\"elementor-button-wrapper\">\n\t\t\t<a class=\"elementor-button elementor-size-sm\" role=\"button\">\n\t\t\t\t\t\t<span class=\"elementor-button-content-wrapper\">\n\t\t\t\t\t\t\t\t\t<span class=\"elementor-button-text\">Veure m\u00e9s<\/span>\n\t\t\t\t\t<\/span>\n\t\t\t\t\t<\/a>\n\t\t<\/div>\n\t\t\t\t<div class=\"e-load-more-message\"><\/div>\n\t\t\t\t\t\t<\/div>\n\t\t\t\t<\/div>\n\t\t\t\t\t<\/div>\n\t\t<\/div>\n\t\t\t\t<div class=\"elementor-column elementor-col-33 elementor-top-column elementor-element elementor-element-1eca2cb\" data-id=\"1eca2cb\" data-element_type=\"column\" data-e-type=\"column\">\n\t\t\t<div class=\"elementor-widget-wrap elementor-element-populated\">\n\t\t\t\t\t\t<div class=\"elementor-element elementor-element-1f69eb0 elementor-widget elementor-widget-template\" data-id=\"1f69eb0\" data-element_type=\"widget\" data-e-type=\"widget\" data-widget_type=\"template.default\">\n\t\t\t\t<div class=\"elementor-widget-container\">\n\t\t\t\t\t\t\t<div class=\"elementor-template\">\n\t\t\t\t\t<div data-elementor-type=\"section\" data-elementor-id=\"32954\" class=\"elementor elementor-32954\" data-elementor-post-type=\"elementor_library\">\n\t\t\t\t\t<section class=\"elementor-section elementor-inner-section elementor-element elementor-element-62754e8d elementor-section-boxed elementor-section-height-default elementor-section-height-default\" data-id=\"62754e8d\" data-element_type=\"section\" data-e-type=\"section\">\n\t\t\t\t\t\t<div class=\"elementor-container elementor-column-gap-default\">\n\t\t\t\t\t<div class=\"elementor-column elementor-col-100 elementor-inner-column elementor-element elementor-element-18252520\" data-id=\"18252520\" data-element_type=\"column\" data-e-type=\"column\">\n\t\t\t<div class=\"elementor-widget-wrap elementor-element-populated\">\n\t\t\t\t\t\t<div class=\"elementor-element elementor-element-3e76185 elementor-hidden-mobile elementor-search-form--skin-classic elementor-search-form--button-type-icon elementor-search-form--icon-search elementor-widget elementor-widget-search-form\" data-id=\"3e76185\" data-element_type=\"widget\" data-e-type=\"widget\" data-settings=\"{&quot;skin&quot;:&quot;classic&quot;}\" data-widget_type=\"search-form.default\">\n\t\t\t\t<div class=\"elementor-widget-container\">\n\t\t\t\t\t\t\t<search role=\"search\">\n\t\t\t<form class=\"elementor-search-form\" action=\"https:\/\/lavostrallar.com\/noticias\/ca\/\" method=\"get\" data-trp-original-action=\"https:\/\/lavostrallar.com\/noticias\/ca\">\n\t\t\t\t\t\t\t\t\t\t\t\t<div class=\"elementor-search-form__container\">\n\t\t\t\t\t<label class=\"elementor-screen-only\" for=\"elementor-search-form-3e76185\">Search<\/label>\n\n\t\t\t\t\t\n\t\t\t\t\t<input id=\"elementor-search-form-3e76185\" placeholder=\"Cerca\" class=\"elementor-search-form__input\" type=\"search\" name=\"s\" value=\"\">\n\t\t\t\t\t\n\t\t\t\t\t\t\t\t\t\t\t<button class=\"elementor-search-form__submit\" type=\"submit\" aria-label=\"Search\">\n\t\t\t\t\t\t\t\t\t\t\t\t\t\t\t<i aria-hidden=\"true\" class=\"fas fa-search\"><\/i>\t\t\t\t\t\t\t\t\t\t\t\t\t<\/button>\n\t\t\t\t\t\n\t\t\t\t\t\t\t\t\t<\/div>\n\t\t\t<input type=\"hidden\" name=\"trp-form-language\" value=\"ca\"\/><\/form>\n\t\t<\/search>\n\t\t\t\t\t\t<\/div>\n\t\t\t\t<\/div>\n\t\t\t\t<div class=\"elementor-element elementor-element-848f4cf elementor-widget elementor-widget-heading\" data-id=\"848f4cf\" data-element_type=\"widget\" data-e-type=\"widget\" data-widget_type=\"heading.default\">\n\t\t\t\t<div class=\"elementor-widget-container\">\n\t\t\t\t\t<h2 class=\"elementor-heading-title elementor-size-default\">Categories<\/h2>\t\t\t\t<\/div>\n\t\t\t\t<\/div>\n\t\t\t\t<div class=\"elementor-element elementor-element-401b9f28 elementor-nav-menu--dropdown-none elementor-widget elementor-widget-nav-menu\" data-id=\"401b9f28\" data-element_type=\"widget\" data-e-type=\"widget\" data-settings=\"{&quot;layout&quot;:&quot;vertical&quot;,&quot;submenu_icon&quot;:{&quot;value&quot;:&quot;&lt;i class=\\&quot;fas fa-circle\\&quot; aria-hidden=\\&quot;true\\&quot;&gt;&lt;\\\/i&gt;&quot;,&quot;library&quot;:&quot;fa-solid&quot;}}\" data-widget_type=\"nav-menu.default\">\n\t\t\t\t<div class=\"elementor-widget-container\">\n\t\t\t\t\t\t\t\t<nav aria-label=\"Menu\" class=\"elementor-nav-menu--main elementor-nav-menu__container elementor-nav-menu--layout-vertical e--pointer-none\">\n\t\t\t\t<ul id=\"menu-1-401b9f28\" class=\"elementor-nav-menu sm-vertical\"><li class=\"menu-item menu-item-type-post_type menu-item-object-page menu-item-32946\"><a href=\"https:\/\/lavostrallar.com\/noticias\/ca\/residencia-noticias-terrassa\/\" class=\"elementor-item\">Not\u00edcies Terrassa<\/a><\/li>\n<li class=\"menu-item menu-item-type-post_type menu-item-object-page menu-item-32945\"><a href=\"https:\/\/lavostrallar.com\/noticias\/ca\/residencia-noticias-reig\/\" class=\"elementor-item\">Not\u00edcies Reig<\/a><\/li>\n<li class=\"menu-item menu-item-type-post_type menu-item-object-page menu-item-32944\"><a href=\"https:\/\/lavostrallar.com\/noticias\/ca\/residencias-noticias-parc-guell\/\" class=\"elementor-item\">Not\u00edcies Parc G\u00fcell<\/a><\/li>\n<li class=\"menu-item menu-item-type-post_type menu-item-object-page menu-item-32943\"><a href=\"https:\/\/lavostrallar.com\/noticias\/ca\/residencia-noticias-mataro\/\" class=\"elementor-item\">Not\u00edcies Matar\u00f3<\/a><\/li>\n<li class=\"menu-item menu-item-type-post_type menu-item-object-page menu-item-32942\"><a href=\"https:\/\/lavostrallar.com\/noticias\/ca\/residencia-noticias-les-oliveres\/\" class=\"elementor-item\">Not\u00edcies Les Oliveres<\/a><\/li>\n<li class=\"menu-item menu-item-type-post_type menu-item-object-page menu-item-32941\"><a href=\"https:\/\/lavostrallar.com\/noticias\/ca\/residencia-noticias-les-dalies\/\" class=\"elementor-item\">Not\u00edcies Les D\u00e0lies<\/a><\/li>\n<li class=\"menu-item menu-item-type-post_type menu-item-object-page menu-item-32939\"><a href=\"https:\/\/lavostrallar.com\/noticias\/ca\/residencia-noticias-la-marina\/\" class=\"elementor-item\">Not\u00edcies La Marina<\/a><\/li>\n<li class=\"menu-item menu-item-type-post_type menu-item-object-page menu-item-32940\"><a href=\"https:\/\/lavostrallar.com\/noticias\/ca\/residencia-noticias-la-rambla\/\" class=\"elementor-item\">Not\u00edcies La Rambla<\/a><\/li>\n<li class=\"menu-item menu-item-type-post_type menu-item-object-page menu-item-32938\"><a href=\"https:\/\/lavostrallar.com\/noticias\/ca\/residencia-noticias-gracia\/\" class=\"elementor-item\">Not\u00edcies Gr\u00e0cia<\/a><\/li>\n<li class=\"menu-item menu-item-type-post_type menu-item-object-page menu-item-32935\"><a href=\"https:\/\/lavostrallar.com\/noticias\/ca\/residencia-noticias-blanes\/\" class=\"elementor-item\">Not\u00edcies Blanes<\/a><\/li>\n<li class=\"menu-item menu-item-type-post_type menu-item-object-page menu-item-32936\"><a href=\"https:\/\/lavostrallar.com\/noticias\/ca\/residencia-noticias-clot\/\" class=\"elementor-item\">Not\u00edcies Clot<\/a><\/li>\n<li class=\"menu-item menu-item-type-post_type menu-item-object-page menu-item-32937\"><a href=\"https:\/\/lavostrallar.com\/noticias\/ca\/residencia-noticias-esplugues\/\" class=\"elementor-item\">Not\u00edcies Esplugues<\/a><\/li>\n<li class=\"menu-item menu-item-type-custom menu-item-object-custom menu-item-32947\"><a href=\"https:\/\/lavostrallar.com\/noticias\/ca\/menus-de-las-residencias\/\" class=\"elementor-item\">Men\u00fas de les resid\u00e8ncies<\/a><\/li>\n<li class=\"menu-item menu-item-type-post_type menu-item-object-page menu-item-34996\"><a href=\"https:\/\/lavostrallar.com\/noticias\/ca\/financiacion\/\" class=\"elementor-item\">Finan\u00e7ament<\/a><\/li>\n<li class=\"menu-item menu-item-type-post_type menu-item-object-page menu-item-34997\"><a href=\"https:\/\/lavostrallar.com\/noticias\/ca\/alzheimer\/\" class=\"elementor-item\">Alzheimer<\/a><\/li>\n<\/ul>\t\t\t<\/nav>\n\t\t\t\t\t\t<nav class=\"elementor-nav-menu--dropdown elementor-nav-menu__container\" aria-hidden=\"true\">\n\t\t\t\t<ul id=\"menu-2-401b9f28\" class=\"elementor-nav-menu sm-vertical\"><li class=\"menu-item menu-item-type-post_type menu-item-object-page menu-item-32946\"><a href=\"https:\/\/lavostrallar.com\/noticias\/ca\/residencia-noticias-terrassa\/\" class=\"elementor-item\" tabindex=\"-1\">Not\u00edcies Terrassa<\/a><\/li>\n<li class=\"menu-item menu-item-type-post_type menu-item-object-page menu-item-32945\"><a href=\"https:\/\/lavostrallar.com\/noticias\/ca\/residencia-noticias-reig\/\" class=\"elementor-item\" tabindex=\"-1\">Not\u00edcies Reig<\/a><\/li>\n<li class=\"menu-item menu-item-type-post_type menu-item-object-page menu-item-32944\"><a href=\"https:\/\/lavostrallar.com\/noticias\/ca\/residencias-noticias-parc-guell\/\" class=\"elementor-item\" tabindex=\"-1\">Not\u00edcies Parc G\u00fcell<\/a><\/li>\n<li class=\"menu-item menu-item-type-post_type menu-item-object-page menu-item-32943\"><a href=\"https:\/\/lavostrallar.com\/noticias\/ca\/residencia-noticias-mataro\/\" class=\"elementor-item\" tabindex=\"-1\">Not\u00edcies Matar\u00f3<\/a><\/li>\n<li class=\"menu-item menu-item-type-post_type menu-item-object-page menu-item-32942\"><a href=\"https:\/\/lavostrallar.com\/noticias\/ca\/residencia-noticias-les-oliveres\/\" class=\"elementor-item\" tabindex=\"-1\">Not\u00edcies Les Oliveres<\/a><\/li>\n<li class=\"menu-item menu-item-type-post_type menu-item-object-page menu-item-32941\"><a href=\"https:\/\/lavostrallar.com\/noticias\/ca\/residencia-noticias-les-dalies\/\" class=\"elementor-item\" tabindex=\"-1\">Not\u00edcies Les D\u00e0lies<\/a><\/li>\n<li class=\"menu-item menu-item-type-post_type menu-item-object-page menu-item-32939\"><a href=\"https:\/\/lavostrallar.com\/noticias\/ca\/residencia-noticias-la-marina\/\" class=\"elementor-item\" tabindex=\"-1\">Not\u00edcies La Marina<\/a><\/li>\n<li class=\"menu-item menu-item-type-post_type menu-item-object-page menu-item-32940\"><a href=\"https:\/\/lavostrallar.com\/noticias\/ca\/residencia-noticias-la-rambla\/\" class=\"elementor-item\" tabindex=\"-1\">Not\u00edcies La Rambla<\/a><\/li>\n<li class=\"menu-item menu-item-type-post_type menu-item-object-page menu-item-32938\"><a href=\"https:\/\/lavostrallar.com\/noticias\/ca\/residencia-noticias-gracia\/\" class=\"elementor-item\" tabindex=\"-1\">Not\u00edcies Gr\u00e0cia<\/a><\/li>\n<li class=\"menu-item menu-item-type-post_type menu-item-object-page menu-item-32935\"><a href=\"https:\/\/lavostrallar.com\/noticias\/ca\/residencia-noticias-blanes\/\" class=\"elementor-item\" tabindex=\"-1\">Not\u00edcies Blanes<\/a><\/li>\n<li class=\"menu-item menu-item-type-post_type menu-item-object-page menu-item-32936\"><a href=\"https:\/\/lavostrallar.com\/noticias\/ca\/residencia-noticias-clot\/\" class=\"elementor-item\" tabindex=\"-1\">Not\u00edcies Clot<\/a><\/li>\n<li class=\"menu-item menu-item-type-post_type menu-item-object-page menu-item-32937\"><a href=\"https:\/\/lavostrallar.com\/noticias\/ca\/residencia-noticias-esplugues\/\" class=\"elementor-item\" tabindex=\"-1\">Not\u00edcies Esplugues<\/a><\/li>\n<li class=\"menu-item menu-item-type-custom menu-item-object-custom menu-item-32947\"><a href=\"https:\/\/lavostrallar.com\/noticias\/ca\/menus-de-las-residencias\/\" class=\"elementor-item\" tabindex=\"-1\">Men\u00fas de les resid\u00e8ncies<\/a><\/li>\n<li class=\"menu-item menu-item-type-post_type menu-item-object-page menu-item-34996\"><a href=\"https:\/\/lavostrallar.com\/noticias\/ca\/financiacion\/\" class=\"elementor-item\" tabindex=\"-1\">Finan\u00e7ament<\/a><\/li>\n<li class=\"menu-item menu-item-type-post_type menu-item-object-page menu-item-34997\"><a href=\"https:\/\/lavostrallar.com\/noticias\/ca\/alzheimer\/\" class=\"elementor-item\" tabindex=\"-1\">Alzheimer<\/a><\/li>\n<\/ul>\t\t\t<\/nav>\n\t\t\t\t\t\t<\/div>\n\t\t\t\t<\/div>\n\t\t\t\t\t<\/div>\n\t\t<\/div>\n\t\t\t\t\t<\/div>\n\t\t<\/section>\n\t\t\t\t<\/div>\n\t\t\t\t<\/div>\n\t\t\t\t\t\t<\/div>\n\t\t\t\t<\/div>\n\t\t\t\t\t<\/div>\n\t\t<\/div>\n\t\t\t\t\t<\/div>\n\t\t<\/section>\n\t\t\t\t<\/div>","protected":false},"excerpt":{"rendered":"<p>Alzheimer<\/p>","protected":false},"author":1,"featured_media":0,"parent":0,"menu_order":0,"comment_status":"closed","ping_status":"closed","template":"elementor_header_footer","meta":{"content-type":"","footnotes":""},"class_list":["post-34983","page","type-page","status-publish","hentry"],"yoast_head":"<!-- This site is optimized with the Yoast SEO plugin v27.6 - https:\/\/yoast.com\/product\/yoast-seo-wordpress\/ -->\n<title>Alzheimer - Noticias La Vostra Llar<\/title>\n<meta name=\"description\" content=\"Todas las noticias, fotos e informacion sobre residencias de ancianos, servicios que prestan sobre alzheimer.\" \/>\n<meta name=\"robots\" content=\"index, follow, max-snippet:-1, max-image-preview:large, max-video-preview:-1\" \/>\n<link rel=\"canonical\" href=\"https:\/\/lavostrallar.com\/noticias\/ca\/alzheimer\/\" \/>\n<meta property=\"og:locale\" content=\"ca_ES\" \/>\n<meta property=\"og:type\" content=\"article\" \/>\n<meta property=\"og:title\" content=\"Alzheimer - Noticias La Vostra Llar\" \/>\n<meta property=\"og:description\" content=\"Todas las noticias, fotos e informacion sobre residencias de ancianos, servicios que prestan sobre alzheimer.\" \/>\n<meta property=\"og:url\" content=\"https:\/\/lavostrallar.com\/noticias\/ca\/alzheimer\/\" \/>\n<meta property=\"og:site_name\" content=\"Noticias La Vostra Llar\" \/>\n<meta property=\"article:publisher\" content=\"https:\/\/www.facebook.com\/lavostra.llar\" \/>\n<meta property=\"article:modified_time\" content=\"2026-04-20T14:19:25+00:00\" \/>\n<meta name=\"twitter:card\" content=\"summary_large_image\" \/>\n<meta name=\"twitter:site\" content=\"@lavostrallar\" \/>\n<meta name=\"twitter:label1\" content=\"Temps estimat de lectura\" \/>\n\t<meta name=\"twitter:data1\" content=\"17 minuts\" \/>\n<script type=\"application\/ld+json\" class=\"yoast-schema-graph\">{\"@context\":\"https:\\\/\\\/schema.org\",\"@graph\":[{\"@type\":\"WebPage\",\"@id\":\"https:\\\/\\\/lavostrallar.com\\\/noticias\\\/alzheimer\\\/\",\"url\":\"https:\\\/\\\/lavostrallar.com\\\/noticias\\\/alzheimer\\\/\",\"name\":\"Alzheimer - Noticias La Vostra Llar\",\"isPartOf\":{\"@id\":\"https:\\\/\\\/lavostrallar.com\\\/noticias\\\/#website\"},\"datePublished\":\"2025-09-01T13:58:00+00:00\",\"dateModified\":\"2026-04-20T14:19:25+00:00\",\"description\":\"Todas las noticias, fotos e informacion sobre residencias de ancianos, servicios que prestan sobre alzheimer.\",\"breadcrumb\":{\"@id\":\"https:\\\/\\\/lavostrallar.com\\\/noticias\\\/alzheimer\\\/#breadcrumb\"},\"inLanguage\":\"ca\",\"potentialAction\":[{\"@type\":\"ReadAction\",\"target\":[\"https:\\\/\\\/lavostrallar.com\\\/noticias\\\/alzheimer\\\/\"]}]},{\"@type\":\"BreadcrumbList\",\"@id\":\"https:\\\/\\\/lavostrallar.com\\\/noticias\\\/alzheimer\\\/#breadcrumb\",\"itemListElement\":[{\"@type\":\"ListItem\",\"position\":1,\"name\":\"Portada\",\"item\":\"https:\\\/\\\/lavostrallar.com\\\/noticias\\\/\"},{\"@type\":\"ListItem\",\"position\":2,\"name\":\"Alzheimer\"}]},{\"@type\":\"WebSite\",\"@id\":\"https:\\\/\\\/lavostrallar.com\\\/noticias\\\/#website\",\"url\":\"https:\\\/\\\/lavostrallar.com\\\/noticias\\\/\",\"name\":\"La Vostra Llar\",\"description\":\"La Vostra Llar gestiona resid\u00e8ncies geri\u00e0triques des de 1987 amb la missi\u00f3 d\u2019oferir assist\u00e8ncia personalitzada per estimular, acollir i atendre les persones grans amb qualsevol grau de depend\u00e8ncia.\",\"publisher\":{\"@id\":\"https:\\\/\\\/lavostrallar.com\\\/noticias\\\/#organization\"},\"potentialAction\":[{\"@type\":\"SearchAction\",\"target\":{\"@type\":\"EntryPoint\",\"urlTemplate\":\"https:\\\/\\\/lavostrallar.com\\\/noticias\\\/?s={search_term_string}\"},\"query-input\":{\"@type\":\"PropertyValueSpecification\",\"valueRequired\":true,\"valueName\":\"search_term_string\"}}],\"inLanguage\":\"ca\"},{\"@type\":\"Organization\",\"@id\":\"https:\\\/\\\/lavostrallar.com\\\/noticias\\\/#organization\",\"name\":\"La Vostra Llar\",\"url\":\"https:\\\/\\\/lavostrallar.com\\\/noticias\\\/\",\"logo\":{\"@type\":\"ImageObject\",\"inLanguage\":\"ca\",\"@id\":\"https:\\\/\\\/lavostrallar.com\\\/noticias\\\/#\\\/schema\\\/logo\\\/image\\\/\",\"url\":\"https:\\\/\\\/lavostrallar.com\\\/noticias\\\/wp-content\\\/uploads\\\/2021\\\/12\\\/logo_lavostrallar.png\",\"contentUrl\":\"https:\\\/\\\/lavostrallar.com\\\/noticias\\\/wp-content\\\/uploads\\\/2021\\\/12\\\/logo_lavostrallar.png\",\"width\":217,\"height\":109,\"caption\":\"La Vostra Llar\"},\"image\":{\"@id\":\"https:\\\/\\\/lavostrallar.com\\\/noticias\\\/#\\\/schema\\\/logo\\\/image\\\/\"},\"sameAs\":[\"https:\\\/\\\/www.facebook.com\\\/lavostra.llar\",\"https:\\\/\\\/x.com\\\/lavostrallar\",\"https:\\\/\\\/www.instagram.com\\\/lavostrallar\\\/\"]}]}<\/script>\n<!-- \/ Yoast SEO plugin. -->","yoast_head_json":{"title":"Alzheimer - Not\u00edcies La Vostra Llar","description":"Totes les not\u00edcies, fotos i informaci\u00f3 sobre resid\u00e8ncies d\u2019avis i els serveis que ofereixen relacionats amb l\u2019Alzheimer.","robots":{"index":"index","follow":"follow","max-snippet":"max-snippet:-1","max-image-preview":"max-image-preview:large","max-video-preview":"max-video-preview:-1"},"canonical":"https:\/\/lavostrallar.com\/noticias\/ca\/alzheimer\/","og_locale":"ca_ES","og_type":"article","og_title":"Alzheimer - Noticias La Vostra Llar","og_description":"Todas las noticias, fotos e informacion sobre residencias de ancianos, servicios que prestan sobre alzheimer.","og_url":"https:\/\/lavostrallar.com\/noticias\/ca\/alzheimer\/","og_site_name":"Noticias La Vostra Llar","article_publisher":"https:\/\/www.facebook.com\/lavostra.llar","article_modified_time":"2026-04-20T14:19:25+00:00","twitter_card":"summary_large_image","twitter_site":"@lavostrallar","twitter_misc":{"Temps estimat de lectura":"17 minuts"},"schema":{"@context":"https:\/\/schema.org","@graph":[{"@type":"WebPage","@id":"https:\/\/lavostrallar.com\/noticias\/alzheimer\/","url":"https:\/\/lavostrallar.com\/noticias\/alzheimer\/","name":"Alzheimer - Not\u00edcies La Vostra Llar","isPartOf":{"@id":"https:\/\/lavostrallar.com\/noticias\/#website"},"datePublished":"2025-09-01T13:58:00+00:00","dateModified":"2026-04-20T14:19:25+00:00","description":"Totes les not\u00edcies, fotos i informaci\u00f3 sobre resid\u00e8ncies d\u2019avis i els serveis que ofereixen relacionats amb l\u2019Alzheimer.","breadcrumb":{"@id":"https:\/\/lavostrallar.com\/noticias\/alzheimer\/#breadcrumb"},"inLanguage":"ca","potentialAction":[{"@type":"ReadAction","target":["https:\/\/lavostrallar.com\/noticias\/alzheimer\/"]}]},{"@type":"BreadcrumbList","@id":"https:\/\/lavostrallar.com\/noticias\/alzheimer\/#breadcrumb","itemListElement":[{"@type":"ListItem","position":1,"name":"Portada","item":"https:\/\/lavostrallar.com\/noticias\/"},{"@type":"ListItem","position":2,"name":"Alzheimer"}]},{"@type":"WebSite","@id":"https:\/\/lavostrallar.com\/noticias\/#website","url":"https:\/\/lavostrallar.com\/noticias\/","name":"La Vostra Llar","description":"La Vostra Llar gestiona resid\u00e8ncies geri\u00e0triques des de 1987 amb la missi\u00f3 d\u2019oferir assist\u00e8ncia personalitzada per estimular, acollir i atendre les persones grans amb qualsevol grau de depend\u00e8ncia.","publisher":{"@id":"https:\/\/lavostrallar.com\/noticias\/#organization"},"potentialAction":[{"@type":"SearchAction","target":{"@type":"EntryPoint","urlTemplate":"https:\/\/lavostrallar.com\/noticias\/?s={search_term_string}"},"query-input":{"@type":"PropertyValueSpecification","valueRequired":true,"valueName":"search_term_string"}}],"inLanguage":"ca"},{"@type":"Organization","@id":"https:\/\/lavostrallar.com\/noticias\/#organization","name":"La Vostra Llar","url":"https:\/\/lavostrallar.com\/noticias\/","logo":{"@type":"ImageObject","inLanguage":"ca","@id":"https:\/\/lavostrallar.com\/noticias\/#\/schema\/logo\/image\/","url":"https:\/\/lavostrallar.com\/noticias\/wp-content\/uploads\/2021\/12\/logo_lavostrallar.png","contentUrl":"https:\/\/lavostrallar.com\/noticias\/wp-content\/uploads\/2021\/12\/logo_lavostrallar.png","width":217,"height":109,"caption":"La Vostra Llar"},"image":{"@id":"https:\/\/lavostrallar.com\/noticias\/#\/schema\/logo\/image\/"},"sameAs":["https:\/\/www.facebook.com\/lavostra.llar","https:\/\/x.com\/lavostrallar","https:\/\/www.instagram.com\/lavostrallar\/"]}]}},"_links":{"self":[{"href":"https:\/\/lavostrallar.com\/noticias\/ca\/wp-json\/wp\/v2\/pages\/34983","targetHints":{"allow":["GET"]}}],"collection":[{"href":"https:\/\/lavostrallar.com\/noticias\/ca\/wp-json\/wp\/v2\/pages"}],"about":[{"href":"https:\/\/lavostrallar.com\/noticias\/ca\/wp-json\/wp\/v2\/types\/page"}],"author":[{"embeddable":true,"href":"https:\/\/lavostrallar.com\/noticias\/ca\/wp-json\/wp\/v2\/users\/1"}],"replies":[{"embeddable":true,"href":"https:\/\/lavostrallar.com\/noticias\/ca\/wp-json\/wp\/v2\/comments?post=34983"}],"version-history":[{"count":19,"href":"https:\/\/lavostrallar.com\/noticias\/ca\/wp-json\/wp\/v2\/pages\/34983\/revisions"}],"predecessor-version":[{"id":35246,"href":"https:\/\/lavostrallar.com\/noticias\/ca\/wp-json\/wp\/v2\/pages\/34983\/revisions\/35246"}],"wp:attachment":[{"href":"https:\/\/lavostrallar.com\/noticias\/ca\/wp-json\/wp\/v2\/media?parent=34983"}],"curies":[{"name":"wp","href":"https:\/\/api.w.org\/{rel}","templated":true}]}}