	{"id":34991,"date":"2025-09-01T16:41:22","date_gmt":"2025-09-01T14:41:22","guid":{"rendered":"https:\/\/lavostrallar.com\/noticias\/?page_id=34991"},"modified":"2026-02-25T14:18:15","modified_gmt":"2026-02-25T12:18:15","slug":"financiacion","status":"publish","type":"page","link":"https:\/\/lavostrallar.com\/noticias\/ca\/financiacion\/","title":{"rendered":"Finan\u00e7ament"},"content":{"rendered":"<div data-elementor-type=\"wp-page\" data-elementor-id=\"34991\" class=\"elementor elementor-34991\" data-elementor-post-type=\"page\">\n\t\t\t\t\t\t<section class=\"elementor-section elementor-top-section elementor-element elementor-element-274b838a elementor-section-full_width elementor-section-height-default elementor-section-height-default\" data-id=\"274b838a\" data-element_type=\"section\" data-e-type=\"section\" data-settings=\"{&quot;background_background&quot;:&quot;classic&quot;}\">\n\t\t\t\t\t\t<div class=\"elementor-container elementor-column-gap-default\">\n\t\t\t\t\t<div class=\"elementor-column elementor-col-100 elementor-top-column elementor-element elementor-element-7ab4f294\" data-id=\"7ab4f294\" data-element_type=\"column\" data-e-type=\"column\">\n\t\t\t<div class=\"elementor-widget-wrap elementor-element-populated\">\n\t\t\t\t\t\t<div class=\"elementor-element elementor-element-1598ae59 elementor-widget elementor-widget-heading\" data-id=\"1598ae59\" data-element_type=\"widget\" data-e-type=\"widget\" data-widget_type=\"heading.default\">\n\t\t\t\t<div class=\"elementor-widget-container\">\n\t\t\t\t\t<h1 class=\"elementor-heading-title elementor-size-default\">Finan\u00e7ament<\/h1>\t\t\t\t<\/div>\n\t\t\t\t<\/div>\n\t\t\t\t\t<\/div>\n\t\t<\/div>\n\t\t\t\t\t<\/div>\n\t\t<\/section>\n\t\t\t\t<section class=\"elementor-section elementor-top-section elementor-element elementor-element-96caa9c elementor-section-boxed elementor-section-height-default elementor-section-height-default\" data-id=\"96caa9c\" data-element_type=\"section\" data-e-type=\"section\">\n\t\t\t\t\t\t<div class=\"elementor-container elementor-column-gap-default\">\n\t\t\t\t\t<div class=\"elementor-column elementor-col-66 elementor-top-column elementor-element elementor-element-7294dcf2\" data-id=\"7294dcf2\" data-element_type=\"column\" data-e-type=\"column\">\n\t\t\t<div class=\"elementor-widget-wrap elementor-element-populated\">\n\t\t\t\t\t\t<div class=\"elementor-element elementor-element-2f21dac1 elementor-hidden-desktop elementor-search-form--skin-classic elementor-search-form--button-type-icon elementor-search-form--icon-search elementor-widget elementor-widget-search-form\" data-id=\"2f21dac1\" data-element_type=\"widget\" data-e-type=\"widget\" data-settings=\"{&quot;skin&quot;:&quot;classic&quot;}\" data-widget_type=\"search-form.default\">\n\t\t\t\t<div class=\"elementor-widget-container\">\n\t\t\t\t\t\t\t<search role=\"search\">\n\t\t\t<form class=\"elementor-search-form\" action=\"https:\/\/lavostrallar.com\/noticias\/ca\/\" method=\"get\" data-trp-original-action=\"https:\/\/lavostrallar.com\/noticias\/ca\">\n\t\t\t\t\t\t\t\t\t\t\t\t<div class=\"elementor-search-form__container\">\n\t\t\t\t\t<label class=\"elementor-screen-only\" for=\"elementor-search-form-2f21dac1\">Search<\/label>\n\n\t\t\t\t\t\n\t\t\t\t\t<input id=\"elementor-search-form-2f21dac1\" placeholder=\"Cerca\" class=\"elementor-search-form__input\" type=\"search\" name=\"s\" value=\"\">\n\t\t\t\t\t\n\t\t\t\t\t\t\t\t\t\t\t<button class=\"elementor-search-form__submit\" type=\"submit\" aria-label=\"Search\">\n\t\t\t\t\t\t\t\t\t\t\t\t\t\t\t<i aria-hidden=\"true\" class=\"fas fa-search\"><\/i>\t\t\t\t\t\t\t\t\t\t\t\t\t<\/button>\n\t\t\t\t\t\n\t\t\t\t\t\t\t\t\t<\/div>\n\t\t\t<input type=\"hidden\" name=\"trp-form-language\" value=\"ca\"\/><\/form>\n\t\t<\/search>\n\t\t\t\t\t\t<\/div>\n\t\t\t\t<\/div>\n\t\t\t\t<div class=\"elementor-element elementor-element-6511338b elementor-posts--align-left elementor-grid-3 elementor-grid-tablet-2 elementor-grid-mobile-1 elementor-posts--thumbnail-top elementor-widget elementor-widget-posts\" data-id=\"6511338b\" data-element_type=\"widget\" data-e-type=\"widget\" id=\"noticiasCat\" data-settings=\"{&quot;classic_columns&quot;:&quot;3&quot;,&quot;classic_columns_tablet&quot;:&quot;2&quot;,&quot;classic_columns_mobile&quot;:&quot;1&quot;,&quot;classic_row_gap&quot;:{&quot;unit&quot;:&quot;px&quot;,&quot;size&quot;:35,&quot;sizes&quot;:[]},&quot;classic_row_gap_tablet&quot;:{&quot;unit&quot;:&quot;px&quot;,&quot;size&quot;:&quot;&quot;,&quot;sizes&quot;:[]},&quot;classic_row_gap_mobile&quot;:{&quot;unit&quot;:&quot;px&quot;,&quot;size&quot;:&quot;&quot;,&quot;sizes&quot;:[]}}\" data-widget_type=\"posts.classic\">\n\t\t\t\t<div class=\"elementor-widget-container\">\n\t\t\t\t\t\t\t<div class=\"elementor-posts-container elementor-posts elementor-posts--skin-classic elementor-grid\" role=\"list\">\n\t\t\t\t<article class=\"elementor-post elementor-grid-item post-35448 post type-post status-publish format-standard has-post-thumbnail hentry category-alzheimer category-financiacion category-ictus category-noticias-blanes category-noticias-clot category-noticias-esplugues category-noticias-gracia category-noticias-la-marina category-noticias-la-rambla category-noticias-les-dalies category-noticias-les-oliveres category-noticias-mataro category-noticias-guell category-noticias-reig category-noticias-terrassa category-residencia-ancianos\" role=\"listitem\">\n\t\t\t\t<a class=\"elementor-post__thumbnail__link\" href=\"https:\/\/lavostrallar.com\/noticias\/ca\/precio-de-un-centro-de-dia-para-mayores-en-barcelona\/\" tabindex=\"-1\" >\n\t\t\t<div class=\"elementor-post__thumbnail\"><img fetchpriority=\"high\" decoding=\"async\" width=\"300\" height=\"227\" src=\"https:\/\/lavostrallar.com\/noticias\/wp-content\/uploads\/2025\/01\/torrent-1-300x227.jpg\" class=\"attachment-medium size-medium wp-image-34192\" alt=\"Resid\u00e8ncies per a gent gran\" srcset=\"https:\/\/lavostrallar.com\/noticias\/wp-content\/uploads\/2025\/01\/torrent-1-300x227.jpg 300w, https:\/\/lavostrallar.com\/noticias\/wp-content\/uploads\/2025\/01\/torrent-1-1024x776.jpg 1024w, https:\/\/lavostrallar.com\/noticias\/wp-content\/uploads\/2025\/01\/torrent-1-768x582.jpg 768w, https:\/\/lavostrallar.com\/noticias\/wp-content\/uploads\/2025\/01\/torrent-1-1536x1164.jpg 1536w, https:\/\/lavostrallar.com\/noticias\/wp-content\/uploads\/2025\/01\/torrent-1-scaled.jpg 2048w, https:\/\/lavostrallar.com\/noticias\/wp-content\/uploads\/2025\/01\/torrent-1-16x12.jpg 16w\" sizes=\"(max-width: 300px) 100vw, 300px\" \/><\/div>\n\t\t<\/a>\n\t\t\t\t<div class=\"elementor-post__text\">\n\t\t\t\t<h3 class=\"elementor-post__title\">\n\t\t\t<a href=\"https:\/\/lavostrallar.com\/noticias\/ca\/precio-de-un-centro-de-dia-para-mayores-en-barcelona\/\" >\n\t\t\t\tPreu d'un Centre de Dia per a Majors a Barcelona \u00b7 La Vostra Llar\t\t\t<\/a>\n\t\t<\/h3>\n\t\t\t\t<div class=\"elementor-post__excerpt\">\n\t\t\t<p>Conocer el precio de un centro de d\u00eda para mayores es uno de los pasos m\u00e1s importantes para las familias que buscan compaginar el cuidado especializado de un familiar con su vida laboral y personal. En Barcelona, contar con un espacio diurno profesional no solo aporta tranquilidad al entorno familiar, sino que garantiza que la persona mayor reciba una atenci\u00f3n integral sin tener que abandonar su hogar.<\/p>\n\t\t<\/div>\n\t\t\n\t\t<a class=\"elementor-post__read-more\" href=\"https:\/\/lavostrallar.com\/noticias\/ca\/precio-de-un-centro-de-dia-para-mayores-en-barcelona\/\" aria-label=\"Read more about Precio de un Centro de D\u00eda para Mayores en Barcelona \u00b7 La Vostra Llar\" tabindex=\"-1\" >\n\t\t\tllegir m\u00e9s\t\t<\/a>\n\n\t\t\t\t<\/div>\n\t\t\t\t<\/article>\n\t\t\t\t<article class=\"elementor-post elementor-grid-item post-35441 post type-post status-publish format-standard has-post-thumbnail hentry category-financiacion category-noticias-blanes category-noticias-clot category-noticias-esplugues category-noticias-gracia category-noticias-la-marina category-noticias-la-rambla category-noticias-les-dalies category-noticias-les-oliveres category-noticias-mataro category-noticias-guell category-noticias-reig category-noticias-terrassa category-residencia-ancianos category-terapia-animales category-terapia-perros category-terapias-con-perros tag-educacion-artistica tag-residencias-de-ancianos tag-salud-y-envejecimiento-activo\" role=\"listitem\">\n\t\t\t\t<a class=\"elementor-post__thumbnail__link\" href=\"https:\/\/lavostrallar.com\/noticias\/ca\/demencia-en-ancianos-deteccion-precoz-e-intervencion-integral\/\" tabindex=\"-1\" >\n\t\t\t<div class=\"elementor-post__thumbnail\"><img decoding=\"async\" width=\"300\" height=\"225\" src=\"https:\/\/lavostrallar.com\/noticias\/wp-content\/uploads\/2026\/04\/670262094_1581353637330750_6849459324650639503_n-300x225.jpg\" class=\"attachment-medium size-medium wp-image-35253\" alt=\"Resid\u00e8ncies per a gent gran\" srcset=\"https:\/\/lavostrallar.com\/noticias\/wp-content\/uploads\/2026\/04\/670262094_1581353637330750_6849459324650639503_n-300x225.jpg 300w, https:\/\/lavostrallar.com\/noticias\/wp-content\/uploads\/2026\/04\/670262094_1581353637330750_6849459324650639503_n-1024x768.jpg 1024w, https:\/\/lavostrallar.com\/noticias\/wp-content\/uploads\/2026\/04\/670262094_1581353637330750_6849459324650639503_n-768x576.jpg 768w, https:\/\/lavostrallar.com\/noticias\/wp-content\/uploads\/2026\/04\/670262094_1581353637330750_6849459324650639503_n-1536x1152.jpg 1536w, https:\/\/lavostrallar.com\/noticias\/wp-content\/uploads\/2026\/04\/670262094_1581353637330750_6849459324650639503_n-16x12.jpg 16w, https:\/\/lavostrallar.com\/noticias\/wp-content\/uploads\/2026\/04\/670262094_1581353637330750_6849459324650639503_n.jpg 2000w\" sizes=\"(max-width: 300px) 100vw, 300px\" \/><\/div>\n\t\t<\/a>\n\t\t\t\t<div class=\"elementor-post__text\">\n\t\t\t\t<h3 class=\"elementor-post__title\">\n\t\t\t<a href=\"https:\/\/lavostrallar.com\/noticias\/ca\/demencia-en-ancianos-deteccion-precoz-e-intervencion-integral\/\" >\n\t\t\t\tDem\u00e8ncia en ancians: detecci\u00f3 preco\u00e7 i intervenci\u00f3 integral\t\t\t<\/a>\n\t\t<\/h3>\n\t\t\t\t<div class=\"elementor-post__excerpt\">\n\t\t\t<p>La demencia en ancianos requiere un abordaje integral y multidisciplinar que permita atender las necesidades espec\u00edficas de cada persona. Aunque el envejecimiento forma parte del ciclo vital, no todos los cambios cognitivos asociados a la edad son normales. Por ello, detectar los primeros s\u00edntomas y actuar de forma temprana resulta fundamental para preservar la autonom\u00eda, mejorar la calidad de vida y ralentizar la progresi\u00f3n de la enfermedad.<\/p>\n\t\t<\/div>\n\t\t\n\t\t<a class=\"elementor-post__read-more\" href=\"https:\/\/lavostrallar.com\/noticias\/ca\/demencia-en-ancianos-deteccion-precoz-e-intervencion-integral\/\" aria-label=\"Read more about Demencia en ancianos: detecci\u00f3n precoz e intervenci\u00f3n integral\" tabindex=\"-1\" >\n\t\t\tllegir m\u00e9s\t\t<\/a>\n\n\t\t\t\t<\/div>\n\t\t\t\t<\/article>\n\t\t\t\t<article class=\"elementor-post elementor-grid-item post-35444 post type-post status-publish format-standard has-post-thumbnail hentry category-alzheimer category-financiacion category-noticias-blanes category-noticias-clot category-noticias-esplugues category-noticias-gracia category-noticias-la-marina category-noticias-la-rambla category-noticias-les-dalies category-noticias-les-oliveres category-noticias-mataro category-noticias-guell category-noticias-reig category-noticias-terrassa category-residencia-ancianos category-terapia-animales category-terapia-perros category-terapias-con-perros tag-residencias-de-ancianos tag-salud-y-envejecimiento-activo\" role=\"listitem\">\n\t\t\t\t<a class=\"elementor-post__thumbnail__link\" href=\"https:\/\/lavostrallar.com\/noticias\/ca\/lista-de-espera-en-residencias-publicas-de-catalunya-que-hacer-mientras-esperas\/\" tabindex=\"-1\" >\n\t\t\t<div class=\"elementor-post__thumbnail\"><img decoding=\"async\" width=\"300\" height=\"169\" src=\"https:\/\/lavostrallar.com\/noticias\/wp-content\/uploads\/2025\/05\/DSC09558-300x169.jpg\" class=\"attachment-medium size-medium wp-image-34710\" alt=\"Resid\u00e8ncies per a gent gran\" srcset=\"https:\/\/lavostrallar.com\/noticias\/wp-content\/uploads\/2025\/05\/DSC09558-300x169.jpg 300w, https:\/\/lavostrallar.com\/noticias\/wp-content\/uploads\/2025\/05\/DSC09558-1024x576.jpg 1024w, https:\/\/lavostrallar.com\/noticias\/wp-content\/uploads\/2025\/05\/DSC09558-768x432.jpg 768w, https:\/\/lavostrallar.com\/noticias\/wp-content\/uploads\/2025\/05\/DSC09558-1536x864.jpg 1536w, https:\/\/lavostrallar.com\/noticias\/wp-content\/uploads\/2025\/05\/DSC09558-scaled.jpg 2048w, https:\/\/lavostrallar.com\/noticias\/wp-content\/uploads\/2025\/05\/DSC09558-18x10.jpg 18w\" sizes=\"(max-width: 300px) 100vw, 300px\" \/><\/div>\n\t\t<\/a>\n\t\t\t\t<div class=\"elementor-post__text\">\n\t\t\t\t<h3 class=\"elementor-post__title\">\n\t\t\t<a href=\"https:\/\/lavostrallar.com\/noticias\/ca\/lista-de-espera-en-residencias-publicas-de-catalunya-que-hacer-mientras-esperas\/\" >\n\t\t\t\tLlista d'espera en resid\u00e8ncies p\u00fabliques de Catalunya: qu\u00e8 fer mentre esperes\t\t\t<\/a>\n\t\t<\/h3>\n\t\t\t\t<div class=\"elementor-post__excerpt\">\n\t\t\t<p>Entrar en la lista de espera residencia p\u00fablica Catalu\u00f1a es una situaci\u00f3n habitual para miles de familias que buscan una plaza de atenci\u00f3n a la dependencia garantizada por la Generalitat. Sin embargo, los tiempos de gesti\u00f3n y la urgencia de los cuidados obligan a conocer a fondo el funcionamiento del sistema y a valorar alternativas habitacionales mientras se resuelve el expediente.<\/p>\n\t\t<\/div>\n\t\t\n\t\t<a class=\"elementor-post__read-more\" href=\"https:\/\/lavostrallar.com\/noticias\/ca\/lista-de-espera-en-residencias-publicas-de-catalunya-que-hacer-mientras-esperas\/\" aria-label=\"Read more about Lista de espera en residencias p\u00fablicas de Catalunya: qu\u00e9 hacer mientras esperas\" tabindex=\"-1\" >\n\t\t\tllegir m\u00e9s\t\t<\/a>\n\n\t\t\t\t<\/div>\n\t\t\t\t<\/article>\n\t\t\t\t<article class=\"elementor-post elementor-grid-item post-35414 post type-post status-publish format-standard has-post-thumbnail hentry category-alzheimer category-destacado category-financiacion category-noticias-blanes category-noticias-clot category-noticias-esplugues category-noticias-gracia category-noticias-la-marina category-noticias-la-rambla category-noticias-les-dalies category-noticias-les-oliveres category-noticias-mataro category-noticias-guell category-noticias-reig category-noticias-terrassa category-residencia-ancianos tag-actividades-para-mayores tag-atencion-centrada-en-la-persona tag-residencias-de-ancianos tag-salud-y-envejecimiento-activo\" role=\"listitem\">\n\t\t\t\t<a class=\"elementor-post__thumbnail__link\" href=\"https:\/\/lavostrallar.com\/noticias\/ca\/ayudas-para-residencias-de-ancianos-y-pension-la-vostra-llar\/\" tabindex=\"-1\" >\n\t\t\t<div class=\"elementor-post__thumbnail\"><img loading=\"lazy\" decoding=\"async\" width=\"300\" height=\"225\" src=\"https:\/\/lavostrallar.com\/noticias\/wp-content\/uploads\/2025\/02\/foto-article-300x225.jpg\" class=\"attachment-medium size-medium wp-image-34468\" alt=\"Resid\u00e8ncies per a gent gran\" srcset=\"https:\/\/lavostrallar.com\/noticias\/wp-content\/uploads\/2025\/02\/foto-article-300x225.jpg 300w, https:\/\/lavostrallar.com\/noticias\/wp-content\/uploads\/2025\/02\/foto-article-1024x768.jpg 1024w, https:\/\/lavostrallar.com\/noticias\/wp-content\/uploads\/2025\/02\/foto-article-768x576.jpg 768w, https:\/\/lavostrallar.com\/noticias\/wp-content\/uploads\/2025\/02\/foto-article-1536x1152.jpg 1536w, https:\/\/lavostrallar.com\/noticias\/wp-content\/uploads\/2025\/02\/foto-article-16x12.jpg 16w, https:\/\/lavostrallar.com\/noticias\/wp-content\/uploads\/2025\/02\/foto-article.jpg 1600w\" sizes=\"(max-width: 300px) 100vw, 300px\" \/><\/div>\n\t\t<\/a>\n\t\t\t\t<div class=\"elementor-post__text\">\n\t\t\t\t<h3 class=\"elementor-post__title\">\n\t\t\t<a href=\"https:\/\/lavostrallar.com\/noticias\/ca\/ayudas-para-residencias-de-ancianos-y-pension-la-vostra-llar\/\" >\n\t\t\t\tAjudes per a Resid\u00e8ncies d'Ancians i Pensi\u00f3 | La Vostra Llar\t\t\t<\/a>\n\t\t<\/h3>\n\t\t\t\t<div class=\"elementor-post__excerpt\">\n\t\t\t<p>Qu\u00e8 passa amb la pensi\u00f3 quan el teu familiar ingressa en una resid\u00e8ncia? Quan una fam\u00edlia planteja l'ingr\u00e9s d'un \u00e9sser estimat en una resid\u00e8ncia<\/p>\n\t\t<\/div>\n\t\t\n\t\t<a class=\"elementor-post__read-more\" href=\"https:\/\/lavostrallar.com\/noticias\/ca\/ayudas-para-residencias-de-ancianos-y-pension-la-vostra-llar\/\" aria-label=\"Read more about Ayudas para Residencias de Ancianos y Pensi\u00f3n | La Vostra Llar\" tabindex=\"-1\" >\n\t\t\tllegir m\u00e9s\t\t<\/a>\n\n\t\t\t\t<\/div>\n\t\t\t\t<\/article>\n\t\t\t\t<article class=\"elementor-post elementor-grid-item post-35405 post type-post status-publish format-standard has-post-thumbnail hentry category-alzheimer category-destacado category-financiacion category-noticias-gracia category-residencia-ancianos tag-actividades-para-mayores tag-atencion-centrada-en-la-persona tag-catalan tag-educacion-artistica tag-residencias-de-ancianos tag-salud-y-envejecimiento-activo tag-terapia\" role=\"listitem\">\n\t\t\t\t<a class=\"elementor-post__thumbnail__link\" href=\"https:\/\/lavostrallar.com\/noticias\/ca\/centro-de-dia-para-personas-con-alzheimer-en-gracia-barcelona\/\" tabindex=\"-1\" >\n\t\t\t<div class=\"elementor-post__thumbnail\"><img loading=\"lazy\" decoding=\"async\" width=\"300\" height=\"225\" src=\"https:\/\/lavostrallar.com\/noticias\/wp-content\/uploads\/2025\/02\/Hort-3-300x225.jpeg\" class=\"attachment-medium size-medium wp-image-34420\" alt=\"\" srcset=\"https:\/\/lavostrallar.com\/noticias\/wp-content\/uploads\/2025\/02\/Hort-3-300x225.jpeg 300w, https:\/\/lavostrallar.com\/noticias\/wp-content\/uploads\/2025\/02\/Hort-3-1024x768.jpeg 1024w, https:\/\/lavostrallar.com\/noticias\/wp-content\/uploads\/2025\/02\/Hort-3-768x576.jpeg 768w, https:\/\/lavostrallar.com\/noticias\/wp-content\/uploads\/2025\/02\/Hort-3-1536x1152.jpeg 1536w, https:\/\/lavostrallar.com\/noticias\/wp-content\/uploads\/2025\/02\/Hort-3-16x12.jpeg 16w, https:\/\/lavostrallar.com\/noticias\/wp-content\/uploads\/2025\/02\/Hort-3.jpeg 2048w\" sizes=\"(max-width: 300px) 100vw, 300px\" \/><\/div>\n\t\t<\/a>\n\t\t\t\t<div class=\"elementor-post__text\">\n\t\t\t\t<h3 class=\"elementor-post__title\">\n\t\t\t<a href=\"https:\/\/lavostrallar.com\/noticias\/ca\/centro-de-dia-para-personas-con-alzheimer-en-gracia-barcelona\/\" >\n\t\t\t\tCentre de dia per a persones amb Alzheimer a Gr\u00e0cia Barcelona\t\t\t<\/a>\n\t\t<\/h3>\n\t\t\t\t<div class=\"elementor-post__excerpt\">\n\t\t\t<p>Centre de dia per a persones amb Alzheimer a Gr\u00e0cia Barcelona \u2013 La Vostra Llar<\/p>\n\t\t<\/div>\n\t\t\n\t\t<a class=\"elementor-post__read-more\" href=\"https:\/\/lavostrallar.com\/noticias\/ca\/centro-de-dia-para-personas-con-alzheimer-en-gracia-barcelona\/\" aria-label=\"Read more about Centro de d\u00eda para personas con Alzheimer en Gr\u00e0cia Barcelona\" tabindex=\"-1\" >\n\t\t\tllegir m\u00e9s\t\t<\/a>\n\n\t\t\t\t<\/div>\n\t\t\t\t<\/article>\n\t\t\t\t<article class=\"elementor-post elementor-grid-item post-35400 post type-post status-publish format-standard has-post-thumbnail hentry category-alzheimer category-destacado category-financiacion category-noticias-blanes category-noticias-clot category-noticias-esplugues category-noticias-gracia category-noticias-la-marina category-noticias-la-rambla category-noticias-les-dalies category-noticias-les-oliveres category-noticias-mataro category-noticias-guell category-noticias-reig category-noticias-terrassa category-residencia-ancianos tag-actividades-para-mayores tag-atencion-centrada-en-la-persona tag-educacion-artistica tag-residencias-de-ancianos tag-salud-y-envejecimiento-activo\" role=\"listitem\">\n\t\t\t\t<a class=\"elementor-post__thumbnail__link\" href=\"https:\/\/lavostrallar.com\/noticias\/ca\/la-vostra-llar-residencias-especializadas-en-alzheimer\/\" tabindex=\"-1\" >\n\t\t\t<div class=\"elementor-post__thumbnail\"><img loading=\"lazy\" decoding=\"async\" width=\"225\" height=\"300\" src=\"https:\/\/lavostrallar.com\/noticias\/wp-content\/uploads\/2025\/08\/514899012_122176675424333201_3115155792619148381_n-225x300.jpg\" class=\"attachment-medium size-medium wp-image-34923\" alt=\"Resid\u00e8ncies per a gent gran\" srcset=\"https:\/\/lavostrallar.com\/noticias\/wp-content\/uploads\/2025\/08\/514899012_122176675424333201_3115155792619148381_n-225x300.jpg 225w, https:\/\/lavostrallar.com\/noticias\/wp-content\/uploads\/2025\/08\/514899012_122176675424333201_3115155792619148381_n-768x1024.jpg 768w, https:\/\/lavostrallar.com\/noticias\/wp-content\/uploads\/2025\/08\/514899012_122176675424333201_3115155792619148381_n-1152x1536.jpg 1152w, https:\/\/lavostrallar.com\/noticias\/wp-content\/uploads\/2025\/08\/514899012_122176675424333201_3115155792619148381_n-9x12.jpg 9w, https:\/\/lavostrallar.com\/noticias\/wp-content\/uploads\/2025\/08\/514899012_122176675424333201_3115155792619148381_n.jpg 1536w\" sizes=\"(max-width: 225px) 100vw, 225px\" \/><\/div>\n\t\t<\/a>\n\t\t\t\t<div class=\"elementor-post__text\">\n\t\t\t\t<h3 class=\"elementor-post__title\">\n\t\t\t<a href=\"https:\/\/lavostrallar.com\/noticias\/ca\/la-vostra-llar-residencias-especializadas-en-alzheimer\/\" >\n\t\t\t\tCuidar a un Familiar amb Alzheimer a casa | La Vostra Llar\t\t\t<\/a>\n\t\t<\/h3>\n\t\t\t\t<div class=\"elementor-post__excerpt\">\n\t\t\t<p>El desgast invisible del cuidador d'Alzheimer\nQuan la cura a la llar es torna insostenible, la cerca de resid\u00e8ncies especialitzades en Alzheimer es converteix...<\/p>\n\t\t<\/div>\n\t\t\n\t\t<a class=\"elementor-post__read-more\" href=\"https:\/\/lavostrallar.com\/noticias\/ca\/la-vostra-llar-residencias-especializadas-en-alzheimer\/\" aria-label=\"Read more about Cuidar a un Familiar con Alzheimer en Casa | La Vostra Llar\" tabindex=\"-1\" >\n\t\t\tllegir m\u00e9s\t\t<\/a>\n\n\t\t\t\t<\/div>\n\t\t\t\t<\/article>\n\t\t\t\t<article class=\"elementor-post elementor-grid-item post-35371 post type-post status-publish format-standard has-post-thumbnail hentry category-financiacion category-noticias-blanes category-noticias-clot category-noticias-esplugues category-noticias-gracia category-noticias-la-marina category-noticias-la-rambla category-noticias-les-dalies category-noticias-les-oliveres category-noticias-mataro category-noticias-guell category-noticias-reig category-noticias-terrassa category-residencia-ancianos tag-educacion-artistica tag-residencias-de-ancianos tag-salud-y-envejecimiento-activo tag-talleres\" role=\"listitem\">\n\t\t\t\t<a class=\"elementor-post__thumbnail__link\" href=\"https:\/\/lavostrallar.com\/noticias\/ca\/ayudas-para-residencias-de-ancianos\/\" tabindex=\"-1\" >\n\t\t\t<div class=\"elementor-post__thumbnail\"><img loading=\"lazy\" decoding=\"async\" width=\"300\" height=\"194\" src=\"https:\/\/lavostrallar.com\/noticias\/wp-content\/uploads\/2026\/05\/d63dfe68-fe16-4a6a-80fd-41424d5376fa-300x194.jpg\" class=\"attachment-medium size-medium wp-image-35380\" alt=\"\" srcset=\"https:\/\/lavostrallar.com\/noticias\/wp-content\/uploads\/2026\/05\/d63dfe68-fe16-4a6a-80fd-41424d5376fa-300x194.jpg 300w, https:\/\/lavostrallar.com\/noticias\/wp-content\/uploads\/2026\/05\/d63dfe68-fe16-4a6a-80fd-41424d5376fa-1024x663.jpg 1024w, https:\/\/lavostrallar.com\/noticias\/wp-content\/uploads\/2026\/05\/d63dfe68-fe16-4a6a-80fd-41424d5376fa-768x497.jpg 768w, https:\/\/lavostrallar.com\/noticias\/wp-content\/uploads\/2026\/05\/d63dfe68-fe16-4a6a-80fd-41424d5376fa-1536x994.jpg 1536w, https:\/\/lavostrallar.com\/noticias\/wp-content\/uploads\/2026\/05\/d63dfe68-fe16-4a6a-80fd-41424d5376fa-18x12.jpg 18w, https:\/\/lavostrallar.com\/noticias\/wp-content\/uploads\/2026\/05\/d63dfe68-fe16-4a6a-80fd-41424d5376fa.jpg 1594w\" sizes=\"(max-width: 300px) 100vw, 300px\" \/><\/div>\n\t\t<\/a>\n\t\t\t\t<div class=\"elementor-post__text\">\n\t\t\t\t<h3 class=\"elementor-post__title\">\n\t\t\t<a href=\"https:\/\/lavostrallar.com\/noticias\/ca\/ayudas-para-residencias-de-ancianos\/\" >\n\t\t\t\tAjudes per a resid\u00e8ncies d'ancians\t\t\t<\/a>\n\t\t<\/h3>\n\t\t\t\t<div class=\"elementor-post__excerpt\">\n\t\t\t<p>Solicitar les ajudes per a resid\u00e8ncies d'avis \u00e9s un pas fonamental per a moltes fam\u00edlies que busquen garantir la millor cura per als seus grans. Aquesta decisi\u00f3,<\/p>\n\t\t<\/div>\n\t\t\n\t\t<a class=\"elementor-post__read-more\" href=\"https:\/\/lavostrallar.com\/noticias\/ca\/ayudas-para-residencias-de-ancianos\/\" aria-label=\"Read more about Ayudas para residencias de ancianos\" tabindex=\"-1\" >\n\t\t\tllegir m\u00e9s\t\t<\/a>\n\n\t\t\t\t<\/div>\n\t\t\t\t<\/article>\n\t\t\t\t<article class=\"elementor-post elementor-grid-item post-35223 post type-post status-publish format-standard has-post-thumbnail hentry category-financiacion category-noticias-clot category-noticias-esplugues category-noticias-gracia category-noticias-la-marina category-noticias-la-rambla category-noticias-les-dalies category-noticias-mataro category-noticias-guell category-noticias-reig category-noticias-terrassa category-residencia-ancianos tag-actividades-para-mayores tag-residencias-de-ancianos tag-salud-y-envejecimiento-activo tag-terapia\" role=\"listitem\">\n\t\t\t\t<a class=\"elementor-post__thumbnail__link\" href=\"https:\/\/lavostrallar.com\/noticias\/ca\/cuanto-vale-una-residencia-de-ancianos-en-barcelona\/\" tabindex=\"-1\" >\n\t\t\t<div class=\"elementor-post__thumbnail\"><img loading=\"lazy\" decoding=\"async\" width=\"300\" height=\"200\" src=\"https:\/\/lavostrallar.com\/noticias\/wp-content\/uploads\/2024\/05\/@marcasensio_foto_TallersResidencia_SyntheticMemories7-300x200.jpg\" class=\"attachment-medium size-medium wp-image-32645\" alt=\"Mem\u00f2ries sint\u00e8tiques\" srcset=\"https:\/\/lavostrallar.com\/noticias\/wp-content\/uploads\/2024\/05\/@marcasensio_foto_TallersResidencia_SyntheticMemories7-300x200.jpg 300w, https:\/\/lavostrallar.com\/noticias\/wp-content\/uploads\/2024\/05\/@marcasensio_foto_TallersResidencia_SyntheticMemories7-1024x683.jpg 1024w, https:\/\/lavostrallar.com\/noticias\/wp-content\/uploads\/2024\/05\/@marcasensio_foto_TallersResidencia_SyntheticMemories7-768x512.jpg 768w, https:\/\/lavostrallar.com\/noticias\/wp-content\/uploads\/2024\/05\/@marcasensio_foto_TallersResidencia_SyntheticMemories7-1536x1024.jpg 1536w, https:\/\/lavostrallar.com\/noticias\/wp-content\/uploads\/2024\/05\/@marcasensio_foto_TallersResidencia_SyntheticMemories7-scaled.jpg 2048w, https:\/\/lavostrallar.com\/noticias\/wp-content\/uploads\/2024\/05\/@marcasensio_foto_TallersResidencia_SyntheticMemories7-18x12.jpg 18w\" sizes=\"(max-width: 300px) 100vw, 300px\" \/><\/div>\n\t\t<\/a>\n\t\t\t\t<div class=\"elementor-post__text\">\n\t\t\t\t<h3 class=\"elementor-post__title\">\n\t\t\t<a href=\"https:\/\/lavostrallar.com\/noticias\/ca\/cuanto-vale-una-residencia-de-ancianos-en-barcelona\/\" >\n\t\t\t\tQuant costa una resid\u00e8ncia d'ancians a Barcelona\t\t\t<\/a>\n\t\t<\/h3>\n\t\t\t\t<div class=\"elementor-post__excerpt\">\n\t\t\t<p>Introduir un familiar en una resid\u00e8ncia de gent gran \u00e9s una decisi\u00f3 important tant a nivell emocional com econ\u00f2mic. Moltes fam\u00edlies es pregunten quant val<\/p>\n\t\t<\/div>\n\t\t\n\t\t<a class=\"elementor-post__read-more\" href=\"https:\/\/lavostrallar.com\/noticias\/ca\/cuanto-vale-una-residencia-de-ancianos-en-barcelona\/\" aria-label=\"Read more about Cu\u00e1nto vale una residencia de ancianos en Barcelona\" tabindex=\"-1\" >\n\t\t\tllegir m\u00e9s\t\t<\/a>\n\n\t\t\t\t<\/div>\n\t\t\t\t<\/article>\n\t\t\t\t<article class=\"elementor-post elementor-grid-item post-34872 post type-post status-publish format-standard has-post-thumbnail hentry category-financiacion category-noticias-blanes category-noticias-clot category-noticias-esplugues category-noticias-gracia category-noticias-la-marina category-noticias-la-rambla category-noticias-les-dalies category-noticias-les-oliveres category-noticias-mataro category-noticias-guell category-noticias-reig category-noticias-terrassa category-residencia-ancianos tag-atencion-centrada-en-la-persona tag-residencias-de-ancianos tag-salud-y-envejecimiento-activo\" role=\"listitem\">\n\t\t\t\t<a class=\"elementor-post__thumbnail__link\" href=\"https:\/\/lavostrallar.com\/noticias\/ca\/planificacion-financiera-para-residencias-como-afrontar-su-coste\/\" tabindex=\"-1\" >\n\t\t\t<div class=\"elementor-post__thumbnail\"><img loading=\"lazy\" decoding=\"async\" width=\"225\" height=\"300\" src=\"https:\/\/lavostrallar.com\/noticias\/wp-content\/uploads\/2025\/10\/planificacion_financiera-225x300.jpg\" class=\"attachment-medium size-medium wp-image-35066\" alt=\"Resid\u00e8ncies per a gent gran\" srcset=\"https:\/\/lavostrallar.com\/noticias\/wp-content\/uploads\/2025\/10\/planificacion_financiera-225x300.jpg 225w, https:\/\/lavostrallar.com\/noticias\/wp-content\/uploads\/2025\/10\/planificacion_financiera-768x1024.jpg 768w, https:\/\/lavostrallar.com\/noticias\/wp-content\/uploads\/2025\/10\/planificacion_financiera-1152x1536.jpg 1152w, https:\/\/lavostrallar.com\/noticias\/wp-content\/uploads\/2025\/10\/planificacion_financiera-9x12.jpg 9w, https:\/\/lavostrallar.com\/noticias\/wp-content\/uploads\/2025\/10\/planificacion_financiera.jpg 1536w\" sizes=\"(max-width: 225px) 100vw, 225px\" \/><\/div>\n\t\t<\/a>\n\t\t\t\t<div class=\"elementor-post__text\">\n\t\t\t\t<h3 class=\"elementor-post__title\">\n\t\t\t<a href=\"https:\/\/lavostrallar.com\/noticias\/ca\/planificacion-financiera-para-residencias-como-afrontar-su-coste\/\" >\n\t\t\t\tPlanificaci\u00f3 financera per a resid\u00e8ncies: Com afrontar-ne el cost\t\t\t<\/a>\n\t\t<\/h3>\n\t\t\t\t<div class=\"elementor-post__excerpt\">\n\t\t\t<p>L'ingr\u00e9s en una resid\u00e8ncia pot ser una decisi\u00f3 emocionalment dif\u00edcil, per\u00f2 tamb\u00e9 implica una planificaci\u00f3 financera responsable. El cost d'una pla\u00e7a residencial pot<\/p>\n\t\t<\/div>\n\t\t\n\t\t<a class=\"elementor-post__read-more\" href=\"https:\/\/lavostrallar.com\/noticias\/ca\/planificacion-financiera-para-residencias-como-afrontar-su-coste\/\" aria-label=\"Read more about Planificaci\u00f3n financiera para residencias: C\u00f3mo afrontar su coste\" tabindex=\"-1\" >\n\t\t\tllegir m\u00e9s\t\t<\/a>\n\n\t\t\t\t<\/div>\n\t\t\t\t<\/article>\n\t\t\t\t<article class=\"elementor-post elementor-grid-item post-34849 post type-post status-publish format-standard has-post-thumbnail hentry category-financiacion category-noticias-blanes category-noticias-clot category-noticias-esplugues category-noticias-gracia category-noticias-la-marina category-noticias-la-rambla category-noticias-les-dalies category-noticias-les-oliveres category-noticias-mataro category-noticias-guell category-noticias-reig category-noticias-terrassa category-residencia-ancianos tag-financiacion-de-residencia tag-financiar-residencia-barcelona tag-financiar-residencia-mayores tag-residencias-de-ancianos tag-salud-y-envejecimiento-activo\" role=\"listitem\">\n\t\t\t\t<a class=\"elementor-post__thumbnail__link\" href=\"https:\/\/lavostrallar.com\/noticias\/ca\/cuanto-cuesta-residencia-ancianos\/\" tabindex=\"-1\" >\n\t\t\t<div class=\"elementor-post__thumbnail\"><img loading=\"lazy\" decoding=\"async\" width=\"300\" height=\"200\" src=\"https:\/\/lavostrallar.com\/noticias\/wp-content\/uploads\/2025\/01\/1-300x200.jpg\" class=\"attachment-medium size-medium wp-image-34174\" alt=\"Resid\u00e8ncia d&#039;avis\" srcset=\"https:\/\/lavostrallar.com\/noticias\/wp-content\/uploads\/2025\/01\/1-300x200.jpg 300w, https:\/\/lavostrallar.com\/noticias\/wp-content\/uploads\/2025\/01\/1-1024x683.jpg 1024w, https:\/\/lavostrallar.com\/noticias\/wp-content\/uploads\/2025\/01\/1-768x512.jpg 768w, https:\/\/lavostrallar.com\/noticias\/wp-content\/uploads\/2025\/01\/1-18x12.jpg 18w, https:\/\/lavostrallar.com\/noticias\/wp-content\/uploads\/2025\/01\/1.jpg 1134w\" sizes=\"(max-width: 300px) 100vw, 300px\" \/><\/div>\n\t\t<\/a>\n\t\t\t\t<div class=\"elementor-post__text\">\n\t\t\t\t<h3 class=\"elementor-post__title\">\n\t\t\t<a href=\"https:\/\/lavostrallar.com\/noticias\/ca\/cuanto-cuesta-residencia-ancianos\/\" >\n\t\t\t\tQuant costa una resid\u00e8ncia de gent gran? Preus, serveis i ajudes disponibles\t\t\t<\/a>\n\t\t<\/h3>\n\t\t\t\t<div class=\"elementor-post__excerpt\">\n\t\t\t<p>Et preguntes quant costa una resid\u00e8ncia de gent gran a Espanya? Con\u00e8ixer el preu d\u2019una resid\u00e8ncia per a persones grans \u00e9s fonamental per planificar adequadament aquesta etapa<\/p>\n\t\t<\/div>\n\t\t\n\t\t<a class=\"elementor-post__read-more\" href=\"https:\/\/lavostrallar.com\/noticias\/ca\/cuanto-cuesta-residencia-ancianos\/\" aria-label=\"Read more about \u00bfCu\u00e1nto cuesta una residencia de ancianos? Precios, servicios y ayudas disponibles\" tabindex=\"-1\" >\n\t\t\tllegir m\u00e9s\t\t<\/a>\n\n\t\t\t\t<\/div>\n\t\t\t\t<\/article>\n\t\t\t\t<article class=\"elementor-post elementor-grid-item post-34704 post type-post status-publish format-standard has-post-thumbnail hentry category-financiacion category-noticias-blanes category-noticias-clot category-noticias-esplugues category-noticias-gracia category-noticias-la-marina category-noticias-la-rambla category-noticias-les-dalies category-noticias-les-oliveres category-noticias-mataro category-noticias-guell category-noticias-reig category-noticias-terrassa tag-ayudas-para-residencias tag-ayudas-y-pevs tag-como-pagar-una-residencia tag-financiacion-residencias-2 tag-pevs-para-residencias tag-precio-centro-de-dia-2 tag-que-vale-una-residencia tag-subvenciones-residencias\" role=\"listitem\">\n\t\t\t\t<a class=\"elementor-post__thumbnail__link\" href=\"https:\/\/lavostrallar.com\/noticias\/ca\/ayudas-y-pevs-para-residencias-en-cataluna-guia-2025\/\" tabindex=\"-1\" >\n\t\t\t<div class=\"elementor-post__thumbnail\"><img loading=\"lazy\" decoding=\"async\" width=\"300\" height=\"169\" src=\"https:\/\/lavostrallar.com\/noticias\/wp-content\/uploads\/2025\/05\/DSC00034-300x169.jpg\" class=\"attachment-medium size-medium wp-image-34709\" alt=\"Ajudes i PEVS per a resid\u00e8ncies a Catalunya: Guia pr\u00e0ctica 2025\" srcset=\"https:\/\/lavostrallar.com\/noticias\/wp-content\/uploads\/2025\/05\/DSC00034-300x169.jpg 300w, https:\/\/lavostrallar.com\/noticias\/wp-content\/uploads\/2025\/05\/DSC00034-1024x576.jpg 1024w, https:\/\/lavostrallar.com\/noticias\/wp-content\/uploads\/2025\/05\/DSC00034-768x432.jpg 768w, https:\/\/lavostrallar.com\/noticias\/wp-content\/uploads\/2025\/05\/DSC00034-1536x864.jpg 1536w, https:\/\/lavostrallar.com\/noticias\/wp-content\/uploads\/2025\/05\/DSC00034-scaled.jpg 2048w, https:\/\/lavostrallar.com\/noticias\/wp-content\/uploads\/2025\/05\/DSC00034-18x10.jpg 18w\" sizes=\"(max-width: 300px) 100vw, 300px\" \/><\/div>\n\t\t<\/a>\n\t\t\t\t<div class=\"elementor-post__text\">\n\t\t\t\t<h3 class=\"elementor-post__title\">\n\t\t\t<a href=\"https:\/\/lavostrallar.com\/noticias\/ca\/ayudas-y-pevs-para-residencias-en-cataluna-guia-2025\/\" >\n\t\t\t\tAjudes i PEVS per a resid\u00e8ncies a Catalunya: Guia pr\u00e0ctica 2025\t\t\t<\/a>\n\t\t<\/h3>\n\t\t\t\t<div class=\"elementor-post__excerpt\">\n\t\t\t<p>L\u2019acc\u00e9s a una resid\u00e8ncia per a persones grans pot suposar una despesa important per a moltes fam\u00edlies. Per aix\u00f2, con\u00e8ixer les ajudes per a resid\u00e8ncies a Catalunya, especialment la Prestaci\u00f3 Econ\u00f2mica Vinculada al Servei (PEVS), \u00e9s fonamental per planificar l\u2019ingr\u00e9s d\u2019un \u00e9sser estimat amb tranquil\u00b7litat i garanties.<\/p>\n\t\t<\/div>\n\t\t\n\t\t<a class=\"elementor-post__read-more\" href=\"https:\/\/lavostrallar.com\/noticias\/ca\/ayudas-y-pevs-para-residencias-en-cataluna-guia-2025\/\" aria-label=\"Read more about Ayudas y PEVS para residencias en Catalu\u00f1a: Gu\u00eda pr\u00e1ctica 2025\" tabindex=\"-1\" >\n\t\t\tllegir m\u00e9s\t\t<\/a>\n\n\t\t\t\t<\/div>\n\t\t\t\t<\/article>\n\t\t\t\t<article class=\"elementor-post elementor-grid-item post-34569 post type-post status-publish format-standard has-post-thumbnail hentry category-financiacion category-noticias-blanes category-noticias-clot category-noticias-esplugues category-noticias-gracia category-noticias-la-marina category-noticias-la-rambla category-noticias-les-dalies category-noticias-les-oliveres category-noticias-mataro category-noticias-guell category-noticias-reig category-noticias-terrassa tag-como-pagar-una-residencia tag-financiacion-residencias tag-precio-centro-de-dia tag-precio-la-vostra-llar tag-precio-residencia-ancianos tag-que-vale-una-residencia tag-residencias-de-ancianos\" role=\"listitem\">\n\t\t\t\t<a class=\"elementor-post__thumbnail__link\" href=\"https:\/\/lavostrallar.com\/noticias\/ca\/como-financiar-una-residencia-o-centro-de-dia-opciones-y-ayudas-disponibles\/\" tabindex=\"-1\" >\n\t\t\t<div class=\"elementor-post__thumbnail\"><img loading=\"lazy\" decoding=\"async\" width=\"300\" height=\"127\" src=\"https:\/\/lavostrallar.com\/noticias\/wp-content\/uploads\/2025\/04\/Cumple_Terrassa-300x127.jpg\" class=\"attachment-medium size-medium wp-image-34578\" alt=\"Resid\u00e8ncies especialitzades en Alzheimer\" srcset=\"https:\/\/lavostrallar.com\/noticias\/wp-content\/uploads\/2025\/04\/Cumple_Terrassa-300x127.jpg 300w, https:\/\/lavostrallar.com\/noticias\/wp-content\/uploads\/2025\/04\/Cumple_Terrassa-1024x433.jpg 1024w, https:\/\/lavostrallar.com\/noticias\/wp-content\/uploads\/2025\/04\/Cumple_Terrassa-768x324.jpg 768w, https:\/\/lavostrallar.com\/noticias\/wp-content\/uploads\/2025\/04\/Cumple_Terrassa-1536x649.jpg 1536w, https:\/\/lavostrallar.com\/noticias\/wp-content\/uploads\/2025\/04\/Cumple_Terrassa-18x8.jpg 18w, https:\/\/lavostrallar.com\/noticias\/wp-content\/uploads\/2025\/04\/Cumple_Terrassa.jpg 1600w\" sizes=\"(max-width: 300px) 100vw, 300px\" \/><\/div>\n\t\t<\/a>\n\t\t\t\t<div class=\"elementor-post__text\">\n\t\t\t\t<h3 class=\"elementor-post__title\">\n\t\t\t<a href=\"https:\/\/lavostrallar.com\/noticias\/ca\/como-financiar-una-residencia-o-centro-de-dia-opciones-y-ayudas-disponibles\/\" >\n\t\t\t\tCom finan\u00e7ar una resid\u00e8ncia o centre de dia: opcions i ajudes disponibles\t\t\t<\/a>\n\t\t<\/h3>\n\t\t\t\t<div class=\"elementor-post__excerpt\">\n\t\t\t<p>Est\u00e0s buscant opcions per a finan\u00e7ar una resid\u00e8ncia o centre de dia? A La Vostra Llar t'ajudem a trobar la millor soluci\u00f3. Descobreix a aquesta<\/p>\n\t\t<\/div>\n\t\t\n\t\t<a class=\"elementor-post__read-more\" href=\"https:\/\/lavostrallar.com\/noticias\/ca\/como-financiar-una-residencia-o-centro-de-dia-opciones-y-ayudas-disponibles\/\" aria-label=\"Read more about C\u00f3mo financiar una residencia o centro de d\u00eda: opciones y ayudas disponibles\" tabindex=\"-1\" >\n\t\t\tllegir m\u00e9s\t\t<\/a>\n\n\t\t\t\t<\/div>\n\t\t\t\t<\/article>\n\t\t\t\t<article class=\"elementor-post elementor-grid-item post-34319 post type-post status-publish format-standard has-post-thumbnail hentry category-financiacion category-noticias-blanes category-noticias-clot category-noticias-esplugues category-noticias-gracia category-noticias-la-marina category-noticias-la-rambla category-noticias-les-dalies category-noticias-les-oliveres category-noticias-mataro category-noticias-guell category-noticias-reig category-noticias-terrassa tag-financiar-una-residencia tag-gastos-residencia-de-mayores tag-planificacion-financiera-2 tag-precio-residencia-ancianos tag-residencias-de-ancianos\" role=\"listitem\">\n\t\t\t\t<a class=\"elementor-post__thumbnail__link\" href=\"https:\/\/lavostrallar.com\/noticias\/ca\/planificacion-financiera-para-el-cuidado-de-una-persona-mayor\/\" tabindex=\"-1\" >\n\t\t\t<div class=\"elementor-post__thumbnail\"><img loading=\"lazy\" decoding=\"async\" width=\"300\" height=\"168\" src=\"https:\/\/lavostrallar.com\/noticias\/wp-content\/uploads\/2025\/02\/Familia_Gracia-300x168.jpg\" class=\"attachment-medium size-medium wp-image-34320\" alt=\"Planificaci\u00f3 financera\" srcset=\"https:\/\/lavostrallar.com\/noticias\/wp-content\/uploads\/2025\/02\/Familia_Gracia-300x168.jpg 300w, https:\/\/lavostrallar.com\/noticias\/wp-content\/uploads\/2025\/02\/Familia_Gracia-1024x574.jpg 1024w, https:\/\/lavostrallar.com\/noticias\/wp-content\/uploads\/2025\/02\/Familia_Gracia-768x431.jpg 768w, https:\/\/lavostrallar.com\/noticias\/wp-content\/uploads\/2025\/02\/Familia_Gracia-1536x861.jpg 1536w, https:\/\/lavostrallar.com\/noticias\/wp-content\/uploads\/2025\/02\/Familia_Gracia-18x10.jpg 18w, https:\/\/lavostrallar.com\/noticias\/wp-content\/uploads\/2025\/02\/Familia_Gracia.jpg 2048w\" sizes=\"(max-width: 300px) 100vw, 300px\" \/><\/div>\n\t\t<\/a>\n\t\t\t\t<div class=\"elementor-post__text\">\n\t\t\t\t<h3 class=\"elementor-post__title\">\n\t\t\t<a href=\"https:\/\/lavostrallar.com\/noticias\/ca\/planificacion-financiera-para-el-cuidado-de-una-persona-mayor\/\" >\n\t\t\t\tPlanificaci\u00f3 financera per a la cura d'una persona gran\t\t\t<\/a>\n\t\t<\/h3>\n\t\t\t\t<div class=\"elementor-post__excerpt\">\n\t\t\t<p>La cura d'una persona gran requereix una planificaci\u00f3 financera acurada que garanteixi el seu benestar i tranquil\u00b7litat. Calcular el cost d'una resid\u00e8ncia o un<\/p>\n\t\t<\/div>\n\t\t\n\t\t<a class=\"elementor-post__read-more\" href=\"https:\/\/lavostrallar.com\/noticias\/ca\/planificacion-financiera-para-el-cuidado-de-una-persona-mayor\/\" aria-label=\"Read more about Planificaci\u00f3n financiera para el cuidado de una persona mayor\" tabindex=\"-1\" >\n\t\t\tllegir m\u00e9s\t\t<\/a>\n\n\t\t\t\t<\/div>\n\t\t\t\t<\/article>\n\t\t\t\t<\/div>\n\t\t\n\t\t\t\t\t\t<\/div>\n\t\t\t\t<\/div>\n\t\t\t\t<div class=\"elementor-element elementor-element-6ad2e0db elementor-posts--align-left elementor-grid-3 elementor-grid-tablet-2 elementor-grid-mobile-1 elementor-posts--thumbnail-top load-more-align-center elementor-widget elementor-widget-posts\" data-id=\"6ad2e0db\" data-element_type=\"widget\" data-e-type=\"widget\" id=\"noticiasEsp\" data-settings=\"{&quot;pagination_type&quot;:&quot;load_more_on_click&quot;,&quot;classic_columns&quot;:&quot;3&quot;,&quot;classic_columns_tablet&quot;:&quot;2&quot;,&quot;classic_columns_mobile&quot;:&quot;1&quot;,&quot;classic_row_gap&quot;:{&quot;unit&quot;:&quot;px&quot;,&quot;size&quot;:35,&quot;sizes&quot;:[]},&quot;classic_row_gap_tablet&quot;:{&quot;unit&quot;:&quot;px&quot;,&quot;size&quot;:&quot;&quot;,&quot;sizes&quot;:[]},&quot;classic_row_gap_mobile&quot;:{&quot;unit&quot;:&quot;px&quot;,&quot;size&quot;:&quot;&quot;,&quot;sizes&quot;:[]},&quot;load_more_spinner&quot;:{&quot;value&quot;:&quot;fas fa-spinner&quot;,&quot;library&quot;:&quot;fa-solid&quot;}}\" data-widget_type=\"posts.classic\">\n\t\t\t\t<div class=\"elementor-widget-container\">\n\t\t\t\t\t\t\t<div class=\"elementor-posts-container elementor-posts elementor-posts--skin-classic elementor-grid\" role=\"list\">\n\t\t\t\t<article class=\"elementor-post elementor-grid-item post-35448 post type-post status-publish format-standard has-post-thumbnail hentry category-alzheimer category-financiacion category-ictus category-noticias-blanes category-noticias-clot category-noticias-esplugues category-noticias-gracia category-noticias-la-marina category-noticias-la-rambla category-noticias-les-dalies category-noticias-les-oliveres category-noticias-mataro category-noticias-guell category-noticias-reig category-noticias-terrassa category-residencia-ancianos\" role=\"listitem\">\n\t\t\t\t<a class=\"elementor-post__thumbnail__link\" href=\"https:\/\/lavostrallar.com\/noticias\/ca\/precio-de-un-centro-de-dia-para-mayores-en-barcelona\/\" tabindex=\"-1\" >\n\t\t\t<div class=\"elementor-post__thumbnail\"><img fetchpriority=\"high\" decoding=\"async\" width=\"300\" height=\"227\" src=\"https:\/\/lavostrallar.com\/noticias\/wp-content\/uploads\/2025\/01\/torrent-1-300x227.jpg\" class=\"attachment-medium size-medium wp-image-34192\" alt=\"Resid\u00e8ncies per a gent gran\" srcset=\"https:\/\/lavostrallar.com\/noticias\/wp-content\/uploads\/2025\/01\/torrent-1-300x227.jpg 300w, https:\/\/lavostrallar.com\/noticias\/wp-content\/uploads\/2025\/01\/torrent-1-1024x776.jpg 1024w, https:\/\/lavostrallar.com\/noticias\/wp-content\/uploads\/2025\/01\/torrent-1-768x582.jpg 768w, https:\/\/lavostrallar.com\/noticias\/wp-content\/uploads\/2025\/01\/torrent-1-1536x1164.jpg 1536w, https:\/\/lavostrallar.com\/noticias\/wp-content\/uploads\/2025\/01\/torrent-1-scaled.jpg 2048w, https:\/\/lavostrallar.com\/noticias\/wp-content\/uploads\/2025\/01\/torrent-1-16x12.jpg 16w\" sizes=\"(max-width: 300px) 100vw, 300px\" \/><\/div>\n\t\t<\/a>\n\t\t\t\t<div class=\"elementor-post__text\">\n\t\t\t\t<h3 class=\"elementor-post__title\">\n\t\t\t<a href=\"https:\/\/lavostrallar.com\/noticias\/ca\/precio-de-un-centro-de-dia-para-mayores-en-barcelona\/\" >\n\t\t\t\tPreu d'un Centre de Dia per a Majors a Barcelona \u00b7 La Vostra Llar\t\t\t<\/a>\n\t\t<\/h3>\n\t\t\t\t<div class=\"elementor-post__excerpt\">\n\t\t\t<p>Conocer el precio de un centro de d\u00eda para mayores es uno de los pasos m\u00e1s importantes para las familias que buscan compaginar el cuidado especializado de un familiar con su vida laboral y personal. En Barcelona, contar con un espacio diurno profesional no solo aporta tranquilidad al entorno familiar, sino que garantiza que la persona mayor reciba una atenci\u00f3n integral sin tener que abandonar su hogar.<\/p>\n\t\t<\/div>\n\t\t\n\t\t<a class=\"elementor-post__read-more\" href=\"https:\/\/lavostrallar.com\/noticias\/ca\/precio-de-un-centro-de-dia-para-mayores-en-barcelona\/\" aria-label=\"Read more about Precio de un Centro de D\u00eda para Mayores en Barcelona \u00b7 La Vostra Llar\" tabindex=\"-1\" >\n\t\t\tllegir m\u00e9s\t\t<\/a>\n\n\t\t\t\t<\/div>\n\t\t\t\t<\/article>\n\t\t\t\t<article class=\"elementor-post elementor-grid-item post-35441 post type-post status-publish format-standard has-post-thumbnail hentry category-financiacion category-noticias-blanes category-noticias-clot category-noticias-esplugues category-noticias-gracia category-noticias-la-marina category-noticias-la-rambla category-noticias-les-dalies category-noticias-les-oliveres category-noticias-mataro category-noticias-guell category-noticias-reig category-noticias-terrassa category-residencia-ancianos category-terapia-animales category-terapia-perros category-terapias-con-perros tag-educacion-artistica tag-residencias-de-ancianos tag-salud-y-envejecimiento-activo\" role=\"listitem\">\n\t\t\t\t<a class=\"elementor-post__thumbnail__link\" href=\"https:\/\/lavostrallar.com\/noticias\/ca\/demencia-en-ancianos-deteccion-precoz-e-intervencion-integral\/\" tabindex=\"-1\" >\n\t\t\t<div class=\"elementor-post__thumbnail\"><img decoding=\"async\" width=\"300\" height=\"225\" src=\"https:\/\/lavostrallar.com\/noticias\/wp-content\/uploads\/2026\/04\/670262094_1581353637330750_6849459324650639503_n-300x225.jpg\" class=\"attachment-medium size-medium wp-image-35253\" alt=\"Resid\u00e8ncies per a gent gran\" srcset=\"https:\/\/lavostrallar.com\/noticias\/wp-content\/uploads\/2026\/04\/670262094_1581353637330750_6849459324650639503_n-300x225.jpg 300w, https:\/\/lavostrallar.com\/noticias\/wp-content\/uploads\/2026\/04\/670262094_1581353637330750_6849459324650639503_n-1024x768.jpg 1024w, https:\/\/lavostrallar.com\/noticias\/wp-content\/uploads\/2026\/04\/670262094_1581353637330750_6849459324650639503_n-768x576.jpg 768w, https:\/\/lavostrallar.com\/noticias\/wp-content\/uploads\/2026\/04\/670262094_1581353637330750_6849459324650639503_n-1536x1152.jpg 1536w, https:\/\/lavostrallar.com\/noticias\/wp-content\/uploads\/2026\/04\/670262094_1581353637330750_6849459324650639503_n-16x12.jpg 16w, https:\/\/lavostrallar.com\/noticias\/wp-content\/uploads\/2026\/04\/670262094_1581353637330750_6849459324650639503_n.jpg 2000w\" sizes=\"(max-width: 300px) 100vw, 300px\" \/><\/div>\n\t\t<\/a>\n\t\t\t\t<div class=\"elementor-post__text\">\n\t\t\t\t<h3 class=\"elementor-post__title\">\n\t\t\t<a href=\"https:\/\/lavostrallar.com\/noticias\/ca\/demencia-en-ancianos-deteccion-precoz-e-intervencion-integral\/\" >\n\t\t\t\tDem\u00e8ncia en ancians: detecci\u00f3 preco\u00e7 i intervenci\u00f3 integral\t\t\t<\/a>\n\t\t<\/h3>\n\t\t\t\t<div class=\"elementor-post__excerpt\">\n\t\t\t<p>La demencia en ancianos requiere un abordaje integral y multidisciplinar que permita atender las necesidades espec\u00edficas de cada persona. Aunque el envejecimiento forma parte del ciclo vital, no todos los cambios cognitivos asociados a la edad son normales. Por ello, detectar los primeros s\u00edntomas y actuar de forma temprana resulta fundamental para preservar la autonom\u00eda, mejorar la calidad de vida y ralentizar la progresi\u00f3n de la enfermedad.<\/p>\n\t\t<\/div>\n\t\t\n\t\t<a class=\"elementor-post__read-more\" href=\"https:\/\/lavostrallar.com\/noticias\/ca\/demencia-en-ancianos-deteccion-precoz-e-intervencion-integral\/\" aria-label=\"Read more about Demencia en ancianos: detecci\u00f3n precoz e intervenci\u00f3n integral\" tabindex=\"-1\" >\n\t\t\tllegir m\u00e9s\t\t<\/a>\n\n\t\t\t\t<\/div>\n\t\t\t\t<\/article>\n\t\t\t\t<article class=\"elementor-post elementor-grid-item post-35444 post type-post status-publish format-standard has-post-thumbnail hentry category-alzheimer category-financiacion category-noticias-blanes category-noticias-clot category-noticias-esplugues category-noticias-gracia category-noticias-la-marina category-noticias-la-rambla category-noticias-les-dalies category-noticias-les-oliveres category-noticias-mataro category-noticias-guell category-noticias-reig category-noticias-terrassa category-residencia-ancianos category-terapia-animales category-terapia-perros category-terapias-con-perros tag-residencias-de-ancianos tag-salud-y-envejecimiento-activo\" role=\"listitem\">\n\t\t\t\t<a class=\"elementor-post__thumbnail__link\" href=\"https:\/\/lavostrallar.com\/noticias\/ca\/lista-de-espera-en-residencias-publicas-de-catalunya-que-hacer-mientras-esperas\/\" tabindex=\"-1\" >\n\t\t\t<div class=\"elementor-post__thumbnail\"><img decoding=\"async\" width=\"300\" height=\"169\" src=\"https:\/\/lavostrallar.com\/noticias\/wp-content\/uploads\/2025\/05\/DSC09558-300x169.jpg\" class=\"attachment-medium size-medium wp-image-34710\" alt=\"Resid\u00e8ncies per a gent gran\" srcset=\"https:\/\/lavostrallar.com\/noticias\/wp-content\/uploads\/2025\/05\/DSC09558-300x169.jpg 300w, https:\/\/lavostrallar.com\/noticias\/wp-content\/uploads\/2025\/05\/DSC09558-1024x576.jpg 1024w, https:\/\/lavostrallar.com\/noticias\/wp-content\/uploads\/2025\/05\/DSC09558-768x432.jpg 768w, https:\/\/lavostrallar.com\/noticias\/wp-content\/uploads\/2025\/05\/DSC09558-1536x864.jpg 1536w, https:\/\/lavostrallar.com\/noticias\/wp-content\/uploads\/2025\/05\/DSC09558-scaled.jpg 2048w, https:\/\/lavostrallar.com\/noticias\/wp-content\/uploads\/2025\/05\/DSC09558-18x10.jpg 18w\" sizes=\"(max-width: 300px) 100vw, 300px\" \/><\/div>\n\t\t<\/a>\n\t\t\t\t<div class=\"elementor-post__text\">\n\t\t\t\t<h3 class=\"elementor-post__title\">\n\t\t\t<a href=\"https:\/\/lavostrallar.com\/noticias\/ca\/lista-de-espera-en-residencias-publicas-de-catalunya-que-hacer-mientras-esperas\/\" >\n\t\t\t\tLlista d'espera en resid\u00e8ncies p\u00fabliques de Catalunya: qu\u00e8 fer mentre esperes\t\t\t<\/a>\n\t\t<\/h3>\n\t\t\t\t<div class=\"elementor-post__excerpt\">\n\t\t\t<p>Entrar en la lista de espera residencia p\u00fablica Catalu\u00f1a es una situaci\u00f3n habitual para miles de familias que buscan una plaza de atenci\u00f3n a la dependencia garantizada por la Generalitat. Sin embargo, los tiempos de gesti\u00f3n y la urgencia de los cuidados obligan a conocer a fondo el funcionamiento del sistema y a valorar alternativas habitacionales mientras se resuelve el expediente.<\/p>\n\t\t<\/div>\n\t\t\n\t\t<a class=\"elementor-post__read-more\" href=\"https:\/\/lavostrallar.com\/noticias\/ca\/lista-de-espera-en-residencias-publicas-de-catalunya-que-hacer-mientras-esperas\/\" aria-label=\"Read more about Lista de espera en residencias p\u00fablicas de Catalunya: qu\u00e9 hacer mientras esperas\" tabindex=\"-1\" >\n\t\t\tllegir m\u00e9s\t\t<\/a>\n\n\t\t\t\t<\/div>\n\t\t\t\t<\/article>\n\t\t\t\t<article class=\"elementor-post elementor-grid-item post-35414 post type-post status-publish format-standard has-post-thumbnail hentry category-alzheimer category-destacado category-financiacion category-noticias-blanes category-noticias-clot category-noticias-esplugues category-noticias-gracia category-noticias-la-marina category-noticias-la-rambla category-noticias-les-dalies category-noticias-les-oliveres category-noticias-mataro category-noticias-guell category-noticias-reig category-noticias-terrassa category-residencia-ancianos tag-actividades-para-mayores tag-atencion-centrada-en-la-persona tag-residencias-de-ancianos tag-salud-y-envejecimiento-activo\" role=\"listitem\">\n\t\t\t\t<a class=\"elementor-post__thumbnail__link\" href=\"https:\/\/lavostrallar.com\/noticias\/ca\/ayudas-para-residencias-de-ancianos-y-pension-la-vostra-llar\/\" tabindex=\"-1\" >\n\t\t\t<div class=\"elementor-post__thumbnail\"><img loading=\"lazy\" decoding=\"async\" width=\"300\" height=\"225\" src=\"https:\/\/lavostrallar.com\/noticias\/wp-content\/uploads\/2025\/02\/foto-article-300x225.jpg\" class=\"attachment-medium size-medium wp-image-34468\" alt=\"Resid\u00e8ncies per a gent gran\" srcset=\"https:\/\/lavostrallar.com\/noticias\/wp-content\/uploads\/2025\/02\/foto-article-300x225.jpg 300w, https:\/\/lavostrallar.com\/noticias\/wp-content\/uploads\/2025\/02\/foto-article-1024x768.jpg 1024w, https:\/\/lavostrallar.com\/noticias\/wp-content\/uploads\/2025\/02\/foto-article-768x576.jpg 768w, https:\/\/lavostrallar.com\/noticias\/wp-content\/uploads\/2025\/02\/foto-article-1536x1152.jpg 1536w, https:\/\/lavostrallar.com\/noticias\/wp-content\/uploads\/2025\/02\/foto-article-16x12.jpg 16w, https:\/\/lavostrallar.com\/noticias\/wp-content\/uploads\/2025\/02\/foto-article.jpg 1600w\" sizes=\"(max-width: 300px) 100vw, 300px\" \/><\/div>\n\t\t<\/a>\n\t\t\t\t<div class=\"elementor-post__text\">\n\t\t\t\t<h3 class=\"elementor-post__title\">\n\t\t\t<a href=\"https:\/\/lavostrallar.com\/noticias\/ca\/ayudas-para-residencias-de-ancianos-y-pension-la-vostra-llar\/\" >\n\t\t\t\tAjudes per a Resid\u00e8ncies d'Ancians i Pensi\u00f3 | La Vostra Llar\t\t\t<\/a>\n\t\t<\/h3>\n\t\t\t\t<div class=\"elementor-post__excerpt\">\n\t\t\t<p>Qu\u00e8 passa amb la pensi\u00f3 quan el teu familiar ingressa en una resid\u00e8ncia? Quan una fam\u00edlia planteja l'ingr\u00e9s d'un \u00e9sser estimat en una resid\u00e8ncia<\/p>\n\t\t<\/div>\n\t\t\n\t\t<a class=\"elementor-post__read-more\" href=\"https:\/\/lavostrallar.com\/noticias\/ca\/ayudas-para-residencias-de-ancianos-y-pension-la-vostra-llar\/\" aria-label=\"Read more about Ayudas para Residencias de Ancianos y Pensi\u00f3n | La Vostra Llar\" tabindex=\"-1\" >\n\t\t\tllegir m\u00e9s\t\t<\/a>\n\n\t\t\t\t<\/div>\n\t\t\t\t<\/article>\n\t\t\t\t<article class=\"elementor-post elementor-grid-item post-35400 post type-post status-publish format-standard has-post-thumbnail hentry category-alzheimer category-destacado category-financiacion category-noticias-blanes category-noticias-clot category-noticias-esplugues category-noticias-gracia category-noticias-la-marina category-noticias-la-rambla category-noticias-les-dalies category-noticias-les-oliveres category-noticias-mataro category-noticias-guell category-noticias-reig category-noticias-terrassa category-residencia-ancianos tag-actividades-para-mayores tag-atencion-centrada-en-la-persona tag-educacion-artistica tag-residencias-de-ancianos tag-salud-y-envejecimiento-activo\" role=\"listitem\">\n\t\t\t\t<a class=\"elementor-post__thumbnail__link\" href=\"https:\/\/lavostrallar.com\/noticias\/ca\/la-vostra-llar-residencias-especializadas-en-alzheimer\/\" tabindex=\"-1\" >\n\t\t\t<div class=\"elementor-post__thumbnail\"><img loading=\"lazy\" decoding=\"async\" width=\"225\" height=\"300\" src=\"https:\/\/lavostrallar.com\/noticias\/wp-content\/uploads\/2025\/08\/514899012_122176675424333201_3115155792619148381_n-225x300.jpg\" class=\"attachment-medium size-medium wp-image-34923\" alt=\"Resid\u00e8ncies per a gent gran\" srcset=\"https:\/\/lavostrallar.com\/noticias\/wp-content\/uploads\/2025\/08\/514899012_122176675424333201_3115155792619148381_n-225x300.jpg 225w, https:\/\/lavostrallar.com\/noticias\/wp-content\/uploads\/2025\/08\/514899012_122176675424333201_3115155792619148381_n-768x1024.jpg 768w, https:\/\/lavostrallar.com\/noticias\/wp-content\/uploads\/2025\/08\/514899012_122176675424333201_3115155792619148381_n-1152x1536.jpg 1152w, https:\/\/lavostrallar.com\/noticias\/wp-content\/uploads\/2025\/08\/514899012_122176675424333201_3115155792619148381_n-9x12.jpg 9w, https:\/\/lavostrallar.com\/noticias\/wp-content\/uploads\/2025\/08\/514899012_122176675424333201_3115155792619148381_n.jpg 1536w\" sizes=\"(max-width: 225px) 100vw, 225px\" \/><\/div>\n\t\t<\/a>\n\t\t\t\t<div class=\"elementor-post__text\">\n\t\t\t\t<h3 class=\"elementor-post__title\">\n\t\t\t<a href=\"https:\/\/lavostrallar.com\/noticias\/ca\/la-vostra-llar-residencias-especializadas-en-alzheimer\/\" >\n\t\t\t\tCuidar a un Familiar amb Alzheimer a casa | La Vostra Llar\t\t\t<\/a>\n\t\t<\/h3>\n\t\t\t\t<div class=\"elementor-post__excerpt\">\n\t\t\t<p>El desgast invisible del cuidador d'Alzheimer\nQuan la cura a la llar es torna insostenible, la cerca de resid\u00e8ncies especialitzades en Alzheimer es converteix...<\/p>\n\t\t<\/div>\n\t\t\n\t\t<a class=\"elementor-post__read-more\" href=\"https:\/\/lavostrallar.com\/noticias\/ca\/la-vostra-llar-residencias-especializadas-en-alzheimer\/\" aria-label=\"Read more about Cuidar a un Familiar con Alzheimer en Casa | La Vostra Llar\" tabindex=\"-1\" >\n\t\t\tllegir m\u00e9s\t\t<\/a>\n\n\t\t\t\t<\/div>\n\t\t\t\t<\/article>\n\t\t\t\t<article class=\"elementor-post elementor-grid-item post-35371 post type-post status-publish format-standard has-post-thumbnail hentry category-financiacion category-noticias-blanes category-noticias-clot category-noticias-esplugues category-noticias-gracia category-noticias-la-marina category-noticias-la-rambla category-noticias-les-dalies category-noticias-les-oliveres category-noticias-mataro category-noticias-guell category-noticias-reig category-noticias-terrassa category-residencia-ancianos tag-educacion-artistica tag-residencias-de-ancianos tag-salud-y-envejecimiento-activo tag-talleres\" role=\"listitem\">\n\t\t\t\t<a class=\"elementor-post__thumbnail__link\" href=\"https:\/\/lavostrallar.com\/noticias\/ca\/ayudas-para-residencias-de-ancianos\/\" tabindex=\"-1\" >\n\t\t\t<div class=\"elementor-post__thumbnail\"><img loading=\"lazy\" decoding=\"async\" width=\"300\" height=\"194\" src=\"https:\/\/lavostrallar.com\/noticias\/wp-content\/uploads\/2026\/05\/d63dfe68-fe16-4a6a-80fd-41424d5376fa-300x194.jpg\" class=\"attachment-medium size-medium wp-image-35380\" alt=\"\" srcset=\"https:\/\/lavostrallar.com\/noticias\/wp-content\/uploads\/2026\/05\/d63dfe68-fe16-4a6a-80fd-41424d5376fa-300x194.jpg 300w, https:\/\/lavostrallar.com\/noticias\/wp-content\/uploads\/2026\/05\/d63dfe68-fe16-4a6a-80fd-41424d5376fa-1024x663.jpg 1024w, https:\/\/lavostrallar.com\/noticias\/wp-content\/uploads\/2026\/05\/d63dfe68-fe16-4a6a-80fd-41424d5376fa-768x497.jpg 768w, https:\/\/lavostrallar.com\/noticias\/wp-content\/uploads\/2026\/05\/d63dfe68-fe16-4a6a-80fd-41424d5376fa-1536x994.jpg 1536w, https:\/\/lavostrallar.com\/noticias\/wp-content\/uploads\/2026\/05\/d63dfe68-fe16-4a6a-80fd-41424d5376fa-18x12.jpg 18w, https:\/\/lavostrallar.com\/noticias\/wp-content\/uploads\/2026\/05\/d63dfe68-fe16-4a6a-80fd-41424d5376fa.jpg 1594w\" sizes=\"(max-width: 300px) 100vw, 300px\" \/><\/div>\n\t\t<\/a>\n\t\t\t\t<div class=\"elementor-post__text\">\n\t\t\t\t<h3 class=\"elementor-post__title\">\n\t\t\t<a href=\"https:\/\/lavostrallar.com\/noticias\/ca\/ayudas-para-residencias-de-ancianos\/\" >\n\t\t\t\tAjudes per a resid\u00e8ncies d'ancians\t\t\t<\/a>\n\t\t<\/h3>\n\t\t\t\t<div class=\"elementor-post__excerpt\">\n\t\t\t<p>Solicitar les ajudes per a resid\u00e8ncies d'avis \u00e9s un pas fonamental per a moltes fam\u00edlies que busquen garantir la millor cura per als seus grans. Aquesta decisi\u00f3,<\/p>\n\t\t<\/div>\n\t\t\n\t\t<a class=\"elementor-post__read-more\" href=\"https:\/\/lavostrallar.com\/noticias\/ca\/ayudas-para-residencias-de-ancianos\/\" aria-label=\"Read more about Ayudas para residencias de ancianos\" tabindex=\"-1\" >\n\t\t\tllegir m\u00e9s\t\t<\/a>\n\n\t\t\t\t<\/div>\n\t\t\t\t<\/article>\n\t\t\t\t<article class=\"elementor-post elementor-grid-item post-35223 post type-post status-publish format-standard has-post-thumbnail hentry category-financiacion category-noticias-clot category-noticias-esplugues category-noticias-gracia category-noticias-la-marina category-noticias-la-rambla category-noticias-les-dalies category-noticias-mataro category-noticias-guell category-noticias-reig category-noticias-terrassa category-residencia-ancianos tag-actividades-para-mayores tag-residencias-de-ancianos tag-salud-y-envejecimiento-activo tag-terapia\" role=\"listitem\">\n\t\t\t\t<a class=\"elementor-post__thumbnail__link\" href=\"https:\/\/lavostrallar.com\/noticias\/ca\/cuanto-vale-una-residencia-de-ancianos-en-barcelona\/\" tabindex=\"-1\" >\n\t\t\t<div class=\"elementor-post__thumbnail\"><img loading=\"lazy\" decoding=\"async\" width=\"300\" height=\"200\" src=\"https:\/\/lavostrallar.com\/noticias\/wp-content\/uploads\/2024\/05\/@marcasensio_foto_TallersResidencia_SyntheticMemories7-300x200.jpg\" class=\"attachment-medium size-medium wp-image-32645\" alt=\"Mem\u00f2ries sint\u00e8tiques\" srcset=\"https:\/\/lavostrallar.com\/noticias\/wp-content\/uploads\/2024\/05\/@marcasensio_foto_TallersResidencia_SyntheticMemories7-300x200.jpg 300w, https:\/\/lavostrallar.com\/noticias\/wp-content\/uploads\/2024\/05\/@marcasensio_foto_TallersResidencia_SyntheticMemories7-1024x683.jpg 1024w, https:\/\/lavostrallar.com\/noticias\/wp-content\/uploads\/2024\/05\/@marcasensio_foto_TallersResidencia_SyntheticMemories7-768x512.jpg 768w, https:\/\/lavostrallar.com\/noticias\/wp-content\/uploads\/2024\/05\/@marcasensio_foto_TallersResidencia_SyntheticMemories7-1536x1024.jpg 1536w, https:\/\/lavostrallar.com\/noticias\/wp-content\/uploads\/2024\/05\/@marcasensio_foto_TallersResidencia_SyntheticMemories7-scaled.jpg 2048w, https:\/\/lavostrallar.com\/noticias\/wp-content\/uploads\/2024\/05\/@marcasensio_foto_TallersResidencia_SyntheticMemories7-18x12.jpg 18w\" sizes=\"(max-width: 300px) 100vw, 300px\" \/><\/div>\n\t\t<\/a>\n\t\t\t\t<div class=\"elementor-post__text\">\n\t\t\t\t<h3 class=\"elementor-post__title\">\n\t\t\t<a href=\"https:\/\/lavostrallar.com\/noticias\/ca\/cuanto-vale-una-residencia-de-ancianos-en-barcelona\/\" >\n\t\t\t\tQuant costa una resid\u00e8ncia d'ancians a Barcelona\t\t\t<\/a>\n\t\t<\/h3>\n\t\t\t\t<div class=\"elementor-post__excerpt\">\n\t\t\t<p>Introduir un familiar en una resid\u00e8ncia de gent gran \u00e9s una decisi\u00f3 important tant a nivell emocional com econ\u00f2mic. Moltes fam\u00edlies es pregunten quant val<\/p>\n\t\t<\/div>\n\t\t\n\t\t<a class=\"elementor-post__read-more\" href=\"https:\/\/lavostrallar.com\/noticias\/ca\/cuanto-vale-una-residencia-de-ancianos-en-barcelona\/\" aria-label=\"Read more about Cu\u00e1nto vale una residencia de ancianos en Barcelona\" tabindex=\"-1\" >\n\t\t\tllegir m\u00e9s\t\t<\/a>\n\n\t\t\t\t<\/div>\n\t\t\t\t<\/article>\n\t\t\t\t<article class=\"elementor-post elementor-grid-item post-34872 post type-post status-publish format-standard has-post-thumbnail hentry category-financiacion category-noticias-blanes category-noticias-clot category-noticias-esplugues category-noticias-gracia category-noticias-la-marina category-noticias-la-rambla category-noticias-les-dalies category-noticias-les-oliveres category-noticias-mataro category-noticias-guell category-noticias-reig category-noticias-terrassa category-residencia-ancianos tag-atencion-centrada-en-la-persona tag-residencias-de-ancianos tag-salud-y-envejecimiento-activo\" role=\"listitem\">\n\t\t\t\t<a class=\"elementor-post__thumbnail__link\" href=\"https:\/\/lavostrallar.com\/noticias\/ca\/planificacion-financiera-para-residencias-como-afrontar-su-coste\/\" tabindex=\"-1\" >\n\t\t\t<div class=\"elementor-post__thumbnail\"><img loading=\"lazy\" decoding=\"async\" width=\"225\" height=\"300\" src=\"https:\/\/lavostrallar.com\/noticias\/wp-content\/uploads\/2025\/10\/planificacion_financiera-225x300.jpg\" class=\"attachment-medium size-medium wp-image-35066\" alt=\"Resid\u00e8ncies per a gent gran\" srcset=\"https:\/\/lavostrallar.com\/noticias\/wp-content\/uploads\/2025\/10\/planificacion_financiera-225x300.jpg 225w, https:\/\/lavostrallar.com\/noticias\/wp-content\/uploads\/2025\/10\/planificacion_financiera-768x1024.jpg 768w, https:\/\/lavostrallar.com\/noticias\/wp-content\/uploads\/2025\/10\/planificacion_financiera-1152x1536.jpg 1152w, https:\/\/lavostrallar.com\/noticias\/wp-content\/uploads\/2025\/10\/planificacion_financiera-9x12.jpg 9w, https:\/\/lavostrallar.com\/noticias\/wp-content\/uploads\/2025\/10\/planificacion_financiera.jpg 1536w\" sizes=\"(max-width: 225px) 100vw, 225px\" \/><\/div>\n\t\t<\/a>\n\t\t\t\t<div class=\"elementor-post__text\">\n\t\t\t\t<h3 class=\"elementor-post__title\">\n\t\t\t<a href=\"https:\/\/lavostrallar.com\/noticias\/ca\/planificacion-financiera-para-residencias-como-afrontar-su-coste\/\" >\n\t\t\t\tPlanificaci\u00f3 financera per a resid\u00e8ncies: Com afrontar-ne el cost\t\t\t<\/a>\n\t\t<\/h3>\n\t\t\t\t<div class=\"elementor-post__excerpt\">\n\t\t\t<p>L'ingr\u00e9s en una resid\u00e8ncia pot ser una decisi\u00f3 emocionalment dif\u00edcil, per\u00f2 tamb\u00e9 implica una planificaci\u00f3 financera responsable. El cost d'una pla\u00e7a residencial pot<\/p>\n\t\t<\/div>\n\t\t\n\t\t<a class=\"elementor-post__read-more\" href=\"https:\/\/lavostrallar.com\/noticias\/ca\/planificacion-financiera-para-residencias-como-afrontar-su-coste\/\" aria-label=\"Read more about Planificaci\u00f3n financiera para residencias: C\u00f3mo afrontar su coste\" tabindex=\"-1\" >\n\t\t\tllegir m\u00e9s\t\t<\/a>\n\n\t\t\t\t<\/div>\n\t\t\t\t<\/article>\n\t\t\t\t<article class=\"elementor-post elementor-grid-item post-34849 post type-post status-publish format-standard has-post-thumbnail hentry category-financiacion category-noticias-blanes category-noticias-clot category-noticias-esplugues category-noticias-gracia category-noticias-la-marina category-noticias-la-rambla category-noticias-les-dalies category-noticias-les-oliveres category-noticias-mataro category-noticias-guell category-noticias-reig category-noticias-terrassa category-residencia-ancianos tag-financiacion-de-residencia tag-financiar-residencia-barcelona tag-financiar-residencia-mayores tag-residencias-de-ancianos tag-salud-y-envejecimiento-activo\" role=\"listitem\">\n\t\t\t\t<a class=\"elementor-post__thumbnail__link\" href=\"https:\/\/lavostrallar.com\/noticias\/ca\/cuanto-cuesta-residencia-ancianos\/\" tabindex=\"-1\" >\n\t\t\t<div class=\"elementor-post__thumbnail\"><img loading=\"lazy\" decoding=\"async\" width=\"300\" height=\"200\" src=\"https:\/\/lavostrallar.com\/noticias\/wp-content\/uploads\/2025\/01\/1-300x200.jpg\" class=\"attachment-medium size-medium wp-image-34174\" alt=\"Resid\u00e8ncia d&#039;avis\" srcset=\"https:\/\/lavostrallar.com\/noticias\/wp-content\/uploads\/2025\/01\/1-300x200.jpg 300w, https:\/\/lavostrallar.com\/noticias\/wp-content\/uploads\/2025\/01\/1-1024x683.jpg 1024w, https:\/\/lavostrallar.com\/noticias\/wp-content\/uploads\/2025\/01\/1-768x512.jpg 768w, https:\/\/lavostrallar.com\/noticias\/wp-content\/uploads\/2025\/01\/1-18x12.jpg 18w, https:\/\/lavostrallar.com\/noticias\/wp-content\/uploads\/2025\/01\/1.jpg 1134w\" sizes=\"(max-width: 300px) 100vw, 300px\" \/><\/div>\n\t\t<\/a>\n\t\t\t\t<div class=\"elementor-post__text\">\n\t\t\t\t<h3 class=\"elementor-post__title\">\n\t\t\t<a href=\"https:\/\/lavostrallar.com\/noticias\/ca\/cuanto-cuesta-residencia-ancianos\/\" >\n\t\t\t\tQuant costa una resid\u00e8ncia de gent gran? Preus, serveis i ajudes disponibles\t\t\t<\/a>\n\t\t<\/h3>\n\t\t\t\t<div class=\"elementor-post__excerpt\">\n\t\t\t<p>Et preguntes quant costa una resid\u00e8ncia de gent gran a Espanya? Con\u00e8ixer el preu d\u2019una resid\u00e8ncia per a persones grans \u00e9s fonamental per planificar adequadament aquesta etapa<\/p>\n\t\t<\/div>\n\t\t\n\t\t<a class=\"elementor-post__read-more\" href=\"https:\/\/lavostrallar.com\/noticias\/ca\/cuanto-cuesta-residencia-ancianos\/\" aria-label=\"Read more about \u00bfCu\u00e1nto cuesta una residencia de ancianos? Precios, servicios y ayudas disponibles\" tabindex=\"-1\" >\n\t\t\tllegir m\u00e9s\t\t<\/a>\n\n\t\t\t\t<\/div>\n\t\t\t\t<\/article>\n\t\t\t\t<\/div>\n\t\t\t\t\t<span class=\"e-load-more-spinner\">\n\t\t\t\t<i aria-hidden=\"true\" class=\"fas fa-spinner\"><\/i>\t\t\t<\/span>\n\t\t\n\t\t\t\t<div class=\"e-load-more-anchor\" data-page=\"1\" data-max-page=\"2\" data-next-page=\"https:\/\/lavostrallar.com\/noticias\/ca\/wp-json\/wp\/v2\/pages\/34991\/page\/2\/\"><\/div>\n\t\t\t\t<div class=\"elementor-button-wrapper\">\n\t\t\t<a class=\"elementor-button elementor-size-sm\" role=\"button\">\n\t\t\t\t\t\t<span class=\"elementor-button-content-wrapper\">\n\t\t\t\t\t\t\t\t\t<span class=\"elementor-button-text\">Veure m\u00e9s<\/span>\n\t\t\t\t\t<\/span>\n\t\t\t\t\t<\/a>\n\t\t<\/div>\n\t\t\t\t<div class=\"e-load-more-message\"><\/div>\n\t\t\t\t\t\t<\/div>\n\t\t\t\t<\/div>\n\t\t\t\t\t<\/div>\n\t\t<\/div>\n\t\t\t\t<div class=\"elementor-column elementor-col-33 elementor-top-column elementor-element elementor-element-1eca2cb\" data-id=\"1eca2cb\" data-element_type=\"column\" data-e-type=\"column\">\n\t\t\t<div class=\"elementor-widget-wrap elementor-element-populated\">\n\t\t\t\t\t\t<div class=\"elementor-element elementor-element-1f69eb0 elementor-widget elementor-widget-template\" data-id=\"1f69eb0\" data-element_type=\"widget\" data-e-type=\"widget\" data-widget_type=\"template.default\">\n\t\t\t\t<div class=\"elementor-widget-container\">\n\t\t\t\t\t\t\t<div class=\"elementor-template\">\n\t\t\t\t\t<div data-elementor-type=\"section\" data-elementor-id=\"32954\" class=\"elementor elementor-32954\" data-elementor-post-type=\"elementor_library\">\n\t\t\t\t\t<section class=\"elementor-section elementor-inner-section elementor-element elementor-element-62754e8d elementor-section-boxed elementor-section-height-default elementor-section-height-default\" data-id=\"62754e8d\" data-element_type=\"section\" data-e-type=\"section\">\n\t\t\t\t\t\t<div class=\"elementor-container elementor-column-gap-default\">\n\t\t\t\t\t<div class=\"elementor-column elementor-col-100 elementor-inner-column elementor-element elementor-element-18252520\" data-id=\"18252520\" data-element_type=\"column\" data-e-type=\"column\">\n\t\t\t<div class=\"elementor-widget-wrap elementor-element-populated\">\n\t\t\t\t\t\t<div class=\"elementor-element elementor-element-3e76185 elementor-hidden-mobile elementor-search-form--skin-classic elementor-search-form--button-type-icon elementor-search-form--icon-search elementor-widget elementor-widget-search-form\" data-id=\"3e76185\" data-element_type=\"widget\" data-e-type=\"widget\" data-settings=\"{&quot;skin&quot;:&quot;classic&quot;}\" data-widget_type=\"search-form.default\">\n\t\t\t\t<div class=\"elementor-widget-container\">\n\t\t\t\t\t\t\t<search role=\"search\">\n\t\t\t<form class=\"elementor-search-form\" action=\"https:\/\/lavostrallar.com\/noticias\/ca\/\" method=\"get\" data-trp-original-action=\"https:\/\/lavostrallar.com\/noticias\/ca\">\n\t\t\t\t\t\t\t\t\t\t\t\t<div class=\"elementor-search-form__container\">\n\t\t\t\t\t<label class=\"elementor-screen-only\" for=\"elementor-search-form-3e76185\">Search<\/label>\n\n\t\t\t\t\t\n\t\t\t\t\t<input id=\"elementor-search-form-3e76185\" placeholder=\"Cerca\" class=\"elementor-search-form__input\" type=\"search\" name=\"s\" value=\"\">\n\t\t\t\t\t\n\t\t\t\t\t\t\t\t\t\t\t<button class=\"elementor-search-form__submit\" type=\"submit\" aria-label=\"Search\">\n\t\t\t\t\t\t\t\t\t\t\t\t\t\t\t<i aria-hidden=\"true\" class=\"fas fa-search\"><\/i>\t\t\t\t\t\t\t\t\t\t\t\t\t<\/button>\n\t\t\t\t\t\n\t\t\t\t\t\t\t\t\t<\/div>\n\t\t\t<input type=\"hidden\" name=\"trp-form-language\" value=\"ca\"\/><\/form>\n\t\t<\/search>\n\t\t\t\t\t\t<\/div>\n\t\t\t\t<\/div>\n\t\t\t\t<div class=\"elementor-element elementor-element-848f4cf elementor-widget elementor-widget-heading\" data-id=\"848f4cf\" data-element_type=\"widget\" data-e-type=\"widget\" data-widget_type=\"heading.default\">\n\t\t\t\t<div class=\"elementor-widget-container\">\n\t\t\t\t\t<h2 class=\"elementor-heading-title elementor-size-default\">Categories<\/h2>\t\t\t\t<\/div>\n\t\t\t\t<\/div>\n\t\t\t\t<div class=\"elementor-element elementor-element-401b9f28 elementor-nav-menu--dropdown-none elementor-widget elementor-widget-nav-menu\" data-id=\"401b9f28\" data-element_type=\"widget\" data-e-type=\"widget\" data-settings=\"{&quot;layout&quot;:&quot;vertical&quot;,&quot;submenu_icon&quot;:{&quot;value&quot;:&quot;&lt;i class=\\&quot;fas fa-circle\\&quot; aria-hidden=\\&quot;true\\&quot;&gt;&lt;\\\/i&gt;&quot;,&quot;library&quot;:&quot;fa-solid&quot;}}\" data-widget_type=\"nav-menu.default\">\n\t\t\t\t<div class=\"elementor-widget-container\">\n\t\t\t\t\t\t\t\t<nav aria-label=\"Menu\" class=\"elementor-nav-menu--main elementor-nav-menu__container elementor-nav-menu--layout-vertical e--pointer-none\">\n\t\t\t\t<ul id=\"menu-1-401b9f28\" class=\"elementor-nav-menu sm-vertical\"><li class=\"menu-item menu-item-type-post_type menu-item-object-page menu-item-32946\"><a href=\"https:\/\/lavostrallar.com\/noticias\/ca\/residencia-noticias-terrassa\/\" class=\"elementor-item\">Not\u00edcies Terrassa<\/a><\/li>\n<li class=\"menu-item menu-item-type-post_type menu-item-object-page menu-item-32945\"><a href=\"https:\/\/lavostrallar.com\/noticias\/ca\/residencia-noticias-reig\/\" class=\"elementor-item\">Not\u00edcies Reig<\/a><\/li>\n<li class=\"menu-item menu-item-type-post_type menu-item-object-page menu-item-32944\"><a href=\"https:\/\/lavostrallar.com\/noticias\/ca\/residencias-noticias-parc-guell\/\" class=\"elementor-item\">Not\u00edcies Parc G\u00fcell<\/a><\/li>\n<li class=\"menu-item menu-item-type-post_type menu-item-object-page menu-item-32943\"><a href=\"https:\/\/lavostrallar.com\/noticias\/ca\/residencia-noticias-mataro\/\" class=\"elementor-item\">Not\u00edcies Matar\u00f3<\/a><\/li>\n<li class=\"menu-item menu-item-type-post_type menu-item-object-page menu-item-32942\"><a href=\"https:\/\/lavostrallar.com\/noticias\/ca\/residencia-noticias-les-oliveres\/\" class=\"elementor-item\">Not\u00edcies Les Oliveres<\/a><\/li>\n<li class=\"menu-item menu-item-type-post_type menu-item-object-page menu-item-32941\"><a href=\"https:\/\/lavostrallar.com\/noticias\/ca\/residencia-noticias-les-dalies\/\" class=\"elementor-item\">Not\u00edcies Les D\u00e0lies<\/a><\/li>\n<li class=\"menu-item menu-item-type-post_type menu-item-object-page menu-item-32939\"><a href=\"https:\/\/lavostrallar.com\/noticias\/ca\/residencia-noticias-la-marina\/\" class=\"elementor-item\">Not\u00edcies La Marina<\/a><\/li>\n<li class=\"menu-item menu-item-type-post_type menu-item-object-page menu-item-32940\"><a href=\"https:\/\/lavostrallar.com\/noticias\/ca\/residencia-noticias-la-rambla\/\" class=\"elementor-item\">Not\u00edcies La Rambla<\/a><\/li>\n<li class=\"menu-item menu-item-type-post_type menu-item-object-page menu-item-32938\"><a href=\"https:\/\/lavostrallar.com\/noticias\/ca\/residencia-noticias-gracia\/\" class=\"elementor-item\">Not\u00edcies Gr\u00e0cia<\/a><\/li>\n<li class=\"menu-item menu-item-type-post_type menu-item-object-page menu-item-32935\"><a href=\"https:\/\/lavostrallar.com\/noticias\/ca\/residencia-noticias-blanes\/\" class=\"elementor-item\">Not\u00edcies Blanes<\/a><\/li>\n<li class=\"menu-item menu-item-type-post_type menu-item-object-page menu-item-32936\"><a href=\"https:\/\/lavostrallar.com\/noticias\/ca\/residencia-noticias-clot\/\" class=\"elementor-item\">Not\u00edcies Clot<\/a><\/li>\n<li class=\"menu-item menu-item-type-post_type menu-item-object-page menu-item-32937\"><a href=\"https:\/\/lavostrallar.com\/noticias\/ca\/residencia-noticias-esplugues\/\" class=\"elementor-item\">Not\u00edcies Esplugues<\/a><\/li>\n<li class=\"menu-item menu-item-type-custom menu-item-object-custom menu-item-32947\"><a href=\"https:\/\/lavostrallar.com\/noticias\/ca\/menus-de-las-residencias\/\" class=\"elementor-item\">Men\u00fas de les resid\u00e8ncies<\/a><\/li>\n<li class=\"menu-item menu-item-type-post_type menu-item-object-page menu-item-34996\"><a href=\"https:\/\/lavostrallar.com\/noticias\/ca\/financiacion\/\" class=\"elementor-item\">Finan\u00e7ament<\/a><\/li>\n<li class=\"menu-item menu-item-type-post_type menu-item-object-page menu-item-34997\"><a href=\"https:\/\/lavostrallar.com\/noticias\/ca\/alzheimer\/\" class=\"elementor-item\">Alzheimer<\/a><\/li>\n<\/ul>\t\t\t<\/nav>\n\t\t\t\t\t\t<nav class=\"elementor-nav-menu--dropdown elementor-nav-menu__container\" aria-hidden=\"true\">\n\t\t\t\t<ul id=\"menu-2-401b9f28\" class=\"elementor-nav-menu sm-vertical\"><li class=\"menu-item menu-item-type-post_type menu-item-object-page menu-item-32946\"><a href=\"https:\/\/lavostrallar.com\/noticias\/ca\/residencia-noticias-terrassa\/\" class=\"elementor-item\" tabindex=\"-1\">Not\u00edcies Terrassa<\/a><\/li>\n<li class=\"menu-item menu-item-type-post_type menu-item-object-page menu-item-32945\"><a href=\"https:\/\/lavostrallar.com\/noticias\/ca\/residencia-noticias-reig\/\" class=\"elementor-item\" tabindex=\"-1\">Not\u00edcies Reig<\/a><\/li>\n<li class=\"menu-item menu-item-type-post_type menu-item-object-page menu-item-32944\"><a href=\"https:\/\/lavostrallar.com\/noticias\/ca\/residencias-noticias-parc-guell\/\" class=\"elementor-item\" tabindex=\"-1\">Not\u00edcies Parc G\u00fcell<\/a><\/li>\n<li class=\"menu-item menu-item-type-post_type menu-item-object-page menu-item-32943\"><a href=\"https:\/\/lavostrallar.com\/noticias\/ca\/residencia-noticias-mataro\/\" class=\"elementor-item\" tabindex=\"-1\">Not\u00edcies Matar\u00f3<\/a><\/li>\n<li class=\"menu-item menu-item-type-post_type menu-item-object-page menu-item-32942\"><a href=\"https:\/\/lavostrallar.com\/noticias\/ca\/residencia-noticias-les-oliveres\/\" class=\"elementor-item\" tabindex=\"-1\">Not\u00edcies Les Oliveres<\/a><\/li>\n<li class=\"menu-item menu-item-type-post_type menu-item-object-page menu-item-32941\"><a href=\"https:\/\/lavostrallar.com\/noticias\/ca\/residencia-noticias-les-dalies\/\" class=\"elementor-item\" tabindex=\"-1\">Not\u00edcies Les D\u00e0lies<\/a><\/li>\n<li class=\"menu-item menu-item-type-post_type menu-item-object-page menu-item-32939\"><a href=\"https:\/\/lavostrallar.com\/noticias\/ca\/residencia-noticias-la-marina\/\" class=\"elementor-item\" tabindex=\"-1\">Not\u00edcies La Marina<\/a><\/li>\n<li class=\"menu-item menu-item-type-post_type menu-item-object-page menu-item-32940\"><a href=\"https:\/\/lavostrallar.com\/noticias\/ca\/residencia-noticias-la-rambla\/\" class=\"elementor-item\" tabindex=\"-1\">Not\u00edcies La Rambla<\/a><\/li>\n<li class=\"menu-item menu-item-type-post_type menu-item-object-page menu-item-32938\"><a href=\"https:\/\/lavostrallar.com\/noticias\/ca\/residencia-noticias-gracia\/\" class=\"elementor-item\" tabindex=\"-1\">Not\u00edcies Gr\u00e0cia<\/a><\/li>\n<li class=\"menu-item menu-item-type-post_type menu-item-object-page menu-item-32935\"><a href=\"https:\/\/lavostrallar.com\/noticias\/ca\/residencia-noticias-blanes\/\" class=\"elementor-item\" tabindex=\"-1\">Not\u00edcies Blanes<\/a><\/li>\n<li class=\"menu-item menu-item-type-post_type menu-item-object-page menu-item-32936\"><a href=\"https:\/\/lavostrallar.com\/noticias\/ca\/residencia-noticias-clot\/\" class=\"elementor-item\" tabindex=\"-1\">Not\u00edcies Clot<\/a><\/li>\n<li class=\"menu-item menu-item-type-post_type menu-item-object-page menu-item-32937\"><a href=\"https:\/\/lavostrallar.com\/noticias\/ca\/residencia-noticias-esplugues\/\" class=\"elementor-item\" tabindex=\"-1\">Not\u00edcies Esplugues<\/a><\/li>\n<li class=\"menu-item menu-item-type-custom menu-item-object-custom menu-item-32947\"><a href=\"https:\/\/lavostrallar.com\/noticias\/ca\/menus-de-las-residencias\/\" class=\"elementor-item\" tabindex=\"-1\">Men\u00fas de les resid\u00e8ncies<\/a><\/li>\n<li class=\"menu-item menu-item-type-post_type menu-item-object-page menu-item-34996\"><a href=\"https:\/\/lavostrallar.com\/noticias\/ca\/financiacion\/\" class=\"elementor-item\" tabindex=\"-1\">Finan\u00e7ament<\/a><\/li>\n<li class=\"menu-item menu-item-type-post_type menu-item-object-page menu-item-34997\"><a href=\"https:\/\/lavostrallar.com\/noticias\/ca\/alzheimer\/\" class=\"elementor-item\" tabindex=\"-1\">Alzheimer<\/a><\/li>\n<\/ul>\t\t\t<\/nav>\n\t\t\t\t\t\t<\/div>\n\t\t\t\t<\/div>\n\t\t\t\t\t<\/div>\n\t\t<\/div>\n\t\t\t\t\t<\/div>\n\t\t<\/section>\n\t\t\t\t<\/div>\n\t\t\t\t<\/div>\n\t\t\t\t\t\t<\/div>\n\t\t\t\t<\/div>\n\t\t\t\t\t<\/div>\n\t\t<\/div>\n\t\t\t\t\t<\/div>\n\t\t<\/section>\n\t\t\t\t<\/div>","protected":false},"excerpt":{"rendered":"<p>Finan\u00e7ament<\/p>","protected":false},"author":1,"featured_media":35066,"parent":0,"menu_order":0,"comment_status":"closed","ping_status":"closed","template":"elementor_header_footer","meta":{"content-type":"","footnotes":""},"class_list":["post-34991","page","type-page","status-publish","has-post-thumbnail","hentry"],"yoast_head":"<!-- This site is optimized with the Yoast SEO plugin v27.6 - https:\/\/yoast.com\/product\/yoast-seo-wordpress\/ -->\n<title>Financiaci\u00f3n - Noticias La Vostra Llar<\/title>\n<meta name=\"description\" content=\"Todas las noticias, fotos e informacion sobre residencias de ancianos, servicios que prestan en torno a financiaci\u00f3n.\" \/>\n<meta name=\"robots\" content=\"index, follow, max-snippet:-1, max-image-preview:large, max-video-preview:-1\" \/>\n<link rel=\"canonical\" href=\"https:\/\/lavostrallar.com\/noticias\/ca\/financiacion\/\" \/>\n<meta property=\"og:locale\" content=\"ca_ES\" \/>\n<meta property=\"og:type\" content=\"article\" \/>\n<meta property=\"og:title\" content=\"Financiaci\u00f3n - Noticias La Vostra Llar\" \/>\n<meta property=\"og:description\" content=\"Todas las noticias, fotos e informacion sobre residencias de ancianos, servicios que prestan en torno a financiaci\u00f3n.\" \/>\n<meta property=\"og:url\" content=\"https:\/\/lavostrallar.com\/noticias\/ca\/financiacion\/\" \/>\n<meta property=\"og:site_name\" content=\"Noticias La Vostra Llar\" \/>\n<meta property=\"article:publisher\" content=\"https:\/\/www.facebook.com\/lavostra.llar\" \/>\n<meta property=\"article:modified_time\" content=\"2026-02-25T12:18:15+00:00\" \/>\n<meta property=\"og:image\" content=\"https:\/\/lavostrallar.com\/noticias\/wp-content\/uploads\/2025\/10\/planificacion_financiera.jpg\" \/>\n\t<meta property=\"og:image:width\" content=\"1536\" \/>\n\t<meta property=\"og:image:height\" content=\"2048\" \/>\n\t<meta property=\"og:image:type\" content=\"image\/jpeg\" \/>\n<meta name=\"twitter:card\" content=\"summary_large_image\" \/>\n<meta name=\"twitter:site\" content=\"@lavostrallar\" \/>\n<meta name=\"twitter:label1\" content=\"Temps estimat de lectura\" \/>\n\t<meta name=\"twitter:data1\" content=\"1 minut\" \/>\n<script type=\"application\/ld+json\" class=\"yoast-schema-graph\">{\"@context\":\"https:\\\/\\\/schema.org\",\"@graph\":[{\"@type\":\"WebPage\",\"@id\":\"https:\\\/\\\/lavostrallar.com\\\/noticias\\\/financiacion\\\/\",\"url\":\"https:\\\/\\\/lavostrallar.com\\\/noticias\\\/financiacion\\\/\",\"name\":\"Financiaci\u00f3n - Noticias La Vostra Llar\",\"isPartOf\":{\"@id\":\"https:\\\/\\\/lavostrallar.com\\\/noticias\\\/#website\"},\"primaryImageOfPage\":{\"@id\":\"https:\\\/\\\/lavostrallar.com\\\/noticias\\\/financiacion\\\/#primaryimage\"},\"image\":{\"@id\":\"https:\\\/\\\/lavostrallar.com\\\/noticias\\\/financiacion\\\/#primaryimage\"},\"thumbnailUrl\":\"https:\\\/\\\/lavostrallar.com\\\/noticias\\\/wp-content\\\/uploads\\\/2025\\\/10\\\/planificacion_financiera.jpg\",\"datePublished\":\"2025-09-01T14:41:22+00:00\",\"dateModified\":\"2026-02-25T12:18:15+00:00\",\"description\":\"Todas las noticias, fotos e informacion sobre residencias de ancianos, servicios que prestan en torno a financiaci\u00f3n.\",\"breadcrumb\":{\"@id\":\"https:\\\/\\\/lavostrallar.com\\\/noticias\\\/financiacion\\\/#breadcrumb\"},\"inLanguage\":\"ca\",\"potentialAction\":[{\"@type\":\"ReadAction\",\"target\":[\"https:\\\/\\\/lavostrallar.com\\\/noticias\\\/financiacion\\\/\"]}]},{\"@type\":\"ImageObject\",\"inLanguage\":\"ca\",\"@id\":\"https:\\\/\\\/lavostrallar.com\\\/noticias\\\/financiacion\\\/#primaryimage\",\"url\":\"https:\\\/\\\/lavostrallar.com\\\/noticias\\\/wp-content\\\/uploads\\\/2025\\\/10\\\/planificacion_financiera.jpg\",\"contentUrl\":\"https:\\\/\\\/lavostrallar.com\\\/noticias\\\/wp-content\\\/uploads\\\/2025\\\/10\\\/planificacion_financiera.jpg\",\"width\":1536,\"height\":2048,\"caption\":\"Residencias de adultos mayores\"},{\"@type\":\"BreadcrumbList\",\"@id\":\"https:\\\/\\\/lavostrallar.com\\\/noticias\\\/financiacion\\\/#breadcrumb\",\"itemListElement\":[{\"@type\":\"ListItem\",\"position\":1,\"name\":\"Portada\",\"item\":\"https:\\\/\\\/lavostrallar.com\\\/noticias\\\/\"},{\"@type\":\"ListItem\",\"position\":2,\"name\":\"Financiaci\u00f3n\"}]},{\"@type\":\"WebSite\",\"@id\":\"https:\\\/\\\/lavostrallar.com\\\/noticias\\\/#website\",\"url\":\"https:\\\/\\\/lavostrallar.com\\\/noticias\\\/\",\"name\":\"La Vostra Llar\",\"description\":\"La Vostra Llar gestiona resid\u00e8ncies geri\u00e0triques des de 1987 amb la missi\u00f3 d\u2019oferir assist\u00e8ncia personalitzada per estimular, acollir i atendre les persones grans amb qualsevol grau de depend\u00e8ncia.\",\"publisher\":{\"@id\":\"https:\\\/\\\/lavostrallar.com\\\/noticias\\\/#organization\"},\"potentialAction\":[{\"@type\":\"SearchAction\",\"target\":{\"@type\":\"EntryPoint\",\"urlTemplate\":\"https:\\\/\\\/lavostrallar.com\\\/noticias\\\/?s={search_term_string}\"},\"query-input\":{\"@type\":\"PropertyValueSpecification\",\"valueRequired\":true,\"valueName\":\"search_term_string\"}}],\"inLanguage\":\"ca\"},{\"@type\":\"Organization\",\"@id\":\"https:\\\/\\\/lavostrallar.com\\\/noticias\\\/#organization\",\"name\":\"La Vostra Llar\",\"url\":\"https:\\\/\\\/lavostrallar.com\\\/noticias\\\/\",\"logo\":{\"@type\":\"ImageObject\",\"inLanguage\":\"ca\",\"@id\":\"https:\\\/\\\/lavostrallar.com\\\/noticias\\\/#\\\/schema\\\/logo\\\/image\\\/\",\"url\":\"https:\\\/\\\/lavostrallar.com\\\/noticias\\\/wp-content\\\/uploads\\\/2021\\\/12\\\/logo_lavostrallar.png\",\"contentUrl\":\"https:\\\/\\\/lavostrallar.com\\\/noticias\\\/wp-content\\\/uploads\\\/2021\\\/12\\\/logo_lavostrallar.png\",\"width\":217,\"height\":109,\"caption\":\"La Vostra Llar\"},\"image\":{\"@id\":\"https:\\\/\\\/lavostrallar.com\\\/noticias\\\/#\\\/schema\\\/logo\\\/image\\\/\"},\"sameAs\":[\"https:\\\/\\\/www.facebook.com\\\/lavostra.llar\",\"https:\\\/\\\/x.com\\\/lavostrallar\",\"https:\\\/\\\/www.instagram.com\\\/lavostrallar\\\/\"]}]}<\/script>\n<!-- \/ Yoast SEO plugin. -->","yoast_head_json":{"title":"Finan\u00e7ament - Not\u00edcies La Vostra Llar","description":"Totes les not\u00edcies, fotos i informaci\u00f3 sobre resid\u00e8ncies d\u2019avis i els serveis que ofereixen en relaci\u00f3 amb el finan\u00e7ament.","robots":{"index":"index","follow":"follow","max-snippet":"max-snippet:-1","max-image-preview":"max-image-preview:large","max-video-preview":"max-video-preview:-1"},"canonical":"https:\/\/lavostrallar.com\/noticias\/ca\/financiacion\/","og_locale":"ca_ES","og_type":"article","og_title":"Financiaci\u00f3n - Noticias La Vostra Llar","og_description":"Todas las noticias, fotos e informacion sobre residencias de ancianos, servicios que prestan en torno a financiaci\u00f3n.","og_url":"https:\/\/lavostrallar.com\/noticias\/ca\/financiacion\/","og_site_name":"Noticias La Vostra Llar","article_publisher":"https:\/\/www.facebook.com\/lavostra.llar","article_modified_time":"2026-02-25T12:18:15+00:00","og_image":[{"width":1536,"height":2048,"url":"https:\/\/lavostrallar.com\/noticias\/wp-content\/uploads\/2025\/10\/planificacion_financiera.jpg","type":"image\/jpeg"}],"twitter_card":"summary_large_image","twitter_site":"@lavostrallar","twitter_misc":{"Temps estimat de lectura":"1 minut"},"schema":{"@context":"https:\/\/schema.org","@graph":[{"@type":"WebPage","@id":"https:\/\/lavostrallar.com\/noticias\/financiacion\/","url":"https:\/\/lavostrallar.com\/noticias\/financiacion\/","name":"Finan\u00e7ament - Not\u00edcies La Vostra Llar","isPartOf":{"@id":"https:\/\/lavostrallar.com\/noticias\/#website"},"primaryImageOfPage":{"@id":"https:\/\/lavostrallar.com\/noticias\/financiacion\/#primaryimage"},"image":{"@id":"https:\/\/lavostrallar.com\/noticias\/financiacion\/#primaryimage"},"thumbnailUrl":"https:\/\/lavostrallar.com\/noticias\/wp-content\/uploads\/2025\/10\/planificacion_financiera.jpg","datePublished":"2025-09-01T14:41:22+00:00","dateModified":"2026-02-25T12:18:15+00:00","description":"Totes les not\u00edcies, fotos i informaci\u00f3 sobre resid\u00e8ncies d\u2019avis i els serveis que ofereixen en relaci\u00f3 amb el finan\u00e7ament.","breadcrumb":{"@id":"https:\/\/lavostrallar.com\/noticias\/financiacion\/#breadcrumb"},"inLanguage":"ca","potentialAction":[{"@type":"ReadAction","target":["https:\/\/lavostrallar.com\/noticias\/financiacion\/"]}]},{"@type":"ImageObject","inLanguage":"ca","@id":"https:\/\/lavostrallar.com\/noticias\/financiacion\/#primaryimage","url":"https:\/\/lavostrallar.com\/noticias\/wp-content\/uploads\/2025\/10\/planificacion_financiera.jpg","contentUrl":"https:\/\/lavostrallar.com\/noticias\/wp-content\/uploads\/2025\/10\/planificacion_financiera.jpg","width":1536,"height":2048,"caption":"Residencias de adultos mayores"},{"@type":"BreadcrumbList","@id":"https:\/\/lavostrallar.com\/noticias\/financiacion\/#breadcrumb","itemListElement":[{"@type":"ListItem","position":1,"name":"Portada","item":"https:\/\/lavostrallar.com\/noticias\/"},{"@type":"ListItem","position":2,"name":"Financiaci\u00f3n"}]},{"@type":"WebSite","@id":"https:\/\/lavostrallar.com\/noticias\/#website","url":"https:\/\/lavostrallar.com\/noticias\/","name":"La Vostra Llar","description":"La Vostra Llar gestiona resid\u00e8ncies geri\u00e0triques des de 1987 amb la missi\u00f3 d\u2019oferir assist\u00e8ncia personalitzada per estimular, acollir i atendre les persones grans amb qualsevol grau de depend\u00e8ncia.","publisher":{"@id":"https:\/\/lavostrallar.com\/noticias\/#organization"},"potentialAction":[{"@type":"SearchAction","target":{"@type":"EntryPoint","urlTemplate":"https:\/\/lavostrallar.com\/noticias\/?s={search_term_string}"},"query-input":{"@type":"PropertyValueSpecification","valueRequired":true,"valueName":"search_term_string"}}],"inLanguage":"ca"},{"@type":"Organization","@id":"https:\/\/lavostrallar.com\/noticias\/#organization","name":"La Vostra Llar","url":"https:\/\/lavostrallar.com\/noticias\/","logo":{"@type":"ImageObject","inLanguage":"ca","@id":"https:\/\/lavostrallar.com\/noticias\/#\/schema\/logo\/image\/","url":"https:\/\/lavostrallar.com\/noticias\/wp-content\/uploads\/2021\/12\/logo_lavostrallar.png","contentUrl":"https:\/\/lavostrallar.com\/noticias\/wp-content\/uploads\/2021\/12\/logo_lavostrallar.png","width":217,"height":109,"caption":"La Vostra Llar"},"image":{"@id":"https:\/\/lavostrallar.com\/noticias\/#\/schema\/logo\/image\/"},"sameAs":["https:\/\/www.facebook.com\/lavostra.llar","https:\/\/x.com\/lavostrallar","https:\/\/www.instagram.com\/lavostrallar\/"]}]}},"_links":{"self":[{"href":"https:\/\/lavostrallar.com\/noticias\/ca\/wp-json\/wp\/v2\/pages\/34991","targetHints":{"allow":["GET"]}}],"collection":[{"href":"https:\/\/lavostrallar.com\/noticias\/ca\/wp-json\/wp\/v2\/pages"}],"about":[{"href":"https:\/\/lavostrallar.com\/noticias\/ca\/wp-json\/wp\/v2\/types\/page"}],"author":[{"embeddable":true,"href":"https:\/\/lavostrallar.com\/noticias\/ca\/wp-json\/wp\/v2\/users\/1"}],"replies":[{"embeddable":true,"href":"https:\/\/lavostrallar.com\/noticias\/ca\/wp-json\/wp\/v2\/comments?post=34991"}],"version-history":[{"count":11,"href":"https:\/\/lavostrallar.com\/noticias\/ca\/wp-json\/wp\/v2\/pages\/34991\/revisions"}],"predecessor-version":[{"id":35068,"href":"https:\/\/lavostrallar.com\/noticias\/ca\/wp-json\/wp\/v2\/pages\/34991\/revisions\/35068"}],"wp:featuredmedia":[{"embeddable":true,"href":"https:\/\/lavostrallar.com\/noticias\/ca\/wp-json\/wp\/v2\/media\/35066"}],"wp:attachment":[{"href":"https:\/\/lavostrallar.com\/noticias\/ca\/wp-json\/wp\/v2\/media?parent=34991"}],"curies":[{"name":"wp","href":"https:\/\/api.w.org\/{rel}","templated":true}]}}