	{"id":34983,"date":"2025-09-01T15:58:00","date_gmt":"2025-09-01T13:58:00","guid":{"rendered":"https:\/\/lavostrallar.com\/noticias\/?page_id=34983"},"modified":"2026-04-20T16:19:25","modified_gmt":"2026-04-20T14:19:25","slug":"alzheimer","status":"publish","type":"page","link":"https:\/\/lavostrallar.com\/noticias\/alzheimer\/","title":{"rendered":"Alzheimer"},"content":{"rendered":"\t\t<div data-elementor-type=\"wp-page\" data-elementor-id=\"34983\" class=\"elementor elementor-34983\" data-elementor-post-type=\"page\">\n\t\t\t\t\t\t<section class=\"elementor-section elementor-top-section elementor-element elementor-element-274b838a elementor-section-full_width elementor-section-height-default elementor-section-height-default\" data-id=\"274b838a\" data-element_type=\"section\" data-e-type=\"section\" data-settings=\"{&quot;background_background&quot;:&quot;classic&quot;}\">\n\t\t\t\t\t\t<div class=\"elementor-container elementor-column-gap-default\">\n\t\t\t\t\t<div class=\"elementor-column elementor-col-100 elementor-top-column elementor-element elementor-element-7ab4f294\" data-id=\"7ab4f294\" data-element_type=\"column\" data-e-type=\"column\">\n\t\t\t<div class=\"elementor-widget-wrap elementor-element-populated\">\n\t\t\t\t\t\t<div class=\"elementor-element elementor-element-1598ae59 elementor-widget elementor-widget-heading\" data-id=\"1598ae59\" data-element_type=\"widget\" data-e-type=\"widget\" data-widget_type=\"heading.default\">\n\t\t\t\t<div class=\"elementor-widget-container\">\n\t\t\t\t\t<h1 class=\"elementor-heading-title elementor-size-default\">Alzheimer<\/h1>\t\t\t\t<\/div>\n\t\t\t\t<\/div>\n\t\t\t\t\t<\/div>\n\t\t<\/div>\n\t\t\t\t\t<\/div>\n\t\t<\/section>\n\t\t\t\t<section class=\"elementor-section elementor-top-section elementor-element elementor-element-96caa9c elementor-section-boxed elementor-section-height-default elementor-section-height-default\" data-id=\"96caa9c\" data-element_type=\"section\" data-e-type=\"section\">\n\t\t\t\t\t\t<div class=\"elementor-container elementor-column-gap-default\">\n\t\t\t\t\t<div class=\"elementor-column elementor-col-66 elementor-top-column elementor-element elementor-element-7294dcf2\" data-id=\"7294dcf2\" data-element_type=\"column\" data-e-type=\"column\">\n\t\t\t<div class=\"elementor-widget-wrap elementor-element-populated\">\n\t\t\t\t\t\t<div class=\"elementor-element elementor-element-2f21dac1 elementor-hidden-desktop elementor-search-form--skin-classic elementor-search-form--button-type-icon elementor-search-form--icon-search elementor-widget elementor-widget-search-form\" data-id=\"2f21dac1\" data-element_type=\"widget\" data-e-type=\"widget\" data-settings=\"{&quot;skin&quot;:&quot;classic&quot;}\" data-widget_type=\"search-form.default\">\n\t\t\t\t<div class=\"elementor-widget-container\">\n\t\t\t\t\t\t\t<search role=\"search\">\n\t\t\t<form class=\"elementor-search-form\" action=\"https:\/\/lavostrallar.com\/noticias\" method=\"get\">\n\t\t\t\t\t\t\t\t\t\t\t\t<div class=\"elementor-search-form__container\">\n\t\t\t\t\t<label class=\"elementor-screen-only\" for=\"elementor-search-form-2f21dac1\">Buscar<\/label>\n\n\t\t\t\t\t\n\t\t\t\t\t<input id=\"elementor-search-form-2f21dac1\" placeholder=\"Buscar\" class=\"elementor-search-form__input\" type=\"search\" name=\"s\" value=\"\">\n\t\t\t\t\t\n\t\t\t\t\t\t\t\t\t\t\t<button class=\"elementor-search-form__submit\" type=\"submit\" aria-label=\"Buscar\">\n\t\t\t\t\t\t\t\t\t\t\t\t\t\t\t<i aria-hidden=\"true\" class=\"fas fa-search\"><\/i>\t\t\t\t\t\t\t\t\t\t\t\t\t<\/button>\n\t\t\t\t\t\n\t\t\t\t\t\t\t\t\t<\/div>\n\t\t\t<\/form>\n\t\t<\/search>\n\t\t\t\t\t\t<\/div>\n\t\t\t\t<\/div>\n\t\t\t\t<div class=\"elementor-element elementor-element-6511338b elementor-posts--align-left elementor-grid-3 elementor-grid-tablet-2 elementor-grid-mobile-1 elementor-posts--thumbnail-top elementor-widget elementor-widget-posts\" data-id=\"6511338b\" data-element_type=\"widget\" data-e-type=\"widget\" id=\"noticiasCat\" data-settings=\"{&quot;classic_columns&quot;:&quot;3&quot;,&quot;classic_columns_tablet&quot;:&quot;2&quot;,&quot;classic_columns_mobile&quot;:&quot;1&quot;,&quot;classic_row_gap&quot;:{&quot;unit&quot;:&quot;px&quot;,&quot;size&quot;:35,&quot;sizes&quot;:[]},&quot;classic_row_gap_tablet&quot;:{&quot;unit&quot;:&quot;px&quot;,&quot;size&quot;:&quot;&quot;,&quot;sizes&quot;:[]},&quot;classic_row_gap_mobile&quot;:{&quot;unit&quot;:&quot;px&quot;,&quot;size&quot;:&quot;&quot;,&quot;sizes&quot;:[]}}\" data-widget_type=\"posts.classic\">\n\t\t\t\t<div class=\"elementor-widget-container\">\n\t\t\t\t\t\t\t<div class=\"elementor-posts-container elementor-posts elementor-posts--skin-classic elementor-grid\" role=\"list\">\n\t\t\t\t<article class=\"elementor-post elementor-grid-item post-35448 post type-post status-publish format-standard has-post-thumbnail hentry category-alzheimer category-financiacion category-ictus category-noticias-blanes category-noticias-clot category-noticias-esplugues category-noticias-gracia category-noticias-la-marina category-noticias-la-rambla category-noticias-les-dalies category-noticias-les-oliveres category-noticias-mataro category-noticias-guell category-noticias-reig category-noticias-terrassa category-residencia-ancianos\" role=\"listitem\">\n\t\t\t\t<a class=\"elementor-post__thumbnail__link\" href=\"https:\/\/lavostrallar.com\/noticias\/precio-de-un-centro-de-dia-para-mayores-en-barcelona\/\" tabindex=\"-1\" >\n\t\t\t<div class=\"elementor-post__thumbnail\"><img fetchpriority=\"high\" decoding=\"async\" width=\"300\" height=\"227\" src=\"https:\/\/lavostrallar.com\/noticias\/wp-content\/uploads\/2025\/01\/torrent-1-300x227.jpg\" class=\"attachment-medium size-medium wp-image-34192\" alt=\"Residencias de adultos mayores\" srcset=\"https:\/\/lavostrallar.com\/noticias\/wp-content\/uploads\/2025\/01\/torrent-1-300x227.jpg 300w, https:\/\/lavostrallar.com\/noticias\/wp-content\/uploads\/2025\/01\/torrent-1-1024x776.jpg 1024w, https:\/\/lavostrallar.com\/noticias\/wp-content\/uploads\/2025\/01\/torrent-1-768x582.jpg 768w, https:\/\/lavostrallar.com\/noticias\/wp-content\/uploads\/2025\/01\/torrent-1-1536x1164.jpg 1536w, https:\/\/lavostrallar.com\/noticias\/wp-content\/uploads\/2025\/01\/torrent-1-scaled.jpg 2048w, https:\/\/lavostrallar.com\/noticias\/wp-content\/uploads\/2025\/01\/torrent-1-16x12.jpg 16w\" sizes=\"(max-width: 300px) 100vw, 300px\" \/><\/div>\n\t\t<\/a>\n\t\t\t\t<div class=\"elementor-post__text\">\n\t\t\t\t<h3 class=\"elementor-post__title\">\n\t\t\t<a href=\"https:\/\/lavostrallar.com\/noticias\/precio-de-un-centro-de-dia-para-mayores-en-barcelona\/\" >\n\t\t\t\tPrecio de un Centro de D\u00eda para Mayores en Barcelona \u00b7 La Vostra Llar\t\t\t<\/a>\n\t\t<\/h3>\n\t\t\t\t<div class=\"elementor-post__excerpt\">\n\t\t\t<p>Conocer el precio de un centro de d\u00eda para mayores es uno de los pasos m\u00e1s importantes para las familias que buscan compaginar el cuidado especializado de un familiar con su vida laboral y personal. En Barcelona, contar con un espacio diurno profesional no solo aporta tranquilidad al entorno familiar, sino que garantiza que la persona mayor reciba una atenci\u00f3n integral sin tener que abandonar su hogar.<\/p>\n\t\t<\/div>\n\t\t\n\t\t<a class=\"elementor-post__read-more\" href=\"https:\/\/lavostrallar.com\/noticias\/precio-de-un-centro-de-dia-para-mayores-en-barcelona\/\" aria-label=\"M\u00e1s informaci\u00f3n sobre Precio de un Centro de D\u00eda para Mayores en Barcelona \u00b7 La Vostra Llar\" tabindex=\"-1\" >\n\t\t\tleer m\u00e1s\t\t<\/a>\n\n\t\t\t\t<\/div>\n\t\t\t\t<\/article>\n\t\t\t\t<article class=\"elementor-post elementor-grid-item post-35444 post type-post status-publish format-standard has-post-thumbnail hentry category-alzheimer category-financiacion category-noticias-blanes category-noticias-clot category-noticias-esplugues category-noticias-gracia category-noticias-la-marina category-noticias-la-rambla category-noticias-les-dalies category-noticias-les-oliveres category-noticias-mataro category-noticias-guell category-noticias-reig category-noticias-terrassa category-residencia-ancianos category-terapia-animales category-terapia-perros category-terapias-con-perros tag-residencias-de-ancianos tag-salud-y-envejecimiento-activo\" role=\"listitem\">\n\t\t\t\t<a class=\"elementor-post__thumbnail__link\" href=\"https:\/\/lavostrallar.com\/noticias\/lista-de-espera-en-residencias-publicas-de-catalunya-que-hacer-mientras-esperas\/\" tabindex=\"-1\" >\n\t\t\t<div class=\"elementor-post__thumbnail\"><img decoding=\"async\" width=\"300\" height=\"169\" src=\"https:\/\/lavostrallar.com\/noticias\/wp-content\/uploads\/2025\/05\/DSC09558-300x169.jpg\" class=\"attachment-medium size-medium wp-image-34710\" alt=\"Residencias de adultos mayores\" srcset=\"https:\/\/lavostrallar.com\/noticias\/wp-content\/uploads\/2025\/05\/DSC09558-300x169.jpg 300w, https:\/\/lavostrallar.com\/noticias\/wp-content\/uploads\/2025\/05\/DSC09558-1024x576.jpg 1024w, https:\/\/lavostrallar.com\/noticias\/wp-content\/uploads\/2025\/05\/DSC09558-768x432.jpg 768w, https:\/\/lavostrallar.com\/noticias\/wp-content\/uploads\/2025\/05\/DSC09558-1536x864.jpg 1536w, https:\/\/lavostrallar.com\/noticias\/wp-content\/uploads\/2025\/05\/DSC09558-scaled.jpg 2048w, https:\/\/lavostrallar.com\/noticias\/wp-content\/uploads\/2025\/05\/DSC09558-18x10.jpg 18w\" sizes=\"(max-width: 300px) 100vw, 300px\" \/><\/div>\n\t\t<\/a>\n\t\t\t\t<div class=\"elementor-post__text\">\n\t\t\t\t<h3 class=\"elementor-post__title\">\n\t\t\t<a href=\"https:\/\/lavostrallar.com\/noticias\/lista-de-espera-en-residencias-publicas-de-catalunya-que-hacer-mientras-esperas\/\" >\n\t\t\t\tLista de espera en residencias p\u00fablicas de Catalunya: qu\u00e9 hacer mientras esperas\t\t\t<\/a>\n\t\t<\/h3>\n\t\t\t\t<div class=\"elementor-post__excerpt\">\n\t\t\t<p>Entrar en la lista de espera residencia p\u00fablica Catalu\u00f1a es una situaci\u00f3n habitual para miles de familias que buscan una plaza de atenci\u00f3n a la dependencia garantizada por la Generalitat. Sin embargo, los tiempos de gesti\u00f3n y la urgencia de los cuidados obligan a conocer a fondo el funcionamiento del sistema y a valorar alternativas habitacionales mientras se resuelve el expediente.<\/p>\n\t\t<\/div>\n\t\t\n\t\t<a class=\"elementor-post__read-more\" href=\"https:\/\/lavostrallar.com\/noticias\/lista-de-espera-en-residencias-publicas-de-catalunya-que-hacer-mientras-esperas\/\" aria-label=\"M\u00e1s informaci\u00f3n sobre Lista de espera en residencias p\u00fablicas de Catalunya: qu\u00e9 hacer mientras esperas\" tabindex=\"-1\" >\n\t\t\tleer m\u00e1s\t\t<\/a>\n\n\t\t\t\t<\/div>\n\t\t\t\t<\/article>\n\t\t\t\t<article class=\"elementor-post elementor-grid-item post-35414 post type-post status-publish format-standard has-post-thumbnail hentry category-alzheimer category-destacado category-financiacion category-noticias-blanes category-noticias-clot category-noticias-esplugues category-noticias-gracia category-noticias-la-marina category-noticias-la-rambla category-noticias-les-dalies category-noticias-les-oliveres category-noticias-mataro category-noticias-guell category-noticias-reig category-noticias-terrassa category-residencia-ancianos tag-actividades-para-mayores tag-atencion-centrada-en-la-persona tag-residencias-de-ancianos tag-salud-y-envejecimiento-activo\" role=\"listitem\">\n\t\t\t\t<a class=\"elementor-post__thumbnail__link\" href=\"https:\/\/lavostrallar.com\/noticias\/ayudas-para-residencias-de-ancianos-y-pension-la-vostra-llar\/\" tabindex=\"-1\" >\n\t\t\t<div class=\"elementor-post__thumbnail\"><img decoding=\"async\" width=\"300\" height=\"225\" src=\"https:\/\/lavostrallar.com\/noticias\/wp-content\/uploads\/2025\/02\/foto-article-300x225.jpg\" class=\"attachment-medium size-medium wp-image-34468\" alt=\"Residencias de adultos mayores\" srcset=\"https:\/\/lavostrallar.com\/noticias\/wp-content\/uploads\/2025\/02\/foto-article-300x225.jpg 300w, https:\/\/lavostrallar.com\/noticias\/wp-content\/uploads\/2025\/02\/foto-article-1024x768.jpg 1024w, https:\/\/lavostrallar.com\/noticias\/wp-content\/uploads\/2025\/02\/foto-article-768x576.jpg 768w, https:\/\/lavostrallar.com\/noticias\/wp-content\/uploads\/2025\/02\/foto-article-1536x1152.jpg 1536w, https:\/\/lavostrallar.com\/noticias\/wp-content\/uploads\/2025\/02\/foto-article-16x12.jpg 16w, https:\/\/lavostrallar.com\/noticias\/wp-content\/uploads\/2025\/02\/foto-article.jpg 1600w\" sizes=\"(max-width: 300px) 100vw, 300px\" \/><\/div>\n\t\t<\/a>\n\t\t\t\t<div class=\"elementor-post__text\">\n\t\t\t\t<h3 class=\"elementor-post__title\">\n\t\t\t<a href=\"https:\/\/lavostrallar.com\/noticias\/ayudas-para-residencias-de-ancianos-y-pension-la-vostra-llar\/\" >\n\t\t\t\tAyudas para Residencias de Ancianos y Pensi\u00f3n | La Vostra Llar\t\t\t<\/a>\n\t\t<\/h3>\n\t\t\t\t<div class=\"elementor-post__excerpt\">\n\t\t\t<p>\u00bfQu\u00e9 pasa con la pensi\u00f3n cuando tu familiar ingresa en una residencia? Cuando una familia plantea el ingreso de un ser querido en una Residencia<\/p>\n\t\t<\/div>\n\t\t\n\t\t<a class=\"elementor-post__read-more\" href=\"https:\/\/lavostrallar.com\/noticias\/ayudas-para-residencias-de-ancianos-y-pension-la-vostra-llar\/\" aria-label=\"M\u00e1s informaci\u00f3n sobre Ayudas para Residencias de Ancianos y Pensi\u00f3n | La Vostra Llar\" tabindex=\"-1\" >\n\t\t\tleer m\u00e1s\t\t<\/a>\n\n\t\t\t\t<\/div>\n\t\t\t\t<\/article>\n\t\t\t\t<article class=\"elementor-post elementor-grid-item post-35405 post type-post status-publish format-standard has-post-thumbnail hentry category-alzheimer category-destacado category-financiacion category-noticias-gracia category-residencia-ancianos tag-actividades-para-mayores tag-atencion-centrada-en-la-persona tag-catalan tag-educacion-artistica tag-residencias-de-ancianos tag-salud-y-envejecimiento-activo tag-terapia\" role=\"listitem\">\n\t\t\t\t<a class=\"elementor-post__thumbnail__link\" href=\"https:\/\/lavostrallar.com\/noticias\/centro-de-dia-para-personas-con-alzheimer-en-gracia-barcelona\/\" tabindex=\"-1\" >\n\t\t\t<div class=\"elementor-post__thumbnail\"><img loading=\"lazy\" decoding=\"async\" width=\"300\" height=\"225\" src=\"https:\/\/lavostrallar.com\/noticias\/wp-content\/uploads\/2025\/02\/Hort-3-300x225.jpeg\" class=\"attachment-medium size-medium wp-image-34420\" alt=\"\" srcset=\"https:\/\/lavostrallar.com\/noticias\/wp-content\/uploads\/2025\/02\/Hort-3-300x225.jpeg 300w, https:\/\/lavostrallar.com\/noticias\/wp-content\/uploads\/2025\/02\/Hort-3-1024x768.jpeg 1024w, https:\/\/lavostrallar.com\/noticias\/wp-content\/uploads\/2025\/02\/Hort-3-768x576.jpeg 768w, https:\/\/lavostrallar.com\/noticias\/wp-content\/uploads\/2025\/02\/Hort-3-1536x1152.jpeg 1536w, https:\/\/lavostrallar.com\/noticias\/wp-content\/uploads\/2025\/02\/Hort-3-16x12.jpeg 16w, https:\/\/lavostrallar.com\/noticias\/wp-content\/uploads\/2025\/02\/Hort-3.jpeg 2048w\" sizes=\"(max-width: 300px) 100vw, 300px\" \/><\/div>\n\t\t<\/a>\n\t\t\t\t<div class=\"elementor-post__text\">\n\t\t\t\t<h3 class=\"elementor-post__title\">\n\t\t\t<a href=\"https:\/\/lavostrallar.com\/noticias\/centro-de-dia-para-personas-con-alzheimer-en-gracia-barcelona\/\" >\n\t\t\t\tCentro de d\u00eda para personas con Alzheimer en Gr\u00e0cia Barcelona\t\t\t<\/a>\n\t\t<\/h3>\n\t\t\t\t<div class=\"elementor-post__excerpt\">\n\t\t\t<p>Centro de d\u00eda para personas con Alzheimer en Gr\u00e0cia Barcelona &#8211; La Vostra Llar<\/p>\n\t\t<\/div>\n\t\t\n\t\t<a class=\"elementor-post__read-more\" href=\"https:\/\/lavostrallar.com\/noticias\/centro-de-dia-para-personas-con-alzheimer-en-gracia-barcelona\/\" aria-label=\"M\u00e1s informaci\u00f3n sobre Centro de d\u00eda para personas con Alzheimer en Gr\u00e0cia Barcelona\" tabindex=\"-1\" >\n\t\t\tleer m\u00e1s\t\t<\/a>\n\n\t\t\t\t<\/div>\n\t\t\t\t<\/article>\n\t\t\t\t<article class=\"elementor-post elementor-grid-item post-35400 post type-post status-publish format-standard has-post-thumbnail hentry category-alzheimer category-destacado category-financiacion category-noticias-blanes category-noticias-clot category-noticias-esplugues category-noticias-gracia category-noticias-la-marina category-noticias-la-rambla category-noticias-les-dalies category-noticias-les-oliveres category-noticias-mataro category-noticias-guell category-noticias-reig category-noticias-terrassa category-residencia-ancianos tag-actividades-para-mayores tag-atencion-centrada-en-la-persona tag-educacion-artistica tag-residencias-de-ancianos tag-salud-y-envejecimiento-activo\" role=\"listitem\">\n\t\t\t\t<a class=\"elementor-post__thumbnail__link\" href=\"https:\/\/lavostrallar.com\/noticias\/la-vostra-llar-residencias-especializadas-en-alzheimer\/\" tabindex=\"-1\" >\n\t\t\t<div class=\"elementor-post__thumbnail\"><img loading=\"lazy\" decoding=\"async\" width=\"225\" height=\"300\" src=\"https:\/\/lavostrallar.com\/noticias\/wp-content\/uploads\/2025\/08\/514899012_122176675424333201_3115155792619148381_n-225x300.jpg\" class=\"attachment-medium size-medium wp-image-34923\" alt=\"Residencias de adultos mayores\" srcset=\"https:\/\/lavostrallar.com\/noticias\/wp-content\/uploads\/2025\/08\/514899012_122176675424333201_3115155792619148381_n-225x300.jpg 225w, https:\/\/lavostrallar.com\/noticias\/wp-content\/uploads\/2025\/08\/514899012_122176675424333201_3115155792619148381_n-768x1024.jpg 768w, https:\/\/lavostrallar.com\/noticias\/wp-content\/uploads\/2025\/08\/514899012_122176675424333201_3115155792619148381_n-1152x1536.jpg 1152w, https:\/\/lavostrallar.com\/noticias\/wp-content\/uploads\/2025\/08\/514899012_122176675424333201_3115155792619148381_n-9x12.jpg 9w, https:\/\/lavostrallar.com\/noticias\/wp-content\/uploads\/2025\/08\/514899012_122176675424333201_3115155792619148381_n.jpg 1536w\" sizes=\"(max-width: 225px) 100vw, 225px\" \/><\/div>\n\t\t<\/a>\n\t\t\t\t<div class=\"elementor-post__text\">\n\t\t\t\t<h3 class=\"elementor-post__title\">\n\t\t\t<a href=\"https:\/\/lavostrallar.com\/noticias\/la-vostra-llar-residencias-especializadas-en-alzheimer\/\" >\n\t\t\t\tCuidar a un Familiar con Alzheimer en Casa | La Vostra Llar\t\t\t<\/a>\n\t\t<\/h3>\n\t\t\t\t<div class=\"elementor-post__excerpt\">\n\t\t\t<p>El desgaste invisible del cuidador de Alzheimer Cuando el cuidado en el hogar se vuelve insostenible, la b\u00fasqueda de residencias especializadas en Alzheimer se convierte<\/p>\n\t\t<\/div>\n\t\t\n\t\t<a class=\"elementor-post__read-more\" href=\"https:\/\/lavostrallar.com\/noticias\/la-vostra-llar-residencias-especializadas-en-alzheimer\/\" aria-label=\"M\u00e1s informaci\u00f3n sobre Cuidar a un Familiar con Alzheimer en Casa | La Vostra Llar\" tabindex=\"-1\" >\n\t\t\tleer m\u00e1s\t\t<\/a>\n\n\t\t\t\t<\/div>\n\t\t\t\t<\/article>\n\t\t\t\t<article class=\"elementor-post elementor-grid-item post-35367 post type-post status-publish format-standard has-post-thumbnail hentry category-alzheimer category-noticias-blanes category-noticias-clot category-noticias-esplugues category-noticias-gracia category-noticias-la-marina category-noticias-la-rambla category-noticias-les-dalies category-noticias-les-oliveres category-noticias-mataro category-noticias-guell category-noticias-reig category-noticias-terrassa category-residencia-ancianos category-uncategorized tag-actividades-para-mayores tag-atencion-centrada-en-la-persona tag-catalan tag-compromiso-social tag-educacion-artistica tag-residencias-de-ancianos\" role=\"listitem\">\n\t\t\t\t<a class=\"elementor-post__thumbnail__link\" href=\"https:\/\/lavostrallar.com\/noticias\/residencias-especializadas-en-alzheimer-como-elegirla\/\" tabindex=\"-1\" >\n\t\t\t<div class=\"elementor-post__thumbnail\"><img loading=\"lazy\" decoding=\"async\" width=\"300\" height=\"127\" src=\"https:\/\/lavostrallar.com\/noticias\/wp-content\/uploads\/2025\/04\/Cumple_Terrassa-300x127.jpg\" class=\"attachment-medium size-medium wp-image-34578\" alt=\"Residencias especializadas en Alzheimer\" srcset=\"https:\/\/lavostrallar.com\/noticias\/wp-content\/uploads\/2025\/04\/Cumple_Terrassa-300x127.jpg 300w, https:\/\/lavostrallar.com\/noticias\/wp-content\/uploads\/2025\/04\/Cumple_Terrassa-1024x433.jpg 1024w, https:\/\/lavostrallar.com\/noticias\/wp-content\/uploads\/2025\/04\/Cumple_Terrassa-768x324.jpg 768w, https:\/\/lavostrallar.com\/noticias\/wp-content\/uploads\/2025\/04\/Cumple_Terrassa-1536x649.jpg 1536w, https:\/\/lavostrallar.com\/noticias\/wp-content\/uploads\/2025\/04\/Cumple_Terrassa-18x8.jpg 18w, https:\/\/lavostrallar.com\/noticias\/wp-content\/uploads\/2025\/04\/Cumple_Terrassa.jpg 1600w\" sizes=\"(max-width: 300px) 100vw, 300px\" \/><\/div>\n\t\t<\/a>\n\t\t\t\t<div class=\"elementor-post__text\">\n\t\t\t\t<h3 class=\"elementor-post__title\">\n\t\t\t<a href=\"https:\/\/lavostrallar.com\/noticias\/residencias-especializadas-en-alzheimer-como-elegirla\/\" >\n\t\t\t\tResidencias especializadas en Alzheimer: c\u00f3mo elegirla\t\t\t<\/a>\n\t\t<\/h3>\n\t\t\t\t<div class=\"elementor-post__excerpt\">\n\t\t\t<p>El diagn\u00f3stico de Alzheimer cambia la vida de toda la familia. Cuando el cuidado en el domicilio se vuelve complejo, buscar residencias especializadas en Alzheimer<\/p>\n\t\t<\/div>\n\t\t\n\t\t<a class=\"elementor-post__read-more\" href=\"https:\/\/lavostrallar.com\/noticias\/residencias-especializadas-en-alzheimer-como-elegirla\/\" aria-label=\"M\u00e1s informaci\u00f3n sobre Residencias especializadas en Alzheimer: c\u00f3mo elegirla\" tabindex=\"-1\" >\n\t\t\tleer m\u00e1s\t\t<\/a>\n\n\t\t\t\t<\/div>\n\t\t\t\t<\/article>\n\t\t\t\t<article class=\"elementor-post elementor-grid-item post-35230 post type-post status-publish format-standard has-post-thumbnail hentry category-alzheimer category-noticias-blanes category-noticias-clot category-noticias-esplugues category-noticias-gracia category-noticias-la-marina category-noticias-la-rambla category-noticias-les-dalies category-noticias-les-oliveres category-noticias-mataro category-noticias-guell category-noticias-reig category-noticias-terrassa category-residencia-ancianos tag-actividades-para-mayores tag-atencion-centrada-en-la-persona tag-catalan tag-compromiso-social tag-residencias-de-ancianos tag-salud-y-envejecimiento-activo tag-talleres\" role=\"listitem\">\n\t\t\t\t<a class=\"elementor-post__thumbnail__link\" href=\"https:\/\/lavostrallar.com\/noticias\/que-es-el-alzheimer-causas-fases-y-cuidados\/\" tabindex=\"-1\" >\n\t\t\t<div class=\"elementor-post__thumbnail\"><img loading=\"lazy\" decoding=\"async\" width=\"300\" height=\"200\" src=\"https:\/\/lavostrallar.com\/noticias\/wp-content\/uploads\/2025\/01\/17-300x200.jpg\" class=\"attachment-medium size-medium wp-image-34179\" alt=\"Cuidado especializado para personas mayores con Parkinson en residencias y centros de d\u00eda de La Vostra Llar\" srcset=\"https:\/\/lavostrallar.com\/noticias\/wp-content\/uploads\/2025\/01\/17-300x200.jpg 300w, https:\/\/lavostrallar.com\/noticias\/wp-content\/uploads\/2025\/01\/17-1024x683.jpg 1024w, https:\/\/lavostrallar.com\/noticias\/wp-content\/uploads\/2025\/01\/17-768x512.jpg 768w, https:\/\/lavostrallar.com\/noticias\/wp-content\/uploads\/2025\/01\/17-18x12.jpg 18w, https:\/\/lavostrallar.com\/noticias\/wp-content\/uploads\/2025\/01\/17.jpg 1134w\" sizes=\"(max-width: 300px) 100vw, 300px\" \/><\/div>\n\t\t<\/a>\n\t\t\t\t<div class=\"elementor-post__text\">\n\t\t\t\t<h3 class=\"elementor-post__title\">\n\t\t\t<a href=\"https:\/\/lavostrallar.com\/noticias\/que-es-el-alzheimer-causas-fases-y-cuidados\/\" >\n\t\t\t\tQu\u00e9 es el Alzheimer y por qu\u00e9 se produce\t\t\t<\/a>\n\t\t<\/h3>\n\t\t\t\t<div class=\"elementor-post__excerpt\">\n\t\t\t<p>El Alzheimer es una enfermedad neurodegenerativa progresiva que afecta principalmente a personas mayores, causando deterioro de la memoria, el pensamiento y la conducta. Es la<\/p>\n\t\t<\/div>\n\t\t\n\t\t<a class=\"elementor-post__read-more\" href=\"https:\/\/lavostrallar.com\/noticias\/que-es-el-alzheimer-causas-fases-y-cuidados\/\" aria-label=\"M\u00e1s informaci\u00f3n sobre Qu\u00e9 es el Alzheimer y por qu\u00e9 se produce\" tabindex=\"-1\" >\n\t\t\tleer m\u00e1s\t\t<\/a>\n\n\t\t\t\t<\/div>\n\t\t\t\t<\/article>\n\t\t\t\t<article class=\"elementor-post elementor-grid-item post-35185 post type-post status-publish format-standard has-post-thumbnail hentry category-alzheimer tag-atencion-centrada-en-la-persona tag-residencias-de-ancianos tag-salud-y-envejecimiento-activo tag-terapia\" role=\"listitem\">\n\t\t\t\t<a class=\"elementor-post__thumbnail__link\" href=\"https:\/\/lavostrallar.com\/noticias\/alzheimer-vs-demencia-en-que-se-diferencian\/\" tabindex=\"-1\" >\n\t\t\t<div class=\"elementor-post__thumbnail\"><img loading=\"lazy\" decoding=\"async\" width=\"300\" height=\"241\" src=\"https:\/\/lavostrallar.com\/noticias\/wp-content\/uploads\/2024\/12\/sagrada-familia-1-300x241.jpg\" class=\"attachment-medium size-medium wp-image-34044\" alt=\"Alzheimer vs demencia\" srcset=\"https:\/\/lavostrallar.com\/noticias\/wp-content\/uploads\/2024\/12\/sagrada-familia-1-300x241.jpg 300w, https:\/\/lavostrallar.com\/noticias\/wp-content\/uploads\/2024\/12\/sagrada-familia-1-1024x822.jpg 1024w, https:\/\/lavostrallar.com\/noticias\/wp-content\/uploads\/2024\/12\/sagrada-familia-1-768x617.jpg 768w, https:\/\/lavostrallar.com\/noticias\/wp-content\/uploads\/2024\/12\/sagrada-familia-1-1536x1233.jpg 1536w, https:\/\/lavostrallar.com\/noticias\/wp-content\/uploads\/2024\/12\/sagrada-familia-1-scaled.jpg 2048w, https:\/\/lavostrallar.com\/noticias\/wp-content\/uploads\/2024\/12\/sagrada-familia-1-15x12.jpg 15w\" sizes=\"(max-width: 300px) 100vw, 300px\" \/><\/div>\n\t\t<\/a>\n\t\t\t\t<div class=\"elementor-post__text\">\n\t\t\t\t<h3 class=\"elementor-post__title\">\n\t\t\t<a href=\"https:\/\/lavostrallar.com\/noticias\/alzheimer-vs-demencia-en-que-se-diferencian\/\" >\n\t\t\t\tAlzheimer vs demencia: en qu\u00e9 se diferencian realmente\t\t\t<\/a>\n\t\t<\/h3>\n\t\t\t\t<div class=\"elementor-post__excerpt\">\n\t\t\t<p>Cuando hablamos de p\u00e9rdida de memoria o deterioro cognitivo, es habitual que los t\u00e9rminos Alzheimer y demencia se utilicen como sin\u00f3nimos. Sin embargo, aunque est\u00e1n<\/p>\n\t\t<\/div>\n\t\t\n\t\t<a class=\"elementor-post__read-more\" href=\"https:\/\/lavostrallar.com\/noticias\/alzheimer-vs-demencia-en-que-se-diferencian\/\" aria-label=\"M\u00e1s informaci\u00f3n sobre Alzheimer vs demencia: en qu\u00e9 se diferencian realmente\" tabindex=\"-1\" >\n\t\t\tleer m\u00e1s\t\t<\/a>\n\n\t\t\t\t<\/div>\n\t\t\t\t<\/article>\n\t\t\t\t<article class=\"elementor-post elementor-grid-item post-35108 post type-post status-publish format-standard has-post-thumbnail hentry category-alzheimer category-destacado category-noticias-blanes category-noticias-clot category-noticias-esplugues category-noticias-gracia category-noticias-la-marina category-noticias-la-rambla category-noticias-les-dalies category-noticias-les-oliveres category-noticias-mataro category-noticias-guell category-noticias-reig category-noticias-terrassa category-uncategorized tag-actividades-para-mayores tag-atencion-centrada-en-la-persona tag-educacion-artistica tag-residencias-de-ancianos tag-salud-y-envejecimiento-activo\" role=\"listitem\">\n\t\t\t\t<a class=\"elementor-post__thumbnail__link\" href=\"https:\/\/lavostrallar.com\/noticias\/es-bueno-cambiar-de-casa-persona-con-alzheimer\/\" tabindex=\"-1\" >\n\t\t\t<div class=\"elementor-post__thumbnail\"><img loading=\"lazy\" decoding=\"async\" width=\"300\" height=\"200\" src=\"https:\/\/lavostrallar.com\/noticias\/wp-content\/uploads\/2025\/06\/como-elegir-la-mejor-residencia-para-una-persona-mayor-300x200.webp\" class=\"attachment-medium size-medium wp-image-34825\" alt=\"Mujer mayor haciendo actividades musicales en la residencia de ancianos La Vostra Llar\" srcset=\"https:\/\/lavostrallar.com\/noticias\/wp-content\/uploads\/2025\/06\/como-elegir-la-mejor-residencia-para-una-persona-mayor-300x200.webp 300w, https:\/\/lavostrallar.com\/noticias\/wp-content\/uploads\/2025\/06\/como-elegir-la-mejor-residencia-para-una-persona-mayor-768x512.webp 768w, https:\/\/lavostrallar.com\/noticias\/wp-content\/uploads\/2025\/06\/como-elegir-la-mejor-residencia-para-una-persona-mayor-18x12.webp 18w, https:\/\/lavostrallar.com\/noticias\/wp-content\/uploads\/2025\/06\/como-elegir-la-mejor-residencia-para-una-persona-mayor.webp 1024w\" sizes=\"(max-width: 300px) 100vw, 300px\" \/><\/div>\n\t\t<\/a>\n\t\t\t\t<div class=\"elementor-post__text\">\n\t\t\t\t<h3 class=\"elementor-post__title\">\n\t\t\t<a href=\"https:\/\/lavostrallar.com\/noticias\/es-bueno-cambiar-de-casa-persona-con-alzheimer\/\" >\n\t\t\t\tDescubre si es bueno cambiar de casa a una persona con Alzheimer\t\t\t<\/a>\n\t\t<\/h3>\n\t\t\t\t<div class=\"elementor-post__excerpt\">\n\t\t\t<p>Descubre si es bueno cambiar de casa a una persona con Alzheimer C\u00f3mo afectan las rutinas y el entorno a una persona con Alzheimer \u00bfEs<\/p>\n\t\t<\/div>\n\t\t\n\t\t<a class=\"elementor-post__read-more\" href=\"https:\/\/lavostrallar.com\/noticias\/es-bueno-cambiar-de-casa-persona-con-alzheimer\/\" aria-label=\"M\u00e1s informaci\u00f3n sobre Descubre si es bueno cambiar de casa a una persona con Alzheimer\" tabindex=\"-1\" >\n\t\t\tleer m\u00e1s\t\t<\/a>\n\n\t\t\t\t<\/div>\n\t\t\t\t<\/article>\n\t\t\t\t<article class=\"elementor-post elementor-grid-item post-35077 post type-post status-publish format-standard has-post-thumbnail hentry category-alzheimer category-noticias-blanes category-noticias-clot category-noticias-esplugues category-noticias-gracia category-noticias-la-marina category-noticias-la-rambla category-noticias-les-dalies category-noticias-les-oliveres category-noticias-mataro category-noticias-guell category-noticias-reig category-noticias-terrassa category-residencia-ancianos tag-actividades-para-mayores tag-atencion-centrada-en-la-persona tag-compromiso-social tag-residencias-de-ancianos tag-salud-y-envejecimiento-activo\" role=\"listitem\">\n\t\t\t\t<a class=\"elementor-post__thumbnail__link\" href=\"https:\/\/lavostrallar.com\/noticias\/actividades-fisicas-en-residencias-la-vostra-llar\/\" tabindex=\"-1\" >\n\t\t\t<div class=\"elementor-post__thumbnail\"><img loading=\"lazy\" decoding=\"async\" width=\"300\" height=\"168\" src=\"https:\/\/lavostrallar.com\/noticias\/wp-content\/uploads\/2025\/01\/yoga-2-300x168.jpg\" class=\"attachment-medium size-medium wp-image-34231\" alt=\"Residencias de adultos mayores\" srcset=\"https:\/\/lavostrallar.com\/noticias\/wp-content\/uploads\/2025\/01\/yoga-2-300x168.jpg 300w, https:\/\/lavostrallar.com\/noticias\/wp-content\/uploads\/2025\/01\/yoga-2-1024x574.jpg 1024w, https:\/\/lavostrallar.com\/noticias\/wp-content\/uploads\/2025\/01\/yoga-2-768x431.jpg 768w, https:\/\/lavostrallar.com\/noticias\/wp-content\/uploads\/2025\/01\/yoga-2-1536x861.jpg 1536w, https:\/\/lavostrallar.com\/noticias\/wp-content\/uploads\/2025\/01\/yoga-2-scaled.jpg 2048w, https:\/\/lavostrallar.com\/noticias\/wp-content\/uploads\/2025\/01\/yoga-2-18x10.jpg 18w\" sizes=\"(max-width: 300px) 100vw, 300px\" \/><\/div>\n\t\t<\/a>\n\t\t\t\t<div class=\"elementor-post__text\">\n\t\t\t\t<h3 class=\"elementor-post__title\">\n\t\t\t<a href=\"https:\/\/lavostrallar.com\/noticias\/actividades-fisicas-en-residencias-la-vostra-llar\/\" >\n\t\t\t\tActividades F\u00edsicas en Residencias geri\u00e1tricas: bienestar y calidad de vida | La Vostra Llar\t\t\t<\/a>\n\t\t<\/h3>\n\t\t\t\t<div class=\"elementor-post__excerpt\">\n\t\t\t<p>Las actividades f\u00edsicas en residencias geri\u00e1tricas mejora la salud, la autonom\u00eda y la calidad de vida de las personas mayores. En La Vostra Llar fomentamos<\/p>\n\t\t<\/div>\n\t\t\n\t\t<a class=\"elementor-post__read-more\" href=\"https:\/\/lavostrallar.com\/noticias\/actividades-fisicas-en-residencias-la-vostra-llar\/\" aria-label=\"M\u00e1s informaci\u00f3n sobre Actividades F\u00edsicas en Residencias geri\u00e1tricas: bienestar y calidad de vida | La Vostra Llar\" tabindex=\"-1\" >\n\t\t\tleer m\u00e1s\t\t<\/a>\n\n\t\t\t\t<\/div>\n\t\t\t\t<\/article>\n\t\t\t\t<article class=\"elementor-post elementor-grid-item post-34663 post type-post status-publish format-standard has-post-thumbnail hentry category-alzheimer category-noticias-blanes category-noticias-clot category-noticias-esplugues category-noticias-gracia category-noticias-la-marina category-noticias-la-rambla category-noticias-les-dalies category-noticias-les-oliveres category-noticias-mataro category-noticias-guell category-noticias-reig category-noticias-terrassa tag-alzheimer tag-alzheimer-residencia tag-atencion-centrada-en-la-persona tag-cuidados-alzheimer tag-cuidados-residencias tag-evolucion-alzheimer tag-fases-de-alzheimer tag-hablar-con-una-persona-con-alzheimer tag-principio-de-alzheimer tag-residencias-de-ancianos tag-sintomas-alzheimer\" role=\"listitem\">\n\t\t\t\t<a class=\"elementor-post__thumbnail__link\" href=\"https:\/\/lavostrallar.com\/noticias\/fases-del-alzheimer-como-evoluciona-la-enfermedad-y-que-cuidados-requiere-cada-etapa\/\" tabindex=\"-1\" >\n\t\t\t<div class=\"elementor-post__thumbnail\"><img loading=\"lazy\" decoding=\"async\" width=\"300\" height=\"200\" src=\"https:\/\/lavostrallar.com\/noticias\/wp-content\/uploads\/2025\/05\/Olivera-16-300x200.jpg\" class=\"attachment-medium size-medium wp-image-34670\" alt=\"Fases del Alzheimer: s\u00edntomas iniciales, evoluci\u00f3n y cuidados seg\u00fan cada etapa\" srcset=\"https:\/\/lavostrallar.com\/noticias\/wp-content\/uploads\/2025\/05\/Olivera-16-300x200.jpg 300w, https:\/\/lavostrallar.com\/noticias\/wp-content\/uploads\/2025\/05\/Olivera-16-1024x683.jpg 1024w, https:\/\/lavostrallar.com\/noticias\/wp-content\/uploads\/2025\/05\/Olivera-16-768x512.jpg 768w, https:\/\/lavostrallar.com\/noticias\/wp-content\/uploads\/2025\/05\/Olivera-16-1536x1024.jpg 1536w, https:\/\/lavostrallar.com\/noticias\/wp-content\/uploads\/2025\/05\/Olivera-16-scaled.jpg 2048w, https:\/\/lavostrallar.com\/noticias\/wp-content\/uploads\/2025\/05\/Olivera-16-18x12.jpg 18w\" sizes=\"(max-width: 300px) 100vw, 300px\" \/><\/div>\n\t\t<\/a>\n\t\t\t\t<div class=\"elementor-post__text\">\n\t\t\t\t<h3 class=\"elementor-post__title\">\n\t\t\t<a href=\"https:\/\/lavostrallar.com\/noticias\/fases-del-alzheimer-como-evoluciona-la-enfermedad-y-que-cuidados-requiere-cada-etapa\/\" >\n\t\t\t\tFases del Alzheimer: Primeros s\u00edntomas y c\u00f3mo evoluciona la enfermedad\t\t\t<\/a>\n\t\t<\/h3>\n\t\t\t\t<div class=\"elementor-post__excerpt\">\n\t\t\t<p>La enfermedad del Alzheimer es una afecci\u00f3n neurodegenerativa progresiva que afecta en sus diferentes fases a la memoria, el pensamiento y el comportamiento. Reconocer los<\/p>\n\t\t<\/div>\n\t\t\n\t\t<a class=\"elementor-post__read-more\" href=\"https:\/\/lavostrallar.com\/noticias\/fases-del-alzheimer-como-evoluciona-la-enfermedad-y-que-cuidados-requiere-cada-etapa\/\" aria-label=\"M\u00e1s informaci\u00f3n sobre Fases del Alzheimer: Primeros s\u00edntomas y c\u00f3mo evoluciona la enfermedad\" tabindex=\"-1\" >\n\t\t\tleer m\u00e1s\t\t<\/a>\n\n\t\t\t\t<\/div>\n\t\t\t\t<\/article>\n\t\t\t\t<article class=\"elementor-post elementor-grid-item post-34950 post type-post status-publish format-standard has-post-thumbnail hentry category-alzheimer category-noticias-blanes category-noticias-clot category-noticias-esplugues category-noticias-gracia category-noticias-la-marina category-noticias-la-rambla category-noticias-les-dalies category-noticias-les-oliveres category-noticias-mataro category-noticias-guell category-noticias-reig category-noticias-terrassa category-residencia-ancianos tag-atencion-centrada-en-la-persona tag-dia-mundial-del-alzheimer tag-residencias-de-ancianos\" role=\"listitem\">\n\t\t\t\t<a class=\"elementor-post__thumbnail__link\" href=\"https:\/\/lavostrallar.com\/noticias\/dia-mundial-alzheimer-cuidados-prevencion\/\" tabindex=\"-1\" >\n\t\t\t<div class=\"elementor-post__thumbnail\"><img loading=\"lazy\" decoding=\"async\" width=\"169\" height=\"300\" src=\"https:\/\/lavostrallar.com\/noticias\/wp-content\/uploads\/2023\/11\/5-1-169x300.jpg\" class=\"attachment-medium size-medium wp-image-29463\" alt=\"Persona mayor recibiendo apoyo de un cuidador en una residencia, simbolizando el cuidado y la concienciaci\u00f3n sobre el Alzheimer.\" srcset=\"https:\/\/lavostrallar.com\/noticias\/wp-content\/uploads\/2023\/11\/5-1-169x300.jpg 169w, https:\/\/lavostrallar.com\/noticias\/wp-content\/uploads\/2023\/11\/5-1-576x1024.jpg 576w, https:\/\/lavostrallar.com\/noticias\/wp-content\/uploads\/2023\/11\/5-1-768x1365.jpg 768w, https:\/\/lavostrallar.com\/noticias\/wp-content\/uploads\/2023\/11\/5-1-864x1536.jpg 864w, https:\/\/lavostrallar.com\/noticias\/wp-content\/uploads\/2023\/11\/5-1-7x12.jpg 7w, https:\/\/lavostrallar.com\/noticias\/wp-content\/uploads\/2023\/11\/5-1.jpg 1080w\" sizes=\"(max-width: 169px) 100vw, 169px\" \/><\/div>\n\t\t<\/a>\n\t\t\t\t<div class=\"elementor-post__text\">\n\t\t\t\t<h3 class=\"elementor-post__title\">\n\t\t\t<a href=\"https:\/\/lavostrallar.com\/noticias\/dia-mundial-alzheimer-cuidados-prevencion\/\" >\n\t\t\t\tD\u00eda Mundial del Alzheimer: concienciaci\u00f3n, prevenci\u00f3n y cuidado\t\t\t<\/a>\n\t\t<\/h3>\n\t\t\t\t<div class=\"elementor-post__excerpt\">\n\t\t\t<p>Cada 21 de septiembre se celebra el D\u00eda Mundial del Alzheimer, una fecha dedicada a aumentar la concienciaci\u00f3n sobre esta enfermedad, promover la investigaci\u00f3n y<\/p>\n\t\t<\/div>\n\t\t\n\t\t<a class=\"elementor-post__read-more\" href=\"https:\/\/lavostrallar.com\/noticias\/dia-mundial-alzheimer-cuidados-prevencion\/\" aria-label=\"M\u00e1s informaci\u00f3n sobre D\u00eda Mundial del Alzheimer: concienciaci\u00f3n, prevenci\u00f3n y cuidado\" tabindex=\"-1\" >\n\t\t\tleer m\u00e1s\t\t<\/a>\n\n\t\t\t\t<\/div>\n\t\t\t\t<\/article>\n\t\t\t\t<article class=\"elementor-post elementor-grid-item post-34822 post type-post status-publish format-standard has-post-thumbnail hentry category-alzheimer category-noticias-blanes category-noticias-clot category-noticias-esplugues category-noticias-gracia category-noticias-la-marina category-noticias-la-rambla category-noticias-les-dalies category-noticias-les-oliveres category-noticias-mataro category-noticias-guell category-noticias-reig category-noticias-terrassa category-residencia-ancianos tag-actividades-para-mayores tag-atencion-centrada-en-la-persona tag-compromiso-social tag-residencias-barcelona tag-residencias-de-ancianos tag-salud-y-envejecimiento-activo tag-talleres tag-terapia\" role=\"listitem\">\n\t\t\t\t<a class=\"elementor-post__thumbnail__link\" href=\"https:\/\/lavostrallar.com\/noticias\/actividades-personas-con-alzheimer\/\" tabindex=\"-1\" >\n\t\t\t<div class=\"elementor-post__thumbnail\"><img loading=\"lazy\" decoding=\"async\" width=\"300\" height=\"225\" src=\"https:\/\/lavostrallar.com\/noticias\/wp-content\/uploads\/2025\/01\/carnaval-2-300x225.jpg\" class=\"attachment-medium size-medium wp-image-34217\" alt=\"Actividad para personas con Alzheimer\" srcset=\"https:\/\/lavostrallar.com\/noticias\/wp-content\/uploads\/2025\/01\/carnaval-2-300x225.jpg 300w, https:\/\/lavostrallar.com\/noticias\/wp-content\/uploads\/2025\/01\/carnaval-2-1024x768.jpg 1024w, https:\/\/lavostrallar.com\/noticias\/wp-content\/uploads\/2025\/01\/carnaval-2-768x576.jpg 768w, https:\/\/lavostrallar.com\/noticias\/wp-content\/uploads\/2025\/01\/carnaval-2-1536x1152.jpg 1536w, https:\/\/lavostrallar.com\/noticias\/wp-content\/uploads\/2025\/01\/carnaval-2-16x12.jpg 16w, https:\/\/lavostrallar.com\/noticias\/wp-content\/uploads\/2025\/01\/carnaval-2.jpg 1600w\" sizes=\"(max-width: 300px) 100vw, 300px\" \/><\/div>\n\t\t<\/a>\n\t\t\t\t<div class=\"elementor-post__text\">\n\t\t\t\t<h3 class=\"elementor-post__title\">\n\t\t\t<a href=\"https:\/\/lavostrallar.com\/noticias\/actividades-personas-con-alzheimer\/\" >\n\t\t\t\tActividades para personas con Alzheimer: Terapias y talleres en residencias La Vostra Llar\t\t\t<\/a>\n\t\t<\/h3>\n\t\t\t\t<div class=\"elementor-post__excerpt\">\n\t\t\t<p>Actividades para personas con Alzheimer: Bienestar y estimulaci\u00f3n En las residencias para las personas mayores, especialmente aquellas especializadas en Alzheimer, se desarrollan programas diarios de<\/p>\n\t\t<\/div>\n\t\t\n\t\t<a class=\"elementor-post__read-more\" href=\"https:\/\/lavostrallar.com\/noticias\/actividades-personas-con-alzheimer\/\" aria-label=\"M\u00e1s informaci\u00f3n sobre Actividades para personas con Alzheimer: Terapias y talleres en residencias La Vostra Llar\" tabindex=\"-1\" >\n\t\t\tleer m\u00e1s\t\t<\/a>\n\n\t\t\t\t<\/div>\n\t\t\t\t<\/article>\n\t\t\t\t<article class=\"elementor-post elementor-grid-item post-34882 post type-post status-publish format-standard has-post-thumbnail hentry category-alzheimer category-destacado category-noticias-blanes category-noticias-clot category-noticias-esplugues category-noticias-gracia category-noticias-la-marina category-noticias-la-rambla category-noticias-les-dalies category-noticias-les-oliveres category-noticias-mataro category-noticias-guell category-noticias-reig category-noticias-terrassa category-residencia-ancianos tag-actividades-para-mayores tag-atencion-centrada-en-la-persona tag-residencias-de-ancianos tag-salud-y-envejecimiento-activo\" role=\"listitem\">\n\t\t\t\t<a class=\"elementor-post__thumbnail__link\" href=\"https:\/\/lavostrallar.com\/noticias\/tipos-residencias-mayores-catalunya\/\" tabindex=\"-1\" >\n\t\t\t<div class=\"elementor-post__thumbnail\"><img loading=\"lazy\" decoding=\"async\" width=\"300\" height=\"225\" src=\"https:\/\/lavostrallar.com\/noticias\/wp-content\/uploads\/2024\/12\/FOTO-WEB-300x225.jpg\" class=\"attachment-medium size-medium wp-image-34080\" alt=\"Personas mayores en una residencia en Catalunya recibiendo atenci\u00f3n y cuidados personalizados\" srcset=\"https:\/\/lavostrallar.com\/noticias\/wp-content\/uploads\/2024\/12\/FOTO-WEB-300x225.jpg 300w, https:\/\/lavostrallar.com\/noticias\/wp-content\/uploads\/2024\/12\/FOTO-WEB-1024x768.jpg 1024w, https:\/\/lavostrallar.com\/noticias\/wp-content\/uploads\/2024\/12\/FOTO-WEB-768x576.jpg 768w, https:\/\/lavostrallar.com\/noticias\/wp-content\/uploads\/2024\/12\/FOTO-WEB-1536x1152.jpg 1536w, https:\/\/lavostrallar.com\/noticias\/wp-content\/uploads\/2024\/12\/FOTO-WEB-16x12.jpg 16w, https:\/\/lavostrallar.com\/noticias\/wp-content\/uploads\/2024\/12\/FOTO-WEB.jpg 1600w\" sizes=\"(max-width: 300px) 100vw, 300px\" \/><\/div>\n\t\t<\/a>\n\t\t\t\t<div class=\"elementor-post__text\">\n\t\t\t\t<h3 class=\"elementor-post__title\">\n\t\t\t<a href=\"https:\/\/lavostrallar.com\/noticias\/tipos-residencias-mayores-catalunya\/\" >\n\t\t\t\tTipos de residencias para personas mayores en Catalunya: \u00bfCu\u00e1l es la m\u00e1s adecuada para cada persona?\t\t\t<\/a>\n\t\t<\/h3>\n\t\t\t\t<div class=\"elementor-post__excerpt\">\n\t\t\t<p>A medida que envejecemos, las necesidades de cuidado y atenci\u00f3n pueden cambiar significativamente. En Catalunya existe una amplia variedad de residencias para personas mayores, dise\u00f1adas<\/p>\n\t\t<\/div>\n\t\t\n\t\t<a class=\"elementor-post__read-more\" href=\"https:\/\/lavostrallar.com\/noticias\/tipos-residencias-mayores-catalunya\/\" aria-label=\"M\u00e1s informaci\u00f3n sobre Tipos de residencias para personas mayores en Catalunya: \u00bfCu\u00e1l es la m\u00e1s adecuada para cada persona?\" tabindex=\"-1\" >\n\t\t\tleer m\u00e1s\t\t<\/a>\n\n\t\t\t\t<\/div>\n\t\t\t\t<\/article>\n\t\t\t\t<article class=\"elementor-post elementor-grid-item post-34891 post type-post status-publish format-standard has-post-thumbnail hentry category-alzheimer category-menus-de-las-residencias tag-alimentacion tag-alimentacion-saludable tag-atencion-centrada-en-la-persona tag-menus tag-residencias-de-ancianos tag-salud-y-envejecimiento-activo\" role=\"listitem\">\n\t\t\t\t<a class=\"elementor-post__thumbnail__link\" href=\"https:\/\/lavostrallar.com\/noticias\/los-menus-de-verano-de-las-residencias-la-vostra-llar-2\/\" tabindex=\"-1\" >\n\t\t\t<div class=\"elementor-post__thumbnail\"><img loading=\"lazy\" decoding=\"async\" width=\"225\" height=\"300\" src=\"https:\/\/lavostrallar.com\/noticias\/wp-content\/uploads\/2025\/08\/514899012_122176675424333201_3115155792619148381_n-225x300.jpg\" class=\"attachment-medium size-medium wp-image-34923\" alt=\"Residencias de adultos mayores\" srcset=\"https:\/\/lavostrallar.com\/noticias\/wp-content\/uploads\/2025\/08\/514899012_122176675424333201_3115155792619148381_n-225x300.jpg 225w, https:\/\/lavostrallar.com\/noticias\/wp-content\/uploads\/2025\/08\/514899012_122176675424333201_3115155792619148381_n-768x1024.jpg 768w, https:\/\/lavostrallar.com\/noticias\/wp-content\/uploads\/2025\/08\/514899012_122176675424333201_3115155792619148381_n-1152x1536.jpg 1152w, https:\/\/lavostrallar.com\/noticias\/wp-content\/uploads\/2025\/08\/514899012_122176675424333201_3115155792619148381_n-9x12.jpg 9w, https:\/\/lavostrallar.com\/noticias\/wp-content\/uploads\/2025\/08\/514899012_122176675424333201_3115155792619148381_n.jpg 1536w\" sizes=\"(max-width: 225px) 100vw, 225px\" \/><\/div>\n\t\t<\/a>\n\t\t\t\t<div class=\"elementor-post__text\">\n\t\t\t\t<h3 class=\"elementor-post__title\">\n\t\t\t<a href=\"https:\/\/lavostrallar.com\/noticias\/los-menus-de-verano-de-las-residencias-la-vostra-llar-2\/\" >\n\t\t\t\tLos men\u00fas de verano de las residencias La Vostra Llar\t\t\t<\/a>\n\t\t<\/h3>\n\t\t\t\t<div class=\"elementor-post__excerpt\">\n\t\t\t<p>En las&nbsp;residencias La Vostra Llar&nbsp;ofrecemos 14 men\u00fas diferentes, saludables y equilibrados que se adaptan a las necesidades nutricionales, al\u00e9rgenas y de degluci\u00f3n de todos los<\/p>\n\t\t<\/div>\n\t\t\n\t\t<a class=\"elementor-post__read-more\" href=\"https:\/\/lavostrallar.com\/noticias\/los-menus-de-verano-de-las-residencias-la-vostra-llar-2\/\" aria-label=\"M\u00e1s informaci\u00f3n sobre Los men\u00fas de verano de las residencias La Vostra Llar\" tabindex=\"-1\" >\n\t\t\tleer m\u00e1s\t\t<\/a>\n\n\t\t\t\t<\/div>\n\t\t\t\t<\/article>\n\t\t\t\t<article class=\"elementor-post elementor-grid-item post-34639 post type-post status-publish format-standard has-post-thumbnail hentry category-alzheimer category-noticias-blanes category-noticias-clot category-noticias-esplugues category-noticias-gracia category-noticias-la-marina category-noticias-la-rambla category-noticias-les-dalies category-noticias-les-oliveres category-noticias-mataro category-noticias-guell category-noticias-reig category-noticias-terrassa tag-alzheimer tag-atencion-centrada-en-la-persona tag-demencia tag-hablar-con-una-persona-con-alzheimer tag-residencias-de-ancianos tag-salud-y-envejecimiento-activo\" role=\"listitem\">\n\t\t\t\t<a class=\"elementor-post__thumbnail__link\" href=\"https:\/\/lavostrallar.com\/noticias\/educacion-social-y-alzheimer-desde-la-sensibilidad-del-vinculo\/\" tabindex=\"-1\" >\n\t\t\t<div class=\"elementor-post__thumbnail\"><img loading=\"lazy\" decoding=\"async\" width=\"300\" height=\"225\" src=\"https:\/\/lavostrallar.com\/noticias\/wp-content\/uploads\/2025\/05\/educacion-social-y-alzheimer-desde-la-sensibilidad-del-vinculo-300x225.webp\" class=\"attachment-medium size-medium wp-image-34826\" alt=\"Adultos mayores realizando actividades en la residencia de ancianos La Vostra Llar\" srcset=\"https:\/\/lavostrallar.com\/noticias\/wp-content\/uploads\/2025\/05\/educacion-social-y-alzheimer-desde-la-sensibilidad-del-vinculo-300x225.webp 300w, https:\/\/lavostrallar.com\/noticias\/wp-content\/uploads\/2025\/05\/educacion-social-y-alzheimer-desde-la-sensibilidad-del-vinculo-16x12.webp 16w, https:\/\/lavostrallar.com\/noticias\/wp-content\/uploads\/2025\/05\/educacion-social-y-alzheimer-desde-la-sensibilidad-del-vinculo.webp 768w\" sizes=\"(max-width: 300px) 100vw, 300px\" \/><\/div>\n\t\t<\/a>\n\t\t\t\t<div class=\"elementor-post__text\">\n\t\t\t\t<h3 class=\"elementor-post__title\">\n\t\t\t<a href=\"https:\/\/lavostrallar.com\/noticias\/educacion-social-y-alzheimer-desde-la-sensibilidad-del-vinculo\/\" >\n\t\t\t\tEducaci\u00f3n social y Alzheimer desde la sensibilidad del v\u00ednculo\t\t\t<\/a>\n\t\t<\/h3>\n\t\t\t\t<div class=\"elementor-post__excerpt\">\n\t\t\t<p>En los centros de d\u00eda y residencias especializadas en el cuidado de personas con Alzheimer, la educaci\u00f3n social juega un papel clave que va m\u00e1s<\/p>\n\t\t<\/div>\n\t\t\n\t\t<a class=\"elementor-post__read-more\" href=\"https:\/\/lavostrallar.com\/noticias\/educacion-social-y-alzheimer-desde-la-sensibilidad-del-vinculo\/\" aria-label=\"M\u00e1s informaci\u00f3n sobre Educaci\u00f3n social y Alzheimer desde la sensibilidad del v\u00ednculo\" tabindex=\"-1\" >\n\t\t\tleer m\u00e1s\t\t<\/a>\n\n\t\t\t\t<\/div>\n\t\t\t\t<\/article>\n\t\t\t\t<article class=\"elementor-post elementor-grid-item post-34591 post type-post status-publish format-standard has-post-thumbnail hentry category-alzheimer category-noticias-blanes category-noticias-clot category-noticias-esplugues category-noticias-gracia category-noticias-la-marina category-noticias-la-rambla category-noticias-les-dalies category-noticias-les-oliveres category-noticias-mataro category-noticias-guell category-noticias-reig category-noticias-terrassa tag-alzheimer tag-atencion-centrada-en-la-persona tag-demencia tag-hablar-con-una-persona-con-alzheimer tag-residencias-de-ancianos tag-salud-y-envejecimiento-activo\" role=\"listitem\">\n\t\t\t\t<a class=\"elementor-post__thumbnail__link\" href=\"https:\/\/lavostrallar.com\/noticias\/como-hablar-con-una-persona-con-alzheimer\/\" tabindex=\"-1\" >\n\t\t\t<div class=\"elementor-post__thumbnail\"><img loading=\"lazy\" decoding=\"async\" width=\"300\" height=\"225\" src=\"https:\/\/lavostrallar.com\/noticias\/wp-content\/uploads\/2025\/04\/auxiliar_resident_rambla-300x225.png\" class=\"attachment-medium size-medium wp-image-34829\" alt=\"Trabajadora de la residencia de ancianos La Vostra Llar ayudando a un adulto mayor\" srcset=\"https:\/\/lavostrallar.com\/noticias\/wp-content\/uploads\/2025\/04\/auxiliar_resident_rambla-300x225.png 300w, https:\/\/lavostrallar.com\/noticias\/wp-content\/uploads\/2025\/04\/auxiliar_resident_rambla-16x12.png 16w, https:\/\/lavostrallar.com\/noticias\/wp-content\/uploads\/2025\/04\/auxiliar_resident_rambla.png 700w\" sizes=\"(max-width: 300px) 100vw, 300px\" \/><\/div>\n\t\t<\/a>\n\t\t\t\t<div class=\"elementor-post__text\">\n\t\t\t\t<h3 class=\"elementor-post__title\">\n\t\t\t<a href=\"https:\/\/lavostrallar.com\/noticias\/como-hablar-con-una-persona-con-alzheimer\/\" >\n\t\t\t\tComo hablar con una persona con Alzheimer\t\t\t<\/a>\n\t\t<\/h3>\n\t\t\t\t<div class=\"elementor-post__excerpt\">\n\t\t\t<p>Cuando una persona vive con Alzheimer, hablar y entenderse puede volverse dif\u00edcil. Sin embargo, una buena comunicaci\u00f3n ayuda a reforzar la confianza, reducir la ansiedad<\/p>\n\t\t<\/div>\n\t\t\n\t\t<a class=\"elementor-post__read-more\" href=\"https:\/\/lavostrallar.com\/noticias\/como-hablar-con-una-persona-con-alzheimer\/\" aria-label=\"M\u00e1s informaci\u00f3n sobre Como hablar con una persona con Alzheimer\" tabindex=\"-1\" >\n\t\t\tleer m\u00e1s\t\t<\/a>\n\n\t\t\t\t<\/div>\n\t\t\t\t<\/article>\n\t\t\t\t<article class=\"elementor-post elementor-grid-item post-34499 post type-post status-publish format-standard has-post-thumbnail hentry category-alzheimer category-noticias-blanes category-noticias-clot category-noticias-esplugues category-noticias-gracia category-noticias-la-marina category-noticias-la-rambla category-noticias-les-dalies category-noticias-les-oliveres category-noticias-mataro category-noticias-guell category-noticias-reig category-noticias-terrassa tag-actividades-para-mayores tag-alzheimer tag-atencion-centrada-en-la-persona tag-residencia-personas-con-alzheimer tag-residencias-de-ancianos tag-salud-y-envejecimiento-activo tag-talleres tag-terapia\" role=\"listitem\">\n\t\t\t\t<a class=\"elementor-post__thumbnail__link\" href=\"https:\/\/lavostrallar.com\/noticias\/residencia-y-alzheimer-beneficios-de-un-entorno-especializado\/\" tabindex=\"-1\" >\n\t\t\t<div class=\"elementor-post__thumbnail\"><img loading=\"lazy\" decoding=\"async\" width=\"300\" height=\"131\" src=\"https:\/\/lavostrallar.com\/noticias\/wp-content\/uploads\/2025\/03\/36-300x131.jpg\" class=\"attachment-medium size-medium wp-image-34530\" alt=\"Persona mayor recibiendo ayuda a domicilio en su casa, relacionada con la reforma de la Ley de Dependencia 2025 en Espa\u00f1a\" srcset=\"https:\/\/lavostrallar.com\/noticias\/wp-content\/uploads\/2025\/03\/36-300x131.jpg 300w, https:\/\/lavostrallar.com\/noticias\/wp-content\/uploads\/2025\/03\/36-1024x449.jpg 1024w, https:\/\/lavostrallar.com\/noticias\/wp-content\/uploads\/2025\/03\/36-768x337.jpg 768w, https:\/\/lavostrallar.com\/noticias\/wp-content\/uploads\/2025\/03\/36-18x8.jpg 18w, https:\/\/lavostrallar.com\/noticias\/wp-content\/uploads\/2025\/03\/36.jpg 1134w\" sizes=\"(max-width: 300px) 100vw, 300px\" \/><\/div>\n\t\t<\/a>\n\t\t\t\t<div class=\"elementor-post__text\">\n\t\t\t\t<h3 class=\"elementor-post__title\">\n\t\t\t<a href=\"https:\/\/lavostrallar.com\/noticias\/residencia-y-alzheimer-beneficios-de-un-entorno-especializado\/\" >\n\t\t\t\tResidencia y Alzheimer: Beneficios de un entorno especializado\t\t\t<\/a>\n\t\t<\/h3>\n\t\t\t\t<div class=\"elementor-post__excerpt\">\n\t\t\t<p>Las residencias y centros de d\u00eda La Vostra Llar ofrecen un entorno seguro, estimulante y adaptado a las necesidades de las personas con Alzheimer. Brindamos<\/p>\n\t\t<\/div>\n\t\t\n\t\t<a class=\"elementor-post__read-more\" href=\"https:\/\/lavostrallar.com\/noticias\/residencia-y-alzheimer-beneficios-de-un-entorno-especializado\/\" aria-label=\"M\u00e1s informaci\u00f3n sobre Residencia y Alzheimer: Beneficios de un entorno especializado\" tabindex=\"-1\" >\n\t\t\tleer m\u00e1s\t\t<\/a>\n\n\t\t\t\t<\/div>\n\t\t\t\t<\/article>\n\t\t\t\t<\/div>\n\t\t\n\t\t\t\t\t\t<\/div>\n\t\t\t\t<\/div>\n\t\t\t\t<div class=\"elementor-element elementor-element-6ad2e0db elementor-posts--align-left elementor-grid-3 elementor-grid-tablet-2 elementor-grid-mobile-1 elementor-posts--thumbnail-top load-more-align-center elementor-widget elementor-widget-posts\" data-id=\"6ad2e0db\" data-element_type=\"widget\" data-e-type=\"widget\" id=\"noticiasEsp\" data-settings=\"{&quot;pagination_type&quot;:&quot;load_more_on_click&quot;,&quot;classic_columns&quot;:&quot;3&quot;,&quot;classic_columns_tablet&quot;:&quot;2&quot;,&quot;classic_columns_mobile&quot;:&quot;1&quot;,&quot;classic_row_gap&quot;:{&quot;unit&quot;:&quot;px&quot;,&quot;size&quot;:35,&quot;sizes&quot;:[]},&quot;classic_row_gap_tablet&quot;:{&quot;unit&quot;:&quot;px&quot;,&quot;size&quot;:&quot;&quot;,&quot;sizes&quot;:[]},&quot;classic_row_gap_mobile&quot;:{&quot;unit&quot;:&quot;px&quot;,&quot;size&quot;:&quot;&quot;,&quot;sizes&quot;:[]},&quot;load_more_spinner&quot;:{&quot;value&quot;:&quot;fas fa-spinner&quot;,&quot;library&quot;:&quot;fa-solid&quot;}}\" data-widget_type=\"posts.classic\">\n\t\t\t\t<div class=\"elementor-widget-container\">\n\t\t\t\t\t\t\t<div class=\"elementor-posts-container elementor-posts elementor-posts--skin-classic elementor-grid\" role=\"list\">\n\t\t\t\t<article class=\"elementor-post elementor-grid-item post-35448 post type-post status-publish format-standard has-post-thumbnail hentry category-alzheimer category-financiacion category-ictus category-noticias-blanes category-noticias-clot category-noticias-esplugues category-noticias-gracia category-noticias-la-marina category-noticias-la-rambla category-noticias-les-dalies category-noticias-les-oliveres category-noticias-mataro category-noticias-guell category-noticias-reig category-noticias-terrassa category-residencia-ancianos\" role=\"listitem\">\n\t\t\t\t<a class=\"elementor-post__thumbnail__link\" href=\"https:\/\/lavostrallar.com\/noticias\/precio-de-un-centro-de-dia-para-mayores-en-barcelona\/\" tabindex=\"-1\" >\n\t\t\t<div class=\"elementor-post__thumbnail\"><img fetchpriority=\"high\" decoding=\"async\" width=\"300\" height=\"227\" src=\"https:\/\/lavostrallar.com\/noticias\/wp-content\/uploads\/2025\/01\/torrent-1-300x227.jpg\" class=\"attachment-medium size-medium wp-image-34192\" alt=\"Residencias de adultos mayores\" srcset=\"https:\/\/lavostrallar.com\/noticias\/wp-content\/uploads\/2025\/01\/torrent-1-300x227.jpg 300w, https:\/\/lavostrallar.com\/noticias\/wp-content\/uploads\/2025\/01\/torrent-1-1024x776.jpg 1024w, https:\/\/lavostrallar.com\/noticias\/wp-content\/uploads\/2025\/01\/torrent-1-768x582.jpg 768w, https:\/\/lavostrallar.com\/noticias\/wp-content\/uploads\/2025\/01\/torrent-1-1536x1164.jpg 1536w, https:\/\/lavostrallar.com\/noticias\/wp-content\/uploads\/2025\/01\/torrent-1-scaled.jpg 2048w, https:\/\/lavostrallar.com\/noticias\/wp-content\/uploads\/2025\/01\/torrent-1-16x12.jpg 16w\" sizes=\"(max-width: 300px) 100vw, 300px\" \/><\/div>\n\t\t<\/a>\n\t\t\t\t<div class=\"elementor-post__text\">\n\t\t\t\t<h3 class=\"elementor-post__title\">\n\t\t\t<a href=\"https:\/\/lavostrallar.com\/noticias\/precio-de-un-centro-de-dia-para-mayores-en-barcelona\/\" >\n\t\t\t\tPrecio de un Centro de D\u00eda para Mayores en Barcelona \u00b7 La Vostra Llar\t\t\t<\/a>\n\t\t<\/h3>\n\t\t\t\t<div class=\"elementor-post__excerpt\">\n\t\t\t<p>Conocer el precio de un centro de d\u00eda para mayores es uno de los pasos m\u00e1s importantes para las familias que buscan compaginar el cuidado especializado de un familiar con su vida laboral y personal. En Barcelona, contar con un espacio diurno profesional no solo aporta tranquilidad al entorno familiar, sino que garantiza que la persona mayor reciba una atenci\u00f3n integral sin tener que abandonar su hogar.<\/p>\n\t\t<\/div>\n\t\t\n\t\t<a class=\"elementor-post__read-more\" href=\"https:\/\/lavostrallar.com\/noticias\/precio-de-un-centro-de-dia-para-mayores-en-barcelona\/\" aria-label=\"M\u00e1s informaci\u00f3n sobre Precio de un Centro de D\u00eda para Mayores en Barcelona \u00b7 La Vostra Llar\" tabindex=\"-1\" >\n\t\t\tleer m\u00e1s\t\t<\/a>\n\n\t\t\t\t<\/div>\n\t\t\t\t<\/article>\n\t\t\t\t<article class=\"elementor-post elementor-grid-item post-35444 post type-post status-publish format-standard has-post-thumbnail hentry category-alzheimer category-financiacion category-noticias-blanes category-noticias-clot category-noticias-esplugues category-noticias-gracia category-noticias-la-marina category-noticias-la-rambla category-noticias-les-dalies category-noticias-les-oliveres category-noticias-mataro category-noticias-guell category-noticias-reig category-noticias-terrassa category-residencia-ancianos category-terapia-animales category-terapia-perros category-terapias-con-perros tag-residencias-de-ancianos tag-salud-y-envejecimiento-activo\" role=\"listitem\">\n\t\t\t\t<a class=\"elementor-post__thumbnail__link\" href=\"https:\/\/lavostrallar.com\/noticias\/lista-de-espera-en-residencias-publicas-de-catalunya-que-hacer-mientras-esperas\/\" tabindex=\"-1\" >\n\t\t\t<div class=\"elementor-post__thumbnail\"><img decoding=\"async\" width=\"300\" height=\"169\" src=\"https:\/\/lavostrallar.com\/noticias\/wp-content\/uploads\/2025\/05\/DSC09558-300x169.jpg\" class=\"attachment-medium size-medium wp-image-34710\" alt=\"Residencias de adultos mayores\" srcset=\"https:\/\/lavostrallar.com\/noticias\/wp-content\/uploads\/2025\/05\/DSC09558-300x169.jpg 300w, https:\/\/lavostrallar.com\/noticias\/wp-content\/uploads\/2025\/05\/DSC09558-1024x576.jpg 1024w, https:\/\/lavostrallar.com\/noticias\/wp-content\/uploads\/2025\/05\/DSC09558-768x432.jpg 768w, https:\/\/lavostrallar.com\/noticias\/wp-content\/uploads\/2025\/05\/DSC09558-1536x864.jpg 1536w, https:\/\/lavostrallar.com\/noticias\/wp-content\/uploads\/2025\/05\/DSC09558-scaled.jpg 2048w, https:\/\/lavostrallar.com\/noticias\/wp-content\/uploads\/2025\/05\/DSC09558-18x10.jpg 18w\" sizes=\"(max-width: 300px) 100vw, 300px\" \/><\/div>\n\t\t<\/a>\n\t\t\t\t<div class=\"elementor-post__text\">\n\t\t\t\t<h3 class=\"elementor-post__title\">\n\t\t\t<a href=\"https:\/\/lavostrallar.com\/noticias\/lista-de-espera-en-residencias-publicas-de-catalunya-que-hacer-mientras-esperas\/\" >\n\t\t\t\tLista de espera en residencias p\u00fablicas de Catalunya: qu\u00e9 hacer mientras esperas\t\t\t<\/a>\n\t\t<\/h3>\n\t\t\t\t<div class=\"elementor-post__excerpt\">\n\t\t\t<p>Entrar en la lista de espera residencia p\u00fablica Catalu\u00f1a es una situaci\u00f3n habitual para miles de familias que buscan una plaza de atenci\u00f3n a la dependencia garantizada por la Generalitat. Sin embargo, los tiempos de gesti\u00f3n y la urgencia de los cuidados obligan a conocer a fondo el funcionamiento del sistema y a valorar alternativas habitacionales mientras se resuelve el expediente.<\/p>\n\t\t<\/div>\n\t\t\n\t\t<a class=\"elementor-post__read-more\" href=\"https:\/\/lavostrallar.com\/noticias\/lista-de-espera-en-residencias-publicas-de-catalunya-que-hacer-mientras-esperas\/\" aria-label=\"M\u00e1s informaci\u00f3n sobre Lista de espera en residencias p\u00fablicas de Catalunya: qu\u00e9 hacer mientras esperas\" tabindex=\"-1\" >\n\t\t\tleer m\u00e1s\t\t<\/a>\n\n\t\t\t\t<\/div>\n\t\t\t\t<\/article>\n\t\t\t\t<article class=\"elementor-post elementor-grid-item post-35414 post type-post status-publish format-standard has-post-thumbnail hentry category-alzheimer category-destacado category-financiacion category-noticias-blanes category-noticias-clot category-noticias-esplugues category-noticias-gracia category-noticias-la-marina category-noticias-la-rambla category-noticias-les-dalies category-noticias-les-oliveres category-noticias-mataro category-noticias-guell category-noticias-reig category-noticias-terrassa category-residencia-ancianos tag-actividades-para-mayores tag-atencion-centrada-en-la-persona tag-residencias-de-ancianos tag-salud-y-envejecimiento-activo\" role=\"listitem\">\n\t\t\t\t<a class=\"elementor-post__thumbnail__link\" href=\"https:\/\/lavostrallar.com\/noticias\/ayudas-para-residencias-de-ancianos-y-pension-la-vostra-llar\/\" tabindex=\"-1\" >\n\t\t\t<div class=\"elementor-post__thumbnail\"><img decoding=\"async\" width=\"300\" height=\"225\" src=\"https:\/\/lavostrallar.com\/noticias\/wp-content\/uploads\/2025\/02\/foto-article-300x225.jpg\" class=\"attachment-medium size-medium wp-image-34468\" alt=\"Residencias de adultos mayores\" srcset=\"https:\/\/lavostrallar.com\/noticias\/wp-content\/uploads\/2025\/02\/foto-article-300x225.jpg 300w, https:\/\/lavostrallar.com\/noticias\/wp-content\/uploads\/2025\/02\/foto-article-1024x768.jpg 1024w, https:\/\/lavostrallar.com\/noticias\/wp-content\/uploads\/2025\/02\/foto-article-768x576.jpg 768w, https:\/\/lavostrallar.com\/noticias\/wp-content\/uploads\/2025\/02\/foto-article-1536x1152.jpg 1536w, https:\/\/lavostrallar.com\/noticias\/wp-content\/uploads\/2025\/02\/foto-article-16x12.jpg 16w, https:\/\/lavostrallar.com\/noticias\/wp-content\/uploads\/2025\/02\/foto-article.jpg 1600w\" sizes=\"(max-width: 300px) 100vw, 300px\" \/><\/div>\n\t\t<\/a>\n\t\t\t\t<div class=\"elementor-post__text\">\n\t\t\t\t<h3 class=\"elementor-post__title\">\n\t\t\t<a href=\"https:\/\/lavostrallar.com\/noticias\/ayudas-para-residencias-de-ancianos-y-pension-la-vostra-llar\/\" >\n\t\t\t\tAyudas para Residencias de Ancianos y Pensi\u00f3n | La Vostra Llar\t\t\t<\/a>\n\t\t<\/h3>\n\t\t\t\t<div class=\"elementor-post__excerpt\">\n\t\t\t<p>\u00bfQu\u00e9 pasa con la pensi\u00f3n cuando tu familiar ingresa en una residencia? Cuando una familia plantea el ingreso de un ser querido en una Residencia<\/p>\n\t\t<\/div>\n\t\t\n\t\t<a class=\"elementor-post__read-more\" href=\"https:\/\/lavostrallar.com\/noticias\/ayudas-para-residencias-de-ancianos-y-pension-la-vostra-llar\/\" aria-label=\"M\u00e1s informaci\u00f3n sobre Ayudas para Residencias de Ancianos y Pensi\u00f3n | La Vostra Llar\" tabindex=\"-1\" >\n\t\t\tleer m\u00e1s\t\t<\/a>\n\n\t\t\t\t<\/div>\n\t\t\t\t<\/article>\n\t\t\t\t<article class=\"elementor-post elementor-grid-item post-35405 post type-post status-publish format-standard has-post-thumbnail hentry category-alzheimer category-destacado category-financiacion category-noticias-gracia category-residencia-ancianos tag-actividades-para-mayores tag-atencion-centrada-en-la-persona tag-catalan tag-educacion-artistica tag-residencias-de-ancianos tag-salud-y-envejecimiento-activo tag-terapia\" role=\"listitem\">\n\t\t\t\t<a class=\"elementor-post__thumbnail__link\" href=\"https:\/\/lavostrallar.com\/noticias\/centro-de-dia-para-personas-con-alzheimer-en-gracia-barcelona\/\" tabindex=\"-1\" >\n\t\t\t<div class=\"elementor-post__thumbnail\"><img loading=\"lazy\" decoding=\"async\" width=\"300\" height=\"225\" src=\"https:\/\/lavostrallar.com\/noticias\/wp-content\/uploads\/2025\/02\/Hort-3-300x225.jpeg\" class=\"attachment-medium size-medium wp-image-34420\" alt=\"\" srcset=\"https:\/\/lavostrallar.com\/noticias\/wp-content\/uploads\/2025\/02\/Hort-3-300x225.jpeg 300w, https:\/\/lavostrallar.com\/noticias\/wp-content\/uploads\/2025\/02\/Hort-3-1024x768.jpeg 1024w, https:\/\/lavostrallar.com\/noticias\/wp-content\/uploads\/2025\/02\/Hort-3-768x576.jpeg 768w, https:\/\/lavostrallar.com\/noticias\/wp-content\/uploads\/2025\/02\/Hort-3-1536x1152.jpeg 1536w, https:\/\/lavostrallar.com\/noticias\/wp-content\/uploads\/2025\/02\/Hort-3-16x12.jpeg 16w, https:\/\/lavostrallar.com\/noticias\/wp-content\/uploads\/2025\/02\/Hort-3.jpeg 2048w\" sizes=\"(max-width: 300px) 100vw, 300px\" \/><\/div>\n\t\t<\/a>\n\t\t\t\t<div class=\"elementor-post__text\">\n\t\t\t\t<h3 class=\"elementor-post__title\">\n\t\t\t<a href=\"https:\/\/lavostrallar.com\/noticias\/centro-de-dia-para-personas-con-alzheimer-en-gracia-barcelona\/\" >\n\t\t\t\tCentro de d\u00eda para personas con Alzheimer en Gr\u00e0cia Barcelona\t\t\t<\/a>\n\t\t<\/h3>\n\t\t\t\t<div class=\"elementor-post__excerpt\">\n\t\t\t<p>Centro de d\u00eda para personas con Alzheimer en Gr\u00e0cia Barcelona &#8211; La Vostra Llar<\/p>\n\t\t<\/div>\n\t\t\n\t\t<a class=\"elementor-post__read-more\" href=\"https:\/\/lavostrallar.com\/noticias\/centro-de-dia-para-personas-con-alzheimer-en-gracia-barcelona\/\" aria-label=\"M\u00e1s informaci\u00f3n sobre Centro de d\u00eda para personas con Alzheimer en Gr\u00e0cia Barcelona\" tabindex=\"-1\" >\n\t\t\tleer m\u00e1s\t\t<\/a>\n\n\t\t\t\t<\/div>\n\t\t\t\t<\/article>\n\t\t\t\t<article class=\"elementor-post elementor-grid-item post-35400 post type-post status-publish format-standard has-post-thumbnail hentry category-alzheimer category-destacado category-financiacion category-noticias-blanes category-noticias-clot category-noticias-esplugues category-noticias-gracia category-noticias-la-marina category-noticias-la-rambla category-noticias-les-dalies category-noticias-les-oliveres category-noticias-mataro category-noticias-guell category-noticias-reig category-noticias-terrassa category-residencia-ancianos tag-actividades-para-mayores tag-atencion-centrada-en-la-persona tag-educacion-artistica tag-residencias-de-ancianos tag-salud-y-envejecimiento-activo\" role=\"listitem\">\n\t\t\t\t<a class=\"elementor-post__thumbnail__link\" href=\"https:\/\/lavostrallar.com\/noticias\/la-vostra-llar-residencias-especializadas-en-alzheimer\/\" tabindex=\"-1\" >\n\t\t\t<div class=\"elementor-post__thumbnail\"><img loading=\"lazy\" decoding=\"async\" width=\"225\" height=\"300\" src=\"https:\/\/lavostrallar.com\/noticias\/wp-content\/uploads\/2025\/08\/514899012_122176675424333201_3115155792619148381_n-225x300.jpg\" class=\"attachment-medium size-medium wp-image-34923\" alt=\"Residencias de adultos mayores\" srcset=\"https:\/\/lavostrallar.com\/noticias\/wp-content\/uploads\/2025\/08\/514899012_122176675424333201_3115155792619148381_n-225x300.jpg 225w, https:\/\/lavostrallar.com\/noticias\/wp-content\/uploads\/2025\/08\/514899012_122176675424333201_3115155792619148381_n-768x1024.jpg 768w, https:\/\/lavostrallar.com\/noticias\/wp-content\/uploads\/2025\/08\/514899012_122176675424333201_3115155792619148381_n-1152x1536.jpg 1152w, https:\/\/lavostrallar.com\/noticias\/wp-content\/uploads\/2025\/08\/514899012_122176675424333201_3115155792619148381_n-9x12.jpg 9w, https:\/\/lavostrallar.com\/noticias\/wp-content\/uploads\/2025\/08\/514899012_122176675424333201_3115155792619148381_n.jpg 1536w\" sizes=\"(max-width: 225px) 100vw, 225px\" \/><\/div>\n\t\t<\/a>\n\t\t\t\t<div class=\"elementor-post__text\">\n\t\t\t\t<h3 class=\"elementor-post__title\">\n\t\t\t<a href=\"https:\/\/lavostrallar.com\/noticias\/la-vostra-llar-residencias-especializadas-en-alzheimer\/\" >\n\t\t\t\tCuidar a un Familiar con Alzheimer en Casa | La Vostra Llar\t\t\t<\/a>\n\t\t<\/h3>\n\t\t\t\t<div class=\"elementor-post__excerpt\">\n\t\t\t<p>El desgaste invisible del cuidador de Alzheimer Cuando el cuidado en el hogar se vuelve insostenible, la b\u00fasqueda de residencias especializadas en Alzheimer se convierte<\/p>\n\t\t<\/div>\n\t\t\n\t\t<a class=\"elementor-post__read-more\" href=\"https:\/\/lavostrallar.com\/noticias\/la-vostra-llar-residencias-especializadas-en-alzheimer\/\" aria-label=\"M\u00e1s informaci\u00f3n sobre Cuidar a un Familiar con Alzheimer en Casa | La Vostra Llar\" tabindex=\"-1\" >\n\t\t\tleer m\u00e1s\t\t<\/a>\n\n\t\t\t\t<\/div>\n\t\t\t\t<\/article>\n\t\t\t\t<article class=\"elementor-post elementor-grid-item post-35367 post type-post status-publish format-standard has-post-thumbnail hentry category-alzheimer category-noticias-blanes category-noticias-clot category-noticias-esplugues category-noticias-gracia category-noticias-la-marina category-noticias-la-rambla category-noticias-les-dalies category-noticias-les-oliveres category-noticias-mataro category-noticias-guell category-noticias-reig category-noticias-terrassa category-residencia-ancianos category-uncategorized tag-actividades-para-mayores tag-atencion-centrada-en-la-persona tag-catalan tag-compromiso-social tag-educacion-artistica tag-residencias-de-ancianos\" role=\"listitem\">\n\t\t\t\t<a class=\"elementor-post__thumbnail__link\" href=\"https:\/\/lavostrallar.com\/noticias\/residencias-especializadas-en-alzheimer-como-elegirla\/\" tabindex=\"-1\" >\n\t\t\t<div class=\"elementor-post__thumbnail\"><img loading=\"lazy\" decoding=\"async\" width=\"300\" height=\"127\" src=\"https:\/\/lavostrallar.com\/noticias\/wp-content\/uploads\/2025\/04\/Cumple_Terrassa-300x127.jpg\" class=\"attachment-medium size-medium wp-image-34578\" alt=\"Residencias especializadas en Alzheimer\" srcset=\"https:\/\/lavostrallar.com\/noticias\/wp-content\/uploads\/2025\/04\/Cumple_Terrassa-300x127.jpg 300w, https:\/\/lavostrallar.com\/noticias\/wp-content\/uploads\/2025\/04\/Cumple_Terrassa-1024x433.jpg 1024w, https:\/\/lavostrallar.com\/noticias\/wp-content\/uploads\/2025\/04\/Cumple_Terrassa-768x324.jpg 768w, https:\/\/lavostrallar.com\/noticias\/wp-content\/uploads\/2025\/04\/Cumple_Terrassa-1536x649.jpg 1536w, https:\/\/lavostrallar.com\/noticias\/wp-content\/uploads\/2025\/04\/Cumple_Terrassa-18x8.jpg 18w, https:\/\/lavostrallar.com\/noticias\/wp-content\/uploads\/2025\/04\/Cumple_Terrassa.jpg 1600w\" sizes=\"(max-width: 300px) 100vw, 300px\" \/><\/div>\n\t\t<\/a>\n\t\t\t\t<div class=\"elementor-post__text\">\n\t\t\t\t<h3 class=\"elementor-post__title\">\n\t\t\t<a href=\"https:\/\/lavostrallar.com\/noticias\/residencias-especializadas-en-alzheimer-como-elegirla\/\" >\n\t\t\t\tResidencias especializadas en Alzheimer: c\u00f3mo elegirla\t\t\t<\/a>\n\t\t<\/h3>\n\t\t\t\t<div class=\"elementor-post__excerpt\">\n\t\t\t<p>El diagn\u00f3stico de Alzheimer cambia la vida de toda la familia. Cuando el cuidado en el domicilio se vuelve complejo, buscar residencias especializadas en Alzheimer<\/p>\n\t\t<\/div>\n\t\t\n\t\t<a class=\"elementor-post__read-more\" href=\"https:\/\/lavostrallar.com\/noticias\/residencias-especializadas-en-alzheimer-como-elegirla\/\" aria-label=\"M\u00e1s informaci\u00f3n sobre Residencias especializadas en Alzheimer: c\u00f3mo elegirla\" tabindex=\"-1\" >\n\t\t\tleer m\u00e1s\t\t<\/a>\n\n\t\t\t\t<\/div>\n\t\t\t\t<\/article>\n\t\t\t\t<article class=\"elementor-post elementor-grid-item post-35230 post type-post status-publish format-standard has-post-thumbnail hentry category-alzheimer category-noticias-blanes category-noticias-clot category-noticias-esplugues category-noticias-gracia category-noticias-la-marina category-noticias-la-rambla category-noticias-les-dalies category-noticias-les-oliveres category-noticias-mataro category-noticias-guell category-noticias-reig category-noticias-terrassa category-residencia-ancianos tag-actividades-para-mayores tag-atencion-centrada-en-la-persona tag-catalan tag-compromiso-social tag-residencias-de-ancianos tag-salud-y-envejecimiento-activo tag-talleres\" role=\"listitem\">\n\t\t\t\t<a class=\"elementor-post__thumbnail__link\" href=\"https:\/\/lavostrallar.com\/noticias\/que-es-el-alzheimer-causas-fases-y-cuidados\/\" tabindex=\"-1\" >\n\t\t\t<div class=\"elementor-post__thumbnail\"><img loading=\"lazy\" decoding=\"async\" width=\"300\" height=\"200\" src=\"https:\/\/lavostrallar.com\/noticias\/wp-content\/uploads\/2025\/01\/17-300x200.jpg\" class=\"attachment-medium size-medium wp-image-34179\" alt=\"Cuidado especializado para personas mayores con Parkinson en residencias y centros de d\u00eda de La Vostra Llar\" srcset=\"https:\/\/lavostrallar.com\/noticias\/wp-content\/uploads\/2025\/01\/17-300x200.jpg 300w, https:\/\/lavostrallar.com\/noticias\/wp-content\/uploads\/2025\/01\/17-1024x683.jpg 1024w, https:\/\/lavostrallar.com\/noticias\/wp-content\/uploads\/2025\/01\/17-768x512.jpg 768w, https:\/\/lavostrallar.com\/noticias\/wp-content\/uploads\/2025\/01\/17-18x12.jpg 18w, https:\/\/lavostrallar.com\/noticias\/wp-content\/uploads\/2025\/01\/17.jpg 1134w\" sizes=\"(max-width: 300px) 100vw, 300px\" \/><\/div>\n\t\t<\/a>\n\t\t\t\t<div class=\"elementor-post__text\">\n\t\t\t\t<h3 class=\"elementor-post__title\">\n\t\t\t<a href=\"https:\/\/lavostrallar.com\/noticias\/que-es-el-alzheimer-causas-fases-y-cuidados\/\" >\n\t\t\t\tQu\u00e9 es el Alzheimer y por qu\u00e9 se produce\t\t\t<\/a>\n\t\t<\/h3>\n\t\t\t\t<div class=\"elementor-post__excerpt\">\n\t\t\t<p>El Alzheimer es una enfermedad neurodegenerativa progresiva que afecta principalmente a personas mayores, causando deterioro de la memoria, el pensamiento y la conducta. Es la<\/p>\n\t\t<\/div>\n\t\t\n\t\t<a class=\"elementor-post__read-more\" href=\"https:\/\/lavostrallar.com\/noticias\/que-es-el-alzheimer-causas-fases-y-cuidados\/\" aria-label=\"M\u00e1s informaci\u00f3n sobre Qu\u00e9 es el Alzheimer y por qu\u00e9 se produce\" tabindex=\"-1\" >\n\t\t\tleer m\u00e1s\t\t<\/a>\n\n\t\t\t\t<\/div>\n\t\t\t\t<\/article>\n\t\t\t\t<article class=\"elementor-post elementor-grid-item post-35185 post type-post status-publish format-standard has-post-thumbnail hentry category-alzheimer tag-atencion-centrada-en-la-persona tag-residencias-de-ancianos tag-salud-y-envejecimiento-activo tag-terapia\" role=\"listitem\">\n\t\t\t\t<a class=\"elementor-post__thumbnail__link\" href=\"https:\/\/lavostrallar.com\/noticias\/alzheimer-vs-demencia-en-que-se-diferencian\/\" tabindex=\"-1\" >\n\t\t\t<div class=\"elementor-post__thumbnail\"><img loading=\"lazy\" decoding=\"async\" width=\"300\" height=\"241\" src=\"https:\/\/lavostrallar.com\/noticias\/wp-content\/uploads\/2024\/12\/sagrada-familia-1-300x241.jpg\" class=\"attachment-medium size-medium wp-image-34044\" alt=\"Alzheimer vs demencia\" srcset=\"https:\/\/lavostrallar.com\/noticias\/wp-content\/uploads\/2024\/12\/sagrada-familia-1-300x241.jpg 300w, https:\/\/lavostrallar.com\/noticias\/wp-content\/uploads\/2024\/12\/sagrada-familia-1-1024x822.jpg 1024w, https:\/\/lavostrallar.com\/noticias\/wp-content\/uploads\/2024\/12\/sagrada-familia-1-768x617.jpg 768w, https:\/\/lavostrallar.com\/noticias\/wp-content\/uploads\/2024\/12\/sagrada-familia-1-1536x1233.jpg 1536w, https:\/\/lavostrallar.com\/noticias\/wp-content\/uploads\/2024\/12\/sagrada-familia-1-scaled.jpg 2048w, https:\/\/lavostrallar.com\/noticias\/wp-content\/uploads\/2024\/12\/sagrada-familia-1-15x12.jpg 15w\" sizes=\"(max-width: 300px) 100vw, 300px\" \/><\/div>\n\t\t<\/a>\n\t\t\t\t<div class=\"elementor-post__text\">\n\t\t\t\t<h3 class=\"elementor-post__title\">\n\t\t\t<a href=\"https:\/\/lavostrallar.com\/noticias\/alzheimer-vs-demencia-en-que-se-diferencian\/\" >\n\t\t\t\tAlzheimer vs demencia: en qu\u00e9 se diferencian realmente\t\t\t<\/a>\n\t\t<\/h3>\n\t\t\t\t<div class=\"elementor-post__excerpt\">\n\t\t\t<p>Cuando hablamos de p\u00e9rdida de memoria o deterioro cognitivo, es habitual que los t\u00e9rminos Alzheimer y demencia se utilicen como sin\u00f3nimos. Sin embargo, aunque est\u00e1n<\/p>\n\t\t<\/div>\n\t\t\n\t\t<a class=\"elementor-post__read-more\" href=\"https:\/\/lavostrallar.com\/noticias\/alzheimer-vs-demencia-en-que-se-diferencian\/\" aria-label=\"M\u00e1s informaci\u00f3n sobre Alzheimer vs demencia: en qu\u00e9 se diferencian realmente\" tabindex=\"-1\" >\n\t\t\tleer m\u00e1s\t\t<\/a>\n\n\t\t\t\t<\/div>\n\t\t\t\t<\/article>\n\t\t\t\t<article class=\"elementor-post elementor-grid-item post-35108 post type-post status-publish format-standard has-post-thumbnail hentry category-alzheimer category-destacado category-noticias-blanes category-noticias-clot category-noticias-esplugues category-noticias-gracia category-noticias-la-marina category-noticias-la-rambla category-noticias-les-dalies category-noticias-les-oliveres category-noticias-mataro category-noticias-guell category-noticias-reig category-noticias-terrassa category-uncategorized tag-actividades-para-mayores tag-atencion-centrada-en-la-persona tag-educacion-artistica tag-residencias-de-ancianos tag-salud-y-envejecimiento-activo\" role=\"listitem\">\n\t\t\t\t<a class=\"elementor-post__thumbnail__link\" href=\"https:\/\/lavostrallar.com\/noticias\/es-bueno-cambiar-de-casa-persona-con-alzheimer\/\" tabindex=\"-1\" >\n\t\t\t<div class=\"elementor-post__thumbnail\"><img loading=\"lazy\" decoding=\"async\" width=\"300\" height=\"200\" src=\"https:\/\/lavostrallar.com\/noticias\/wp-content\/uploads\/2025\/06\/como-elegir-la-mejor-residencia-para-una-persona-mayor-300x200.webp\" class=\"attachment-medium size-medium wp-image-34825\" alt=\"Mujer mayor haciendo actividades musicales en la residencia de ancianos La Vostra Llar\" srcset=\"https:\/\/lavostrallar.com\/noticias\/wp-content\/uploads\/2025\/06\/como-elegir-la-mejor-residencia-para-una-persona-mayor-300x200.webp 300w, https:\/\/lavostrallar.com\/noticias\/wp-content\/uploads\/2025\/06\/como-elegir-la-mejor-residencia-para-una-persona-mayor-768x512.webp 768w, https:\/\/lavostrallar.com\/noticias\/wp-content\/uploads\/2025\/06\/como-elegir-la-mejor-residencia-para-una-persona-mayor-18x12.webp 18w, https:\/\/lavostrallar.com\/noticias\/wp-content\/uploads\/2025\/06\/como-elegir-la-mejor-residencia-para-una-persona-mayor.webp 1024w\" sizes=\"(max-width: 300px) 100vw, 300px\" \/><\/div>\n\t\t<\/a>\n\t\t\t\t<div class=\"elementor-post__text\">\n\t\t\t\t<h3 class=\"elementor-post__title\">\n\t\t\t<a href=\"https:\/\/lavostrallar.com\/noticias\/es-bueno-cambiar-de-casa-persona-con-alzheimer\/\" >\n\t\t\t\tDescubre si es bueno cambiar de casa a una persona con Alzheimer\t\t\t<\/a>\n\t\t<\/h3>\n\t\t\t\t<div class=\"elementor-post__excerpt\">\n\t\t\t<p>Descubre si es bueno cambiar de casa a una persona con Alzheimer C\u00f3mo afectan las rutinas y el entorno a una persona con Alzheimer \u00bfEs<\/p>\n\t\t<\/div>\n\t\t\n\t\t<a class=\"elementor-post__read-more\" href=\"https:\/\/lavostrallar.com\/noticias\/es-bueno-cambiar-de-casa-persona-con-alzheimer\/\" aria-label=\"M\u00e1s informaci\u00f3n sobre Descubre si es bueno cambiar de casa a una persona con Alzheimer\" tabindex=\"-1\" >\n\t\t\tleer m\u00e1s\t\t<\/a>\n\n\t\t\t\t<\/div>\n\t\t\t\t<\/article>\n\t\t\t\t<\/div>\n\t\t\t\t\t<span class=\"e-load-more-spinner\">\n\t\t\t\t<i aria-hidden=\"true\" class=\"fas fa-spinner\"><\/i>\t\t\t<\/span>\n\t\t\n\t\t\t\t<div class=\"e-load-more-anchor\" data-page=\"1\" data-max-page=\"2\" data-next-page=\"https:\/\/lavostrallar.com\/noticias\/wp-json\/wp\/v2\/pages\/34983\/page\/2\/\"><\/div>\n\t\t\t\t<div class=\"elementor-button-wrapper\">\n\t\t\t<a class=\"elementor-button elementor-size-sm\" role=\"button\">\n\t\t\t\t\t\t<span class=\"elementor-button-content-wrapper\">\n\t\t\t\t\t\t\t\t\t<span class=\"elementor-button-text\">Ver m\u00e1s<\/span>\n\t\t\t\t\t<\/span>\n\t\t\t\t\t<\/a>\n\t\t<\/div>\n\t\t\t\t<div class=\"e-load-more-message\"><\/div>\n\t\t\t\t\t\t<\/div>\n\t\t\t\t<\/div>\n\t\t\t\t\t<\/div>\n\t\t<\/div>\n\t\t\t\t<div class=\"elementor-column elementor-col-33 elementor-top-column elementor-element elementor-element-1eca2cb\" data-id=\"1eca2cb\" data-element_type=\"column\" data-e-type=\"column\">\n\t\t\t<div class=\"elementor-widget-wrap elementor-element-populated\">\n\t\t\t\t\t\t<div class=\"elementor-element elementor-element-1f69eb0 elementor-widget elementor-widget-template\" data-id=\"1f69eb0\" data-element_type=\"widget\" data-e-type=\"widget\" data-widget_type=\"template.default\">\n\t\t\t\t<div class=\"elementor-widget-container\">\n\t\t\t\t\t\t\t<div class=\"elementor-template\">\n\t\t\t\t\t<div data-elementor-type=\"section\" data-elementor-id=\"32954\" class=\"elementor elementor-32954\" data-elementor-post-type=\"elementor_library\">\n\t\t\t\t\t<section class=\"elementor-section elementor-inner-section elementor-element elementor-element-62754e8d elementor-section-boxed elementor-section-height-default elementor-section-height-default\" data-id=\"62754e8d\" data-element_type=\"section\" data-e-type=\"section\">\n\t\t\t\t\t\t<div class=\"elementor-container elementor-column-gap-default\">\n\t\t\t\t\t<div class=\"elementor-column elementor-col-100 elementor-inner-column elementor-element elementor-element-18252520\" data-id=\"18252520\" data-element_type=\"column\" data-e-type=\"column\">\n\t\t\t<div class=\"elementor-widget-wrap elementor-element-populated\">\n\t\t\t\t\t\t<div class=\"elementor-element elementor-element-3e76185 elementor-hidden-mobile elementor-search-form--skin-classic elementor-search-form--button-type-icon elementor-search-form--icon-search elementor-widget elementor-widget-search-form\" data-id=\"3e76185\" data-element_type=\"widget\" data-e-type=\"widget\" data-settings=\"{&quot;skin&quot;:&quot;classic&quot;}\" data-widget_type=\"search-form.default\">\n\t\t\t\t<div class=\"elementor-widget-container\">\n\t\t\t\t\t\t\t<search role=\"search\">\n\t\t\t<form class=\"elementor-search-form\" action=\"https:\/\/lavostrallar.com\/noticias\" method=\"get\">\n\t\t\t\t\t\t\t\t\t\t\t\t<div class=\"elementor-search-form__container\">\n\t\t\t\t\t<label class=\"elementor-screen-only\" for=\"elementor-search-form-3e76185\">Buscar<\/label>\n\n\t\t\t\t\t\n\t\t\t\t\t<input id=\"elementor-search-form-3e76185\" placeholder=\"Buscar\" class=\"elementor-search-form__input\" type=\"search\" name=\"s\" value=\"\">\n\t\t\t\t\t\n\t\t\t\t\t\t\t\t\t\t\t<button class=\"elementor-search-form__submit\" type=\"submit\" aria-label=\"Buscar\">\n\t\t\t\t\t\t\t\t\t\t\t\t\t\t\t<i aria-hidden=\"true\" class=\"fas fa-search\"><\/i>\t\t\t\t\t\t\t\t\t\t\t\t\t<\/button>\n\t\t\t\t\t\n\t\t\t\t\t\t\t\t\t<\/div>\n\t\t\t<\/form>\n\t\t<\/search>\n\t\t\t\t\t\t<\/div>\n\t\t\t\t<\/div>\n\t\t\t\t<div class=\"elementor-element elementor-element-848f4cf elementor-widget elementor-widget-heading\" data-id=\"848f4cf\" data-element_type=\"widget\" data-e-type=\"widget\" data-widget_type=\"heading.default\">\n\t\t\t\t<div class=\"elementor-widget-container\">\n\t\t\t\t\t<h2 class=\"elementor-heading-title elementor-size-default\">Categor\u00edas<\/h2>\t\t\t\t<\/div>\n\t\t\t\t<\/div>\n\t\t\t\t<div class=\"elementor-element elementor-element-401b9f28 elementor-nav-menu--dropdown-none elementor-widget elementor-widget-nav-menu\" data-id=\"401b9f28\" data-element_type=\"widget\" data-e-type=\"widget\" data-settings=\"{&quot;layout&quot;:&quot;vertical&quot;,&quot;submenu_icon&quot;:{&quot;value&quot;:&quot;&lt;i class=\\&quot;fas fa-circle\\&quot; aria-hidden=\\&quot;true\\&quot;&gt;&lt;\\\/i&gt;&quot;,&quot;library&quot;:&quot;fa-solid&quot;}}\" data-widget_type=\"nav-menu.default\">\n\t\t\t\t<div class=\"elementor-widget-container\">\n\t\t\t\t\t\t\t\t<nav aria-label=\"Men\u00fa\" class=\"elementor-nav-menu--main elementor-nav-menu__container elementor-nav-menu--layout-vertical e--pointer-none\">\n\t\t\t\t<ul id=\"menu-1-401b9f28\" class=\"elementor-nav-menu sm-vertical\"><li class=\"menu-item menu-item-type-post_type menu-item-object-page menu-item-32946\"><a href=\"https:\/\/lavostrallar.com\/noticias\/residencia-noticias-terrassa\/\" class=\"elementor-item\">Noticias Terrassa<\/a><\/li>\n<li class=\"menu-item menu-item-type-post_type menu-item-object-page menu-item-32945\"><a href=\"https:\/\/lavostrallar.com\/noticias\/residencia-noticias-reig\/\" class=\"elementor-item\">Noticias Reig<\/a><\/li>\n<li class=\"menu-item menu-item-type-post_type menu-item-object-page menu-item-32944\"><a href=\"https:\/\/lavostrallar.com\/noticias\/residencias-noticias-parc-guell\/\" class=\"elementor-item\">Noticias Parc G\u00fcell<\/a><\/li>\n<li class=\"menu-item menu-item-type-post_type menu-item-object-page menu-item-32943\"><a href=\"https:\/\/lavostrallar.com\/noticias\/residencia-noticias-mataro\/\" class=\"elementor-item\">Noticias Matar\u00f3<\/a><\/li>\n<li class=\"menu-item menu-item-type-post_type menu-item-object-page menu-item-32942\"><a href=\"https:\/\/lavostrallar.com\/noticias\/residencia-noticias-les-oliveres\/\" class=\"elementor-item\">Noticias Les Oliveres<\/a><\/li>\n<li class=\"menu-item menu-item-type-post_type menu-item-object-page menu-item-32941\"><a href=\"https:\/\/lavostrallar.com\/noticias\/residencia-noticias-les-dalies\/\" class=\"elementor-item\">Noticias Les D\u00e0lies<\/a><\/li>\n<li class=\"menu-item menu-item-type-post_type menu-item-object-page menu-item-32939\"><a href=\"https:\/\/lavostrallar.com\/noticias\/residencia-noticias-la-marina\/\" class=\"elementor-item\">Noticias La Marina<\/a><\/li>\n<li class=\"menu-item menu-item-type-post_type menu-item-object-page menu-item-32940\"><a href=\"https:\/\/lavostrallar.com\/noticias\/residencia-noticias-la-rambla\/\" class=\"elementor-item\">Noticias La Rambla<\/a><\/li>\n<li class=\"menu-item menu-item-type-post_type menu-item-object-page menu-item-32938\"><a href=\"https:\/\/lavostrallar.com\/noticias\/residencia-noticias-gracia\/\" class=\"elementor-item\">Noticias Gr\u00e0cia<\/a><\/li>\n<li class=\"menu-item menu-item-type-post_type menu-item-object-page menu-item-32935\"><a href=\"https:\/\/lavostrallar.com\/noticias\/residencia-noticias-blanes\/\" class=\"elementor-item\">Noticias Blanes<\/a><\/li>\n<li class=\"menu-item menu-item-type-post_type menu-item-object-page menu-item-32936\"><a href=\"https:\/\/lavostrallar.com\/noticias\/residencia-noticias-clot\/\" class=\"elementor-item\">Noticias Clot<\/a><\/li>\n<li class=\"menu-item menu-item-type-post_type menu-item-object-page menu-item-32937\"><a href=\"https:\/\/lavostrallar.com\/noticias\/residencia-noticias-esplugues\/\" class=\"elementor-item\">Noticias Esplugues<\/a><\/li>\n<li class=\"menu-item menu-item-type-custom menu-item-object-custom menu-item-32947\"><a href=\"https:\/\/lavostrallar.com\/noticias\/menus-de-las-residencias\/\" class=\"elementor-item\">Men\u00fas de las residencias<\/a><\/li>\n<li class=\"menu-item menu-item-type-post_type menu-item-object-page menu-item-34996\"><a href=\"https:\/\/lavostrallar.com\/noticias\/financiacion\/\" class=\"elementor-item\">Financiaci\u00f3n<\/a><\/li>\n<li class=\"menu-item menu-item-type-post_type menu-item-object-page menu-item-34997\"><a href=\"https:\/\/lavostrallar.com\/noticias\/alzheimer\/\" class=\"elementor-item\">Alzheimer<\/a><\/li>\n<\/ul>\t\t\t<\/nav>\n\t\t\t\t\t\t<nav class=\"elementor-nav-menu--dropdown elementor-nav-menu__container\" aria-hidden=\"true\">\n\t\t\t\t<ul id=\"menu-2-401b9f28\" class=\"elementor-nav-menu sm-vertical\"><li class=\"menu-item menu-item-type-post_type menu-item-object-page menu-item-32946\"><a href=\"https:\/\/lavostrallar.com\/noticias\/residencia-noticias-terrassa\/\" class=\"elementor-item\" tabindex=\"-1\">Noticias Terrassa<\/a><\/li>\n<li class=\"menu-item menu-item-type-post_type menu-item-object-page menu-item-32945\"><a href=\"https:\/\/lavostrallar.com\/noticias\/residencia-noticias-reig\/\" class=\"elementor-item\" tabindex=\"-1\">Noticias Reig<\/a><\/li>\n<li class=\"menu-item menu-item-type-post_type menu-item-object-page menu-item-32944\"><a href=\"https:\/\/lavostrallar.com\/noticias\/residencias-noticias-parc-guell\/\" class=\"elementor-item\" tabindex=\"-1\">Noticias Parc G\u00fcell<\/a><\/li>\n<li class=\"menu-item menu-item-type-post_type menu-item-object-page menu-item-32943\"><a href=\"https:\/\/lavostrallar.com\/noticias\/residencia-noticias-mataro\/\" class=\"elementor-item\" tabindex=\"-1\">Noticias Matar\u00f3<\/a><\/li>\n<li class=\"menu-item menu-item-type-post_type menu-item-object-page menu-item-32942\"><a href=\"https:\/\/lavostrallar.com\/noticias\/residencia-noticias-les-oliveres\/\" class=\"elementor-item\" tabindex=\"-1\">Noticias Les Oliveres<\/a><\/li>\n<li class=\"menu-item menu-item-type-post_type menu-item-object-page menu-item-32941\"><a href=\"https:\/\/lavostrallar.com\/noticias\/residencia-noticias-les-dalies\/\" class=\"elementor-item\" tabindex=\"-1\">Noticias Les D\u00e0lies<\/a><\/li>\n<li class=\"menu-item menu-item-type-post_type menu-item-object-page menu-item-32939\"><a href=\"https:\/\/lavostrallar.com\/noticias\/residencia-noticias-la-marina\/\" class=\"elementor-item\" tabindex=\"-1\">Noticias La Marina<\/a><\/li>\n<li class=\"menu-item menu-item-type-post_type menu-item-object-page menu-item-32940\"><a href=\"https:\/\/lavostrallar.com\/noticias\/residencia-noticias-la-rambla\/\" class=\"elementor-item\" tabindex=\"-1\">Noticias La Rambla<\/a><\/li>\n<li class=\"menu-item menu-item-type-post_type menu-item-object-page menu-item-32938\"><a href=\"https:\/\/lavostrallar.com\/noticias\/residencia-noticias-gracia\/\" class=\"elementor-item\" tabindex=\"-1\">Noticias Gr\u00e0cia<\/a><\/li>\n<li class=\"menu-item menu-item-type-post_type menu-item-object-page menu-item-32935\"><a href=\"https:\/\/lavostrallar.com\/noticias\/residencia-noticias-blanes\/\" class=\"elementor-item\" tabindex=\"-1\">Noticias Blanes<\/a><\/li>\n<li class=\"menu-item menu-item-type-post_type menu-item-object-page menu-item-32936\"><a href=\"https:\/\/lavostrallar.com\/noticias\/residencia-noticias-clot\/\" class=\"elementor-item\" tabindex=\"-1\">Noticias Clot<\/a><\/li>\n<li class=\"menu-item menu-item-type-post_type menu-item-object-page menu-item-32937\"><a href=\"https:\/\/lavostrallar.com\/noticias\/residencia-noticias-esplugues\/\" class=\"elementor-item\" tabindex=\"-1\">Noticias Esplugues<\/a><\/li>\n<li class=\"menu-item menu-item-type-custom menu-item-object-custom menu-item-32947\"><a href=\"https:\/\/lavostrallar.com\/noticias\/menus-de-las-residencias\/\" class=\"elementor-item\" tabindex=\"-1\">Men\u00fas de las residencias<\/a><\/li>\n<li class=\"menu-item menu-item-type-post_type menu-item-object-page menu-item-34996\"><a href=\"https:\/\/lavostrallar.com\/noticias\/financiacion\/\" class=\"elementor-item\" tabindex=\"-1\">Financiaci\u00f3n<\/a><\/li>\n<li class=\"menu-item menu-item-type-post_type menu-item-object-page menu-item-34997\"><a href=\"https:\/\/lavostrallar.com\/noticias\/alzheimer\/\" class=\"elementor-item\" tabindex=\"-1\">Alzheimer<\/a><\/li>\n<\/ul>\t\t\t<\/nav>\n\t\t\t\t\t\t<\/div>\n\t\t\t\t<\/div>\n\t\t\t\t\t<\/div>\n\t\t<\/div>\n\t\t\t\t\t<\/div>\n\t\t<\/section>\n\t\t\t\t<\/div>\n\t\t\t\t<\/div>\n\t\t\t\t\t\t<\/div>\n\t\t\t\t<\/div>\n\t\t\t\t\t<\/div>\n\t\t<\/div>\n\t\t\t\t\t<\/div>\n\t\t<\/section>\n\t\t\t\t<\/div>\n\t\t","protected":false},"excerpt":{"rendered":"<p>Alzheimer<\/p>\n","protected":false},"author":1,"featured_media":0,"parent":0,"menu_order":0,"comment_status":"closed","ping_status":"closed","template":"elementor_header_footer","meta":{"content-type":"","footnotes":""},"class_list":["post-34983","page","type-page","status-publish","hentry"],"yoast_head":"<!-- This site is optimized with the Yoast SEO plugin v27.6 - https:\/\/yoast.com\/product\/yoast-seo-wordpress\/ -->\n<title>Alzheimer - Noticias La Vostra Llar<\/title>\n<meta name=\"description\" content=\"Todas las noticias, fotos e informacion sobre residencias de ancianos, servicios que prestan sobre alzheimer.\" \/>\n<meta name=\"robots\" content=\"index, follow, max-snippet:-1, max-image-preview:large, max-video-preview:-1\" \/>\n<link rel=\"canonical\" href=\"https:\/\/lavostrallar.com\/noticias\/alzheimer\/\" \/>\n<meta property=\"og:locale\" content=\"es_ES\" \/>\n<meta property=\"og:type\" content=\"article\" \/>\n<meta property=\"og:title\" content=\"Alzheimer - Noticias La Vostra Llar\" \/>\n<meta property=\"og:description\" content=\"Todas las noticias, fotos e informacion sobre residencias de ancianos, servicios que prestan sobre alzheimer.\" \/>\n<meta property=\"og:url\" content=\"https:\/\/lavostrallar.com\/noticias\/alzheimer\/\" \/>\n<meta property=\"og:site_name\" content=\"Noticias La Vostra Llar\" \/>\n<meta property=\"article:publisher\" content=\"https:\/\/www.facebook.com\/lavostra.llar\" \/>\n<meta property=\"article:modified_time\" content=\"2026-04-20T14:19:25+00:00\" \/>\n<meta name=\"twitter:card\" content=\"summary_large_image\" \/>\n<meta name=\"twitter:site\" content=\"@lavostrallar\" \/>\n<meta name=\"twitter:label1\" content=\"Tiempo de lectura\" \/>\n\t<meta name=\"twitter:data1\" content=\"17 minutos\" \/>\n<script type=\"application\/ld+json\" class=\"yoast-schema-graph\">{\"@context\":\"https:\\\/\\\/schema.org\",\"@graph\":[{\"@type\":\"WebPage\",\"@id\":\"https:\\\/\\\/lavostrallar.com\\\/noticias\\\/alzheimer\\\/\",\"url\":\"https:\\\/\\\/lavostrallar.com\\\/noticias\\\/alzheimer\\\/\",\"name\":\"Alzheimer - Noticias La Vostra Llar\",\"isPartOf\":{\"@id\":\"https:\\\/\\\/lavostrallar.com\\\/noticias\\\/#website\"},\"datePublished\":\"2025-09-01T13:58:00+00:00\",\"dateModified\":\"2026-04-20T14:19:25+00:00\",\"description\":\"Todas las noticias, fotos e informacion sobre residencias de ancianos, servicios que prestan sobre alzheimer.\",\"breadcrumb\":{\"@id\":\"https:\\\/\\\/lavostrallar.com\\\/noticias\\\/alzheimer\\\/#breadcrumb\"},\"inLanguage\":\"es\",\"potentialAction\":[{\"@type\":\"ReadAction\",\"target\":[\"https:\\\/\\\/lavostrallar.com\\\/noticias\\\/alzheimer\\\/\"]}]},{\"@type\":\"BreadcrumbList\",\"@id\":\"https:\\\/\\\/lavostrallar.com\\\/noticias\\\/alzheimer\\\/#breadcrumb\",\"itemListElement\":[{\"@type\":\"ListItem\",\"position\":1,\"name\":\"Portada\",\"item\":\"https:\\\/\\\/lavostrallar.com\\\/noticias\\\/\"},{\"@type\":\"ListItem\",\"position\":2,\"name\":\"Alzheimer\"}]},{\"@type\":\"WebSite\",\"@id\":\"https:\\\/\\\/lavostrallar.com\\\/noticias\\\/#website\",\"url\":\"https:\\\/\\\/lavostrallar.com\\\/noticias\\\/\",\"name\":\"La Vostra Llar\",\"description\":\"La Vostra Llar gestiona resid\u00e8ncies geri\u00e0triques des de 1987 amb la missi\u00f3 d\u2019oferir assist\u00e8ncia personalitzada per estimular, acollir i atendre les persones grans amb qualsevol grau de depend\u00e8ncia.\",\"publisher\":{\"@id\":\"https:\\\/\\\/lavostrallar.com\\\/noticias\\\/#organization\"},\"potentialAction\":[{\"@type\":\"SearchAction\",\"target\":{\"@type\":\"EntryPoint\",\"urlTemplate\":\"https:\\\/\\\/lavostrallar.com\\\/noticias\\\/?s={search_term_string}\"},\"query-input\":{\"@type\":\"PropertyValueSpecification\",\"valueRequired\":true,\"valueName\":\"search_term_string\"}}],\"inLanguage\":\"es\"},{\"@type\":\"Organization\",\"@id\":\"https:\\\/\\\/lavostrallar.com\\\/noticias\\\/#organization\",\"name\":\"La Vostra Llar\",\"url\":\"https:\\\/\\\/lavostrallar.com\\\/noticias\\\/\",\"logo\":{\"@type\":\"ImageObject\",\"inLanguage\":\"es\",\"@id\":\"https:\\\/\\\/lavostrallar.com\\\/noticias\\\/#\\\/schema\\\/logo\\\/image\\\/\",\"url\":\"https:\\\/\\\/lavostrallar.com\\\/noticias\\\/wp-content\\\/uploads\\\/2021\\\/12\\\/logo_lavostrallar.png\",\"contentUrl\":\"https:\\\/\\\/lavostrallar.com\\\/noticias\\\/wp-content\\\/uploads\\\/2021\\\/12\\\/logo_lavostrallar.png\",\"width\":217,\"height\":109,\"caption\":\"La Vostra Llar\"},\"image\":{\"@id\":\"https:\\\/\\\/lavostrallar.com\\\/noticias\\\/#\\\/schema\\\/logo\\\/image\\\/\"},\"sameAs\":[\"https:\\\/\\\/www.facebook.com\\\/lavostra.llar\",\"https:\\\/\\\/x.com\\\/lavostrallar\",\"https:\\\/\\\/www.instagram.com\\\/lavostrallar\\\/\"]}]}<\/script>\n<!-- \/ Yoast SEO plugin. -->","yoast_head_json":{"title":"Alzheimer - Noticias La Vostra Llar","description":"Todas las noticias, fotos e informacion sobre residencias de ancianos, servicios que prestan sobre alzheimer.","robots":{"index":"index","follow":"follow","max-snippet":"max-snippet:-1","max-image-preview":"max-image-preview:large","max-video-preview":"max-video-preview:-1"},"canonical":"https:\/\/lavostrallar.com\/noticias\/alzheimer\/","og_locale":"es_ES","og_type":"article","og_title":"Alzheimer - Noticias La Vostra Llar","og_description":"Todas las noticias, fotos e informacion sobre residencias de ancianos, servicios que prestan sobre alzheimer.","og_url":"https:\/\/lavostrallar.com\/noticias\/alzheimer\/","og_site_name":"Noticias La Vostra Llar","article_publisher":"https:\/\/www.facebook.com\/lavostra.llar","article_modified_time":"2026-04-20T14:19:25+00:00","twitter_card":"summary_large_image","twitter_site":"@lavostrallar","twitter_misc":{"Tiempo de lectura":"17 minutos"},"schema":{"@context":"https:\/\/schema.org","@graph":[{"@type":"WebPage","@id":"https:\/\/lavostrallar.com\/noticias\/alzheimer\/","url":"https:\/\/lavostrallar.com\/noticias\/alzheimer\/","name":"Alzheimer - Noticias La Vostra Llar","isPartOf":{"@id":"https:\/\/lavostrallar.com\/noticias\/#website"},"datePublished":"2025-09-01T13:58:00+00:00","dateModified":"2026-04-20T14:19:25+00:00","description":"Todas las noticias, fotos e informacion sobre residencias de ancianos, servicios que prestan sobre alzheimer.","breadcrumb":{"@id":"https:\/\/lavostrallar.com\/noticias\/alzheimer\/#breadcrumb"},"inLanguage":"es","potentialAction":[{"@type":"ReadAction","target":["https:\/\/lavostrallar.com\/noticias\/alzheimer\/"]}]},{"@type":"BreadcrumbList","@id":"https:\/\/lavostrallar.com\/noticias\/alzheimer\/#breadcrumb","itemListElement":[{"@type":"ListItem","position":1,"name":"Portada","item":"https:\/\/lavostrallar.com\/noticias\/"},{"@type":"ListItem","position":2,"name":"Alzheimer"}]},{"@type":"WebSite","@id":"https:\/\/lavostrallar.com\/noticias\/#website","url":"https:\/\/lavostrallar.com\/noticias\/","name":"La Vostra Llar","description":"La Vostra Llar gestiona resid\u00e8ncies geri\u00e0triques des de 1987 amb la missi\u00f3 d\u2019oferir assist\u00e8ncia personalitzada per estimular, acollir i atendre les persones grans amb qualsevol grau de depend\u00e8ncia.","publisher":{"@id":"https:\/\/lavostrallar.com\/noticias\/#organization"},"potentialAction":[{"@type":"SearchAction","target":{"@type":"EntryPoint","urlTemplate":"https:\/\/lavostrallar.com\/noticias\/?s={search_term_string}"},"query-input":{"@type":"PropertyValueSpecification","valueRequired":true,"valueName":"search_term_string"}}],"inLanguage":"es"},{"@type":"Organization","@id":"https:\/\/lavostrallar.com\/noticias\/#organization","name":"La Vostra Llar","url":"https:\/\/lavostrallar.com\/noticias\/","logo":{"@type":"ImageObject","inLanguage":"es","@id":"https:\/\/lavostrallar.com\/noticias\/#\/schema\/logo\/image\/","url":"https:\/\/lavostrallar.com\/noticias\/wp-content\/uploads\/2021\/12\/logo_lavostrallar.png","contentUrl":"https:\/\/lavostrallar.com\/noticias\/wp-content\/uploads\/2021\/12\/logo_lavostrallar.png","width":217,"height":109,"caption":"La Vostra Llar"},"image":{"@id":"https:\/\/lavostrallar.com\/noticias\/#\/schema\/logo\/image\/"},"sameAs":["https:\/\/www.facebook.com\/lavostra.llar","https:\/\/x.com\/lavostrallar","https:\/\/www.instagram.com\/lavostrallar\/"]}]}},"_links":{"self":[{"href":"https:\/\/lavostrallar.com\/noticias\/wp-json\/wp\/v2\/pages\/34983","targetHints":{"allow":["GET"]}}],"collection":[{"href":"https:\/\/lavostrallar.com\/noticias\/wp-json\/wp\/v2\/pages"}],"about":[{"href":"https:\/\/lavostrallar.com\/noticias\/wp-json\/wp\/v2\/types\/page"}],"author":[{"embeddable":true,"href":"https:\/\/lavostrallar.com\/noticias\/wp-json\/wp\/v2\/users\/1"}],"replies":[{"embeddable":true,"href":"https:\/\/lavostrallar.com\/noticias\/wp-json\/wp\/v2\/comments?post=34983"}],"version-history":[{"count":19,"href":"https:\/\/lavostrallar.com\/noticias\/wp-json\/wp\/v2\/pages\/34983\/revisions"}],"predecessor-version":[{"id":35246,"href":"https:\/\/lavostrallar.com\/noticias\/wp-json\/wp\/v2\/pages\/34983\/revisions\/35246"}],"wp:attachment":[{"href":"https:\/\/lavostrallar.com\/noticias\/wp-json\/wp\/v2\/media?parent=34983"}],"curies":[{"name":"wp","href":"https:\/\/api.w.org\/{rel}","templated":true}]}}